{"id":3236,"date":"2019-05-29T14:28:51","date_gmt":"2019-05-29T12:28:51","guid":{"rendered":"http:\/\/electro-strasbourg.eu\/blog\/?page_id=3236"},"modified":"2020-01-26T19:54:38","modified_gmt":"2020-01-26T18:54:38","slug":"auditions-du-27-28-mai-2019","status":"publish","type":"page","link":"https:\/\/electro-strasbourg.eu\/blog\/audiovideo-archives\/auditions-du-27-28-mai-2019\/","title":{"rendered":"Auditions du 27-28 mai 2019"},"content":{"rendered":"<h1>Les auditions du 27-28 mai 2019<\/h1>\n<p>fin du semestre\u00a02<\/p>\n<h4>Audition 1 le 27 mai \u00e0 18h<\/h4>\n<p>programme 1 : <a href=\"http:\/\/electro-strasbourg.eu\/blog\/wp-content\/uploads\/2020\/01\/Programme_2019_-audition1_semestre2.pdf\">Programme_2019_ audition1_semestre2<\/a><\/p>\n<h4>Audition 2 &amp; 3 le 28 mai \u00e0 16h et \u00e0 18h<\/h4>\n<p>programmes 2&amp;3 : <a href=\"http:\/\/electro-strasbourg.eu\/blog\/wp-content\/uploads\/2020\/01\/Programme_2019_-audition2_3_semestre2.pdf\">Programme_2019_ audition2_3_semestre2<\/a><\/p>\n<div class=\"tiled-gallery type-rectangular tiled-gallery-unresized\" data-original-width=\"474\" data-carousel-extra='{&quot;blog_id&quot;:1,&quot;permalink&quot;:&quot;https:\\\/\\\/electro-strasbourg.eu\\\/blog\\\/audiovideo-archives\\\/auditions-du-27-28-mai-2019\\\/&quot;,&quot;likes_blog_id&quot;:58232571}' itemscope itemtype=\"http:\/\/schema.org\/ImageGallery\" > <div class=\"gallery-row\" style=\"width: 474px; height: 229px;\" data-original-width=\"474\" data-original-height=\"229\" > <div class=\"gallery-group images-1\" style=\"width: 304px; height: 229px;\" data-original-width=\"304\" data-original-height=\"229\" > <div class=\"tiled-gallery-item tiled-gallery-item-large\" itemprop=\"associatedMedia\" itemscope itemtype=\"http:\/\/schema.org\/ImageObject\"> <a href=\"https:\/\/electro-strasbourg.eu\/blog\/2019\/05\/auditions-semestre-2-premier-jour\/img_9616\/\" border=\"0\" itemprop=\"url\"> <meta itemprop=\"width\" content=\"300\"> <meta itemprop=\"height\" content=\"225\"> <img decoding=\"async\" class=\"\" data-attachment-id=\"3139\" data-orig-file=\"https:\/\/electro-strasbourg.eu\/blog\/wp-content\/uploads\/2019\/05\/IMG_9616.jpeg\" data-orig-size=\"4032,3024\" data-comments-opened=\"\" data-image-meta=\"{&quot;aperture&quot;:&quot;1.8&quot;,&quot;credit&quot;:&quot;&quot;,&quot;camera&quot;:&quot;iPhone 8&quot;,&quot;caption&quot;:&quot;&quot;,&quot;created_timestamp&quot;:&quot;1558981118&quot;,&quot;copyright&quot;:&quot;&quot;,&quot;focal_length&quot;:&quot;3.99&quot;,&quot;iso&quot;:&quot;1600&quot;,&quot;shutter_speed&quot;:&quot;0.25&quot;,&quot;title&quot;:&quot;&quot;,&quot;orientation&quot;:&quot;1&quot;}\" data-image-title=\"IMG_9616\" data-image-description=\"\" data-medium-file=\"https:\/\/i0.wp.com\/electro-strasbourg.eu\/blog\/wp-content\/uploads\/2019\/05\/IMG_9616.jpeg?fit=300%2C225&#038;ssl=1\" data-large-file=\"https:\/\/i0.wp.com\/electro-strasbourg.eu\/blog\/wp-content\/uploads\/2019\/05\/IMG_9616.jpeg?fit=474%2C356&#038;ssl=1\" src=\"https:\/\/i0.wp.com\/electro-strasbourg.eu\/blog\/wp-content\/uploads\/2019\/05\/IMG_9616.jpeg?w=300&#038;h=225&#038;ssl=1\" srcset=\"https:\/\/i0.wp.com\/electro-strasbourg.eu\/blog\/wp-content\/uploads\/2019\/05\/IMG_9616.jpeg?w=4032&amp;ssl=1 4032w, https:\/\/i0.wp.com\/electro-strasbourg.eu\/blog\/wp-content\/uploads\/2019\/05\/IMG_9616.jpeg?resize=300%2C225&amp;ssl=1 300w, https:\/\/i0.wp.com\/electro-strasbourg.eu\/blog\/wp-content\/uploads\/2019\/05\/IMG_9616.jpeg?resize=768%2C576&amp;ssl=1 768w, https:\/\/i0.wp.com\/electro-strasbourg.eu\/blog\/wp-content\/uploads\/2019\/05\/IMG_9616.jpeg?resize=1024%2C768&amp;ssl=1 1024w, https:\/\/i0.wp.com\/electro-strasbourg.eu\/blog\/wp-content\/uploads\/2019\/05\/IMG_9616.jpeg?w=948 948w, https:\/\/i0.wp.com\/electro-strasbourg.eu\/blog\/wp-content\/uploads\/2019\/05\/IMG_9616.jpeg?w=1422 1422w\" width=\"300\" height=\"225\" loading=\"lazy\" data-original-width=\"300\" data-original-height=\"225\" itemprop=\"http:\/\/schema.org\/image\" title=\"IMG_9616\" alt=\"IMG_9616\" style=\"width: 300px; height: 225px;\" \/> <\/a> <\/div> <\/div> <!-- close group --> <div class=\"gallery-group images-2\" style=\"width: 170px; height: 229px;\" data-original-width=\"170\" data-original-height=\"229\" > <div class=\"tiled-gallery-item tiled-gallery-item-small\" itemprop=\"associatedMedia\" itemscope itemtype=\"http:\/\/schema.org\/ImageObject\"> <a href=\"https:\/\/electro-strasbourg.eu\/blog\/2019\/05\/auditions-semestre-2-premier-jour\/dsc_0131\/\" border=\"0\" itemprop=\"url\"> <meta itemprop=\"width\" content=\"166\"> <meta itemprop=\"height\" content=\"111\"> <img decoding=\"async\" class=\"\" data-attachment-id=\"3133\" data-orig-file=\"https:\/\/electro-strasbourg.eu\/blog\/wp-content\/uploads\/2019\/05\/DSC_0131.jpg\" data-orig-size=\"6000,4000\" data-comments-opened=\"\" data-image-meta=\"{&quot;aperture&quot;:&quot;5&quot;,&quot;credit&quot;:&quot;&quot;,&quot;camera&quot;:&quot;NIKON D5200&quot;,&quot;caption&quot;:&quot;&quot;,&quot;created_timestamp&quot;:&quot;1558985626&quot;,&quot;copyright&quot;:&quot;&quot;,&quot;focal_length&quot;:&quot;50&quot;,&quot;iso&quot;:&quot;3200&quot;,&quot;shutter_speed&quot;:&quot;0.04&quot;,&quot;title&quot;:&quot;&quot;,&quot;orientation&quot;:&quot;1&quot;}\" data-image-title=\"DSC_0131\" data-image-description=\"\" data-medium-file=\"https:\/\/i0.wp.com\/electro-strasbourg.eu\/blog\/wp-content\/uploads\/2019\/05\/DSC_0131.jpg?fit=300%2C200&#038;ssl=1\" data-large-file=\"https:\/\/i0.wp.com\/electro-strasbourg.eu\/blog\/wp-content\/uploads\/2019\/05\/DSC_0131.jpg?fit=474%2C316&#038;ssl=1\" src=\"https:\/\/i0.wp.com\/electro-strasbourg.eu\/blog\/wp-content\/uploads\/2019\/05\/DSC_0131.jpg?w=166&#038;h=111&#038;ssl=1\" srcset=\"https:\/\/i0.wp.com\/electro-strasbourg.eu\/blog\/wp-content\/uploads\/2019\/05\/DSC_0131.jpg?w=6000&amp;ssl=1 6000w, https:\/\/i0.wp.com\/electro-strasbourg.eu\/blog\/wp-content\/uploads\/2019\/05\/DSC_0131.jpg?resize=300%2C200&amp;ssl=1 300w, https:\/\/i0.wp.com\/electro-strasbourg.eu\/blog\/wp-content\/uploads\/2019\/05\/DSC_0131.jpg?resize=768%2C512&amp;ssl=1 768w, https:\/\/i0.wp.com\/electro-strasbourg.eu\/blog\/wp-content\/uploads\/2019\/05\/DSC_0131.jpg?resize=1024%2C683&amp;ssl=1 1024w, https:\/\/i0.wp.com\/electro-strasbourg.eu\/blog\/wp-content\/uploads\/2019\/05\/DSC_0131.jpg?w=948 948w, https:\/\/i0.wp.com\/electro-strasbourg.eu\/blog\/wp-content\/uploads\/2019\/05\/DSC_0131.jpg?w=1422 1422w\" width=\"166\" height=\"111\" loading=\"lazy\" data-original-width=\"166\" data-original-height=\"111\" itemprop=\"http:\/\/schema.org\/image\" title=\"DSC_0131\" alt=\"DSC_0131\" style=\"width: 166px; height: 111px;\" \/> <\/a> <\/div> <div class=\"tiled-gallery-item tiled-gallery-item-small\" itemprop=\"associatedMedia\" itemscope itemtype=\"http:\/\/schema.org\/ImageObject\"> <a href=\"https:\/\/electro-strasbourg.eu\/blog\/190528-audition-sem2-2-nik_0151-mod\/\" border=\"0\" itemprop=\"url\"> <meta itemprop=\"width\" content=\"166\"> <meta itemprop=\"height\" content=\"110\"> <img decoding=\"async\" class=\"\" data-attachment-id=\"3220\" data-orig-file=\"https:\/\/electro-strasbourg.eu\/blog\/wp-content\/uploads\/2019\/05\/190528-audition-sem2-2-Nik_0151-mod.jpg\" data-orig-size=\"6000,4000\" data-comments-opened=\"\" data-image-meta=\"{&quot;aperture&quot;:&quot;3.8&quot;,&quot;credit&quot;:&quot;&quot;,&quot;camera&quot;:&quot;NIKON D5200&quot;,&quot;caption&quot;:&quot;&quot;,&quot;created_timestamp&quot;:&quot;1559058404&quot;,&quot;copyright&quot;:&quot;&quot;,&quot;focal_length&quot;:&quot;21&quot;,&quot;iso&quot;:&quot;3200&quot;,&quot;shutter_speed&quot;:&quot;0.066666666666667&quot;,&quot;title&quot;:&quot;&quot;,&quot;orientation&quot;:&quot;1&quot;}\" data-image-title=\"190528-audition-sem2-2-Nik_0151-mod\" data-image-description=\"\" data-medium-file=\"https:\/\/i0.wp.com\/electro-strasbourg.eu\/blog\/wp-content\/uploads\/2019\/05\/190528-audition-sem2-2-Nik_0151-mod.jpg?fit=300%2C200&#038;ssl=1\" data-large-file=\"https:\/\/i0.wp.com\/electro-strasbourg.eu\/blog\/wp-content\/uploads\/2019\/05\/190528-audition-sem2-2-Nik_0151-mod.jpg?fit=474%2C316&#038;ssl=1\" src=\"https:\/\/i0.wp.com\/electro-strasbourg.eu\/blog\/wp-content\/uploads\/2019\/05\/190528-audition-sem2-2-Nik_0151-mod.jpg?w=166&#038;h=110&#038;ssl=1\" srcset=\"https:\/\/i0.wp.com\/electro-strasbourg.eu\/blog\/wp-content\/uploads\/2019\/05\/190528-audition-sem2-2-Nik_0151-mod.jpg?w=6000&amp;ssl=1 6000w, https:\/\/i0.wp.com\/electro-strasbourg.eu\/blog\/wp-content\/uploads\/2019\/05\/190528-audition-sem2-2-Nik_0151-mod.jpg?resize=300%2C200&amp;ssl=1 300w, https:\/\/i0.wp.com\/electro-strasbourg.eu\/blog\/wp-content\/uploads\/2019\/05\/190528-audition-sem2-2-Nik_0151-mod.jpg?resize=768%2C512&amp;ssl=1 768w, https:\/\/i0.wp.com\/electro-strasbourg.eu\/blog\/wp-content\/uploads\/2019\/05\/190528-audition-sem2-2-Nik_0151-mod.jpg?resize=1024%2C683&amp;ssl=1 1024w, https:\/\/i0.wp.com\/electro-strasbourg.eu\/blog\/wp-content\/uploads\/2019\/05\/190528-audition-sem2-2-Nik_0151-mod.jpg?w=948 948w, https:\/\/i0.wp.com\/electro-strasbourg.eu\/blog\/wp-content\/uploads\/2019\/05\/190528-audition-sem2-2-Nik_0151-mod.jpg?w=1422 1422w\" width=\"166\" height=\"110\" loading=\"lazy\" data-original-width=\"166\" data-original-height=\"110\" itemprop=\"http:\/\/schema.org\/image\" title=\"190528-audition-sem2-2-Nik_0151-mod\" alt=\"190528-audition-sem2-2-Nik_0151-mod\" style=\"width: 166px; height: 110px;\" \/> <\/a> <\/div> <\/div> <!-- close group --> <\/div> <!-- close row --> <div class=\"gallery-row\" style=\"width: 474px; height: 322px;\" data-original-width=\"474\" data-original-height=\"322\" > <div class=\"gallery-group images-2\" style=\"width: 232px; height: 322px;\" data-original-width=\"232\" data-original-height=\"322\" > <div class=\"tiled-gallery-item tiled-gallery-item-small\" itemprop=\"associatedMedia\" itemscope itemtype=\"http:\/\/schema.org\/ImageObject\"> <a href=\"https:\/\/electro-strasbourg.eu\/blog\/190528-audition-sem2-2-nik_0241-mod\/\" border=\"0\" itemprop=\"url\"> <meta itemprop=\"width\" content=\"228\"> <meta itemprop=\"height\" content=\"162\"> <img decoding=\"async\" class=\"\" data-attachment-id=\"3216\" data-orig-file=\"https:\/\/electro-strasbourg.eu\/blog\/wp-content\/uploads\/2019\/05\/190528-audition-sem2-2-Nik_0241-mod.jpg\" data-orig-size=\"4849,3452\" data-comments-opened=\"\" data-image-meta=\"{&quot;aperture&quot;:&quot;5.6&quot;,&quot;credit&quot;:&quot;&quot;,&quot;camera&quot;:&quot;NIKON D5200&quot;,&quot;caption&quot;:&quot;&quot;,&quot;created_timestamp&quot;:&quot;1559074215&quot;,&quot;copyright&quot;:&quot;&quot;,&quot;focal_length&quot;:&quot;85&quot;,&quot;iso&quot;:&quot;3200&quot;,&quot;shutter_speed&quot;:&quot;0.04&quot;,&quot;title&quot;:&quot;&quot;,&quot;orientation&quot;:&quot;1&quot;}\" data-image-title=\"190528-audition-sem2-2-Nik_0241-mod\" data-image-description=\"\" data-medium-file=\"https:\/\/i0.wp.com\/electro-strasbourg.eu\/blog\/wp-content\/uploads\/2019\/05\/190528-audition-sem2-2-Nik_0241-mod.jpg?fit=300%2C214&#038;ssl=1\" data-large-file=\"https:\/\/i0.wp.com\/electro-strasbourg.eu\/blog\/wp-content\/uploads\/2019\/05\/190528-audition-sem2-2-Nik_0241-mod.jpg?fit=474%2C337&#038;ssl=1\" src=\"https:\/\/i0.wp.com\/electro-strasbourg.eu\/blog\/wp-content\/uploads\/2019\/05\/190528-audition-sem2-2-Nik_0241-mod.jpg?w=228&#038;h=162&#038;ssl=1\" srcset=\"https:\/\/i0.wp.com\/electro-strasbourg.eu\/blog\/wp-content\/uploads\/2019\/05\/190528-audition-sem2-2-Nik_0241-mod.jpg?w=4849&amp;ssl=1 4849w, https:\/\/i0.wp.com\/electro-strasbourg.eu\/blog\/wp-content\/uploads\/2019\/05\/190528-audition-sem2-2-Nik_0241-mod.jpg?resize=300%2C214&amp;ssl=1 300w, https:\/\/i0.wp.com\/electro-strasbourg.eu\/blog\/wp-content\/uploads\/2019\/05\/190528-audition-sem2-2-Nik_0241-mod.jpg?resize=768%2C547&amp;ssl=1 768w, https:\/\/i0.wp.com\/electro-strasbourg.eu\/blog\/wp-content\/uploads\/2019\/05\/190528-audition-sem2-2-Nik_0241-mod.jpg?resize=1024%2C729&amp;ssl=1 1024w, https:\/\/i0.wp.com\/electro-strasbourg.eu\/blog\/wp-content\/uploads\/2019\/05\/190528-audition-sem2-2-Nik_0241-mod.jpg?w=948 948w, https:\/\/i0.wp.com\/electro-strasbourg.eu\/blog\/wp-content\/uploads\/2019\/05\/190528-audition-sem2-2-Nik_0241-mod.jpg?w=1422 1422w\" width=\"228\" height=\"162\" loading=\"lazy\" data-original-width=\"228\" data-original-height=\"162\" itemprop=\"http:\/\/schema.org\/image\" title=\"190528-audition-sem2-2-Nik_0241-mod\" alt=\"190528-audition-sem2-2-Nik_0241-mod\" style=\"width: 228px; height: 162px;\" \/> <\/a> <\/div> <div class=\"tiled-gallery-item tiled-gallery-item-small\" itemprop=\"associatedMedia\" itemscope itemtype=\"http:\/\/schema.org\/ImageObject\"> <a href=\"https:\/\/electro-strasbourg.eu\/blog\/190528-audition-sem2-2-nik_0220-mod\/\" border=\"0\" itemprop=\"url\"> <meta itemprop=\"width\" content=\"228\"> <meta itemprop=\"height\" content=\"152\"> <img decoding=\"async\" class=\"\" data-attachment-id=\"3233\" data-orig-file=\"https:\/\/electro-strasbourg.eu\/blog\/wp-content\/uploads\/2019\/05\/190528-audition-sem2-2-Nik_0220-mod.jpg\" data-orig-size=\"6000,4000\" data-comments-opened=\"\" data-image-meta=\"{&quot;aperture&quot;:&quot;3.8&quot;,&quot;credit&quot;:&quot;&quot;,&quot;camera&quot;:&quot;NIKON D5200&quot;,&quot;caption&quot;:&quot;&quot;,&quot;created_timestamp&quot;:&quot;1559070067&quot;,&quot;copyright&quot;:&quot;&quot;,&quot;focal_length&quot;:&quot;24&quot;,&quot;iso&quot;:&quot;3200&quot;,&quot;shutter_speed&quot;:&quot;0.016666666666667&quot;,&quot;title&quot;:&quot;&quot;,&quot;orientation&quot;:&quot;1&quot;}\" data-image-title=\"190528-audition-sem2-2-Nik_0220-mod\" data-image-description=\"\" data-medium-file=\"https:\/\/i0.wp.com\/electro-strasbourg.eu\/blog\/wp-content\/uploads\/2019\/05\/190528-audition-sem2-2-Nik_0220-mod.jpg?fit=300%2C200&#038;ssl=1\" data-large-file=\"https:\/\/i0.wp.com\/electro-strasbourg.eu\/blog\/wp-content\/uploads\/2019\/05\/190528-audition-sem2-2-Nik_0220-mod.jpg?fit=474%2C316&#038;ssl=1\" src=\"https:\/\/i0.wp.com\/electro-strasbourg.eu\/blog\/wp-content\/uploads\/2019\/05\/190528-audition-sem2-2-Nik_0220-mod.jpg?w=228&#038;h=152&#038;ssl=1\" srcset=\"https:\/\/i0.wp.com\/electro-strasbourg.eu\/blog\/wp-content\/uploads\/2019\/05\/190528-audition-sem2-2-Nik_0220-mod.jpg?w=6000&amp;ssl=1 6000w, https:\/\/i0.wp.com\/electro-strasbourg.eu\/blog\/wp-content\/uploads\/2019\/05\/190528-audition-sem2-2-Nik_0220-mod.jpg?resize=300%2C200&amp;ssl=1 300w, https:\/\/i0.wp.com\/electro-strasbourg.eu\/blog\/wp-content\/uploads\/2019\/05\/190528-audition-sem2-2-Nik_0220-mod.jpg?resize=768%2C512&amp;ssl=1 768w, https:\/\/i0.wp.com\/electro-strasbourg.eu\/blog\/wp-content\/uploads\/2019\/05\/190528-audition-sem2-2-Nik_0220-mod.jpg?resize=1024%2C683&amp;ssl=1 1024w, https:\/\/i0.wp.com\/electro-strasbourg.eu\/blog\/wp-content\/uploads\/2019\/05\/190528-audition-sem2-2-Nik_0220-mod.jpg?w=948 948w, https:\/\/i0.wp.com\/electro-strasbourg.eu\/blog\/wp-content\/uploads\/2019\/05\/190528-audition-sem2-2-Nik_0220-mod.jpg?w=1422 1422w\" width=\"228\" height=\"152\" loading=\"lazy\" data-original-width=\"228\" data-original-height=\"152\" itemprop=\"http:\/\/schema.org\/image\" title=\"190528-audition-sem2-2-Nik_0220-mod\" alt=\"190528-audition-sem2-2-Nik_0220-mod\" style=\"width: 228px; height: 152px;\" \/> <\/a> <\/div> <\/div> <!-- close group --> <div class=\"gallery-group images-1\" style=\"width: 242px; height: 322px;\" data-original-width=\"242\" data-original-height=\"322\" > <div class=\"tiled-gallery-item tiled-gallery-item-small\" itemprop=\"associatedMedia\" itemscope itemtype=\"http:\/\/schema.org\/ImageObject\"> <a href=\"https:\/\/electro-strasbourg.eu\/blog\/2019\/05\/auditions-semestre-2-premier-jour\/img_9614\/\" border=\"0\" itemprop=\"url\"> <meta itemprop=\"width\" content=\"238\"> <meta itemprop=\"height\" content=\"318\"> <img decoding=\"async\" class=\"\" data-attachment-id=\"3138\" data-orig-file=\"https:\/\/electro-strasbourg.eu\/blog\/wp-content\/uploads\/2019\/05\/IMG_9614.jpeg\" data-orig-size=\"3024,4032\" data-comments-opened=\"\" data-image-meta=\"{&quot;aperture&quot;:&quot;1.8&quot;,&quot;credit&quot;:&quot;&quot;,&quot;camera&quot;:&quot;iPhone 8&quot;,&quot;caption&quot;:&quot;&quot;,&quot;created_timestamp&quot;:&quot;1558981089&quot;,&quot;copyright&quot;:&quot;&quot;,&quot;focal_length&quot;:&quot;3.99&quot;,&quot;iso&quot;:&quot;1000&quot;,&quot;shutter_speed&quot;:&quot;0.25&quot;,&quot;title&quot;:&quot;&quot;,&quot;orientation&quot;:&quot;1&quot;}\" data-image-title=\"IMG_9614\" data-image-description=\"\" data-medium-file=\"https:\/\/i0.wp.com\/electro-strasbourg.eu\/blog\/wp-content\/uploads\/2019\/05\/IMG_9614.jpeg?fit=225%2C300&#038;ssl=1\" data-large-file=\"https:\/\/i0.wp.com\/electro-strasbourg.eu\/blog\/wp-content\/uploads\/2019\/05\/IMG_9614.jpeg?fit=474%2C632&#038;ssl=1\" src=\"https:\/\/i0.wp.com\/electro-strasbourg.eu\/blog\/wp-content\/uploads\/2019\/05\/IMG_9614.jpeg?w=238&#038;h=318&#038;ssl=1\" srcset=\"https:\/\/i0.wp.com\/electro-strasbourg.eu\/blog\/wp-content\/uploads\/2019\/05\/IMG_9614.jpeg?w=3024&amp;ssl=1 3024w, https:\/\/i0.wp.com\/electro-strasbourg.eu\/blog\/wp-content\/uploads\/2019\/05\/IMG_9614.jpeg?resize=225%2C300&amp;ssl=1 225w, https:\/\/i0.wp.com\/electro-strasbourg.eu\/blog\/wp-content\/uploads\/2019\/05\/IMG_9614.jpeg?resize=768%2C1024&amp;ssl=1 768w, https:\/\/i0.wp.com\/electro-strasbourg.eu\/blog\/wp-content\/uploads\/2019\/05\/IMG_9614.jpeg?w=948 948w, https:\/\/i0.wp.com\/electro-strasbourg.eu\/blog\/wp-content\/uploads\/2019\/05\/IMG_9614.jpeg?w=1422 1422w\" width=\"238\" height=\"318\" loading=\"lazy\" data-original-width=\"238\" data-original-height=\"318\" itemprop=\"http:\/\/schema.org\/image\" title=\"IMG_9614\" alt=\"IMG_9614\" style=\"width: 238px; height: 318px;\" \/> <\/a> <\/div> <\/div> <!-- close group --> <\/div> <!-- close row --> <div class=\"gallery-row\" style=\"width: 474px; height: 374px;\" data-original-width=\"474\" data-original-height=\"374\" > <div class=\"gallery-group images-1\" style=\"width: 281px; height: 374px;\" data-original-width=\"281\" data-original-height=\"374\" > <div class=\"tiled-gallery-item tiled-gallery-item-large\" itemprop=\"associatedMedia\" itemscope itemtype=\"http:\/\/schema.org\/ImageObject\"> <a href=\"https:\/\/electro-strasbourg.eu\/blog\/190528-audition-sem2-2-iphone_9732-mod\/\" border=\"0\" itemprop=\"url\"> <meta itemprop=\"width\" content=\"277\"> <meta itemprop=\"height\" content=\"370\"> <img decoding=\"async\" class=\"\" data-attachment-id=\"3203\" data-orig-file=\"https:\/\/electro-strasbourg.eu\/blog\/wp-content\/uploads\/2019\/05\/190528-audition-sem2-2-iphone_9732-mod.jpeg\" data-orig-size=\"3024,4032\" data-comments-opened=\"\" data-image-meta=\"{&quot;aperture&quot;:&quot;1.8&quot;,&quot;credit&quot;:&quot;&quot;,&quot;camera&quot;:&quot;iPhone 8&quot;,&quot;caption&quot;:&quot;&quot;,&quot;created_timestamp&quot;:&quot;1559069126&quot;,&quot;copyright&quot;:&quot;&quot;,&quot;focal_length&quot;:&quot;3.99&quot;,&quot;iso&quot;:&quot;400&quot;,&quot;shutter_speed&quot;:&quot;0.25&quot;,&quot;title&quot;:&quot;&quot;,&quot;orientation&quot;:&quot;1&quot;}\" data-image-title=\"190528-audition-sem2-2-iphone_9732-mod\" data-image-description=\"\" data-medium-file=\"https:\/\/i0.wp.com\/electro-strasbourg.eu\/blog\/wp-content\/uploads\/2019\/05\/190528-audition-sem2-2-iphone_9732-mod.jpeg?fit=225%2C300&#038;ssl=1\" data-large-file=\"https:\/\/i0.wp.com\/electro-strasbourg.eu\/blog\/wp-content\/uploads\/2019\/05\/190528-audition-sem2-2-iphone_9732-mod.jpeg?fit=474%2C632&#038;ssl=1\" src=\"https:\/\/i0.wp.com\/electro-strasbourg.eu\/blog\/wp-content\/uploads\/2019\/05\/190528-audition-sem2-2-iphone_9732-mod.jpeg?w=277&#038;h=370&#038;ssl=1\" srcset=\"https:\/\/i0.wp.com\/electro-strasbourg.eu\/blog\/wp-content\/uploads\/2019\/05\/190528-audition-sem2-2-iphone_9732-mod.jpeg?w=3024&amp;ssl=1 3024w, https:\/\/i0.wp.com\/electro-strasbourg.eu\/blog\/wp-content\/uploads\/2019\/05\/190528-audition-sem2-2-iphone_9732-mod.jpeg?resize=225%2C300&amp;ssl=1 225w, https:\/\/i0.wp.com\/electro-strasbourg.eu\/blog\/wp-content\/uploads\/2019\/05\/190528-audition-sem2-2-iphone_9732-mod.jpeg?resize=768%2C1024&amp;ssl=1 768w, https:\/\/i0.wp.com\/electro-strasbourg.eu\/blog\/wp-content\/uploads\/2019\/05\/190528-audition-sem2-2-iphone_9732-mod.jpeg?w=948 948w, https:\/\/i0.wp.com\/electro-strasbourg.eu\/blog\/wp-content\/uploads\/2019\/05\/190528-audition-sem2-2-iphone_9732-mod.jpeg?w=1422 1422w\" width=\"277\" height=\"370\" loading=\"lazy\" data-original-width=\"277\" data-original-height=\"370\" itemprop=\"http:\/\/schema.org\/image\" title=\"190528-audition-sem2-2-iphone_9732-mod\" alt=\"190528-audition-sem2-2-iphone_9732-mod\" style=\"width: 277px; height: 370px;\" \/> <\/a> <\/div> <\/div> <!-- close group --> <div class=\"gallery-group images-3\" style=\"width: 193px; height: 374px;\" data-original-width=\"193\" data-original-height=\"374\" > <div class=\"tiled-gallery-item tiled-gallery-item-small\" itemprop=\"associatedMedia\" itemscope itemtype=\"http:\/\/schema.org\/ImageObject\"> <a href=\"https:\/\/electro-strasbourg.eu\/blog\/190528-audition-sem2-2-iphone_9715-mod\/\" border=\"0\" itemprop=\"url\"> <meta itemprop=\"width\" content=\"189\"> <meta itemprop=\"height\" content=\"141\"> <img decoding=\"async\" class=\"\" data-attachment-id=\"3230\" data-orig-file=\"https:\/\/electro-strasbourg.eu\/blog\/wp-content\/uploads\/2019\/05\/190528-audition-sem2-2-iphone_9715-mod.jpeg\" data-orig-size=\"4032,3024\" data-comments-opened=\"\" data-image-meta=\"{&quot;aperture&quot;:&quot;1.8&quot;,&quot;credit&quot;:&quot;&quot;,&quot;camera&quot;:&quot;iPhone 8&quot;,&quot;caption&quot;:&quot;&quot;,&quot;created_timestamp&quot;:&quot;1559068024&quot;,&quot;copyright&quot;:&quot;&quot;,&quot;focal_length&quot;:&quot;3.99&quot;,&quot;iso&quot;:&quot;100&quot;,&quot;shutter_speed&quot;:&quot;0.16666666666667&quot;,&quot;title&quot;:&quot;&quot;,&quot;orientation&quot;:&quot;1&quot;}\" data-image-title=\"190528-audition-sem2-2-iphone_9715-mod\" data-image-description=\"\" data-medium-file=\"https:\/\/i0.wp.com\/electro-strasbourg.eu\/blog\/wp-content\/uploads\/2019\/05\/190528-audition-sem2-2-iphone_9715-mod.jpeg?fit=300%2C225&#038;ssl=1\" data-large-file=\"https:\/\/i0.wp.com\/electro-strasbourg.eu\/blog\/wp-content\/uploads\/2019\/05\/190528-audition-sem2-2-iphone_9715-mod.jpeg?fit=474%2C356&#038;ssl=1\" src=\"https:\/\/i0.wp.com\/electro-strasbourg.eu\/blog\/wp-content\/uploads\/2019\/05\/190528-audition-sem2-2-iphone_9715-mod.jpeg?w=189&#038;h=141&#038;ssl=1\" srcset=\"https:\/\/i0.wp.com\/electro-strasbourg.eu\/blog\/wp-content\/uploads\/2019\/05\/190528-audition-sem2-2-iphone_9715-mod.jpeg?w=4032&amp;ssl=1 4032w, https:\/\/i0.wp.com\/electro-strasbourg.eu\/blog\/wp-content\/uploads\/2019\/05\/190528-audition-sem2-2-iphone_9715-mod.jpeg?resize=300%2C225&amp;ssl=1 300w, https:\/\/i0.wp.com\/electro-strasbourg.eu\/blog\/wp-content\/uploads\/2019\/05\/190528-audition-sem2-2-iphone_9715-mod.jpeg?resize=768%2C576&amp;ssl=1 768w, https:\/\/i0.wp.com\/electro-strasbourg.eu\/blog\/wp-content\/uploads\/2019\/05\/190528-audition-sem2-2-iphone_9715-mod.jpeg?resize=1024%2C768&amp;ssl=1 1024w, https:\/\/i0.wp.com\/electro-strasbourg.eu\/blog\/wp-content\/uploads\/2019\/05\/190528-audition-sem2-2-iphone_9715-mod.jpeg?w=948 948w, https:\/\/i0.wp.com\/electro-strasbourg.eu\/blog\/wp-content\/uploads\/2019\/05\/190528-audition-sem2-2-iphone_9715-mod.jpeg?w=1422 1422w\" width=\"189\" height=\"141\" loading=\"lazy\" data-original-width=\"189\" data-original-height=\"141\" itemprop=\"http:\/\/schema.org\/image\" title=\"190528-audition-sem2-2-iphone_9715-mod\" alt=\"190528-audition-sem2-2-iphone_9715-mod\" style=\"width: 189px; height: 141px;\" \/> <\/a> <\/div> <div class=\"tiled-gallery-item tiled-gallery-item-small\" itemprop=\"associatedMedia\" itemscope itemtype=\"http:\/\/schema.org\/ImageObject\"> <a href=\"https:\/\/electro-strasbourg.eu\/blog\/190528-audition-sem2-2-nik_0214-mod\/\" border=\"0\" itemprop=\"url\"> <meta itemprop=\"width\" content=\"189\"> <meta itemprop=\"height\" content=\"126\"> <img decoding=\"async\" class=\"\" data-attachment-id=\"3232\" data-orig-file=\"https:\/\/electro-strasbourg.eu\/blog\/wp-content\/uploads\/2019\/05\/190528-audition-sem2-2-Nik_0214-mod.jpg\" data-orig-size=\"6000,4000\" data-comments-opened=\"\" data-image-meta=\"{&quot;aperture&quot;:&quot;4.5&quot;,&quot;credit&quot;:&quot;&quot;,&quot;camera&quot;:&quot;NIKON D5200&quot;,&quot;caption&quot;:&quot;&quot;,&quot;created_timestamp&quot;:&quot;1559069998&quot;,&quot;copyright&quot;:&quot;&quot;,&quot;focal_length&quot;:&quot;35&quot;,&quot;iso&quot;:&quot;3200&quot;,&quot;shutter_speed&quot;:&quot;0.016666666666667&quot;,&quot;title&quot;:&quot;&quot;,&quot;orientation&quot;:&quot;1&quot;}\" data-image-title=\"190528-audition-sem2-2-Nik_0214-mod\" data-image-description=\"\" data-medium-file=\"https:\/\/i0.wp.com\/electro-strasbourg.eu\/blog\/wp-content\/uploads\/2019\/05\/190528-audition-sem2-2-Nik_0214-mod.jpg?fit=300%2C200&#038;ssl=1\" data-large-file=\"https:\/\/i0.wp.com\/electro-strasbourg.eu\/blog\/wp-content\/uploads\/2019\/05\/190528-audition-sem2-2-Nik_0214-mod.jpg?fit=474%2C316&#038;ssl=1\" src=\"https:\/\/i0.wp.com\/electro-strasbourg.eu\/blog\/wp-content\/uploads\/2019\/05\/190528-audition-sem2-2-Nik_0214-mod.jpg?w=189&#038;h=126&#038;ssl=1\" srcset=\"https:\/\/i0.wp.com\/electro-strasbourg.eu\/blog\/wp-content\/uploads\/2019\/05\/190528-audition-sem2-2-Nik_0214-mod.jpg?w=6000&amp;ssl=1 6000w, https:\/\/i0.wp.com\/electro-strasbourg.eu\/blog\/wp-content\/uploads\/2019\/05\/190528-audition-sem2-2-Nik_0214-mod.jpg?resize=300%2C200&amp;ssl=1 300w, https:\/\/i0.wp.com\/electro-strasbourg.eu\/blog\/wp-content\/uploads\/2019\/05\/190528-audition-sem2-2-Nik_0214-mod.jpg?resize=768%2C512&amp;ssl=1 768w, https:\/\/i0.wp.com\/electro-strasbourg.eu\/blog\/wp-content\/uploads\/2019\/05\/190528-audition-sem2-2-Nik_0214-mod.jpg?resize=1024%2C683&amp;ssl=1 1024w, https:\/\/i0.wp.com\/electro-strasbourg.eu\/blog\/wp-content\/uploads\/2019\/05\/190528-audition-sem2-2-Nik_0214-mod.jpg?w=948 948w, https:\/\/i0.wp.com\/electro-strasbourg.eu\/blog\/wp-content\/uploads\/2019\/05\/190528-audition-sem2-2-Nik_0214-mod.jpg?w=1422 1422w\" width=\"189\" height=\"126\" loading=\"lazy\" data-original-width=\"189\" data-original-height=\"126\" itemprop=\"http:\/\/schema.org\/image\" title=\"190528-audition-sem2-2-Nik_0214-mod\" alt=\"190528-audition-sem2-2-Nik_0214-mod\" style=\"width: 189px; height: 126px;\" \/> <\/a> <\/div> <div class=\"tiled-gallery-item tiled-gallery-item-small\" itemprop=\"associatedMedia\" itemscope itemtype=\"http:\/\/schema.org\/ImageObject\"> <a href=\"https:\/\/electro-strasbourg.eu\/blog\/190528-audition-sem2-2-nik_0154-mod\/\" border=\"0\" itemprop=\"url\"> <meta itemprop=\"width\" content=\"189\"> <meta itemprop=\"height\" content=\"95\"> <img decoding=\"async\" class=\"\" data-attachment-id=\"3221\" data-orig-file=\"https:\/\/electro-strasbourg.eu\/blog\/wp-content\/uploads\/2019\/05\/190528-audition-sem2-2-Nik_0154-mod.jpg\" data-orig-size=\"6000,3012\" data-comments-opened=\"\" data-image-meta=\"{&quot;aperture&quot;:&quot;3.8&quot;,&quot;credit&quot;:&quot;&quot;,&quot;camera&quot;:&quot;NIKON D5200&quot;,&quot;caption&quot;:&quot;&quot;,&quot;created_timestamp&quot;:&quot;1559058425&quot;,&quot;copyright&quot;:&quot;&quot;,&quot;focal_length&quot;:&quot;22&quot;,&quot;iso&quot;:&quot;3200&quot;,&quot;shutter_speed&quot;:&quot;0.076923076923077&quot;,&quot;title&quot;:&quot;&quot;,&quot;orientation&quot;:&quot;1&quot;}\" data-image-title=\"190528-audition-sem2-2-Nik_0154-mod\" data-image-description=\"\" data-medium-file=\"https:\/\/i0.wp.com\/electro-strasbourg.eu\/blog\/wp-content\/uploads\/2019\/05\/190528-audition-sem2-2-Nik_0154-mod.jpg?fit=300%2C151&#038;ssl=1\" data-large-file=\"https:\/\/i0.wp.com\/electro-strasbourg.eu\/blog\/wp-content\/uploads\/2019\/05\/190528-audition-sem2-2-Nik_0154-mod.jpg?fit=474%2C238&#038;ssl=1\" src=\"https:\/\/i0.wp.com\/electro-strasbourg.eu\/blog\/wp-content\/uploads\/2019\/05\/190528-audition-sem2-2-Nik_0154-mod.jpg?w=189&#038;h=95&#038;ssl=1\" srcset=\"https:\/\/i0.wp.com\/electro-strasbourg.eu\/blog\/wp-content\/uploads\/2019\/05\/190528-audition-sem2-2-Nik_0154-mod.jpg?w=6000&amp;ssl=1 6000w, https:\/\/i0.wp.com\/electro-strasbourg.eu\/blog\/wp-content\/uploads\/2019\/05\/190528-audition-sem2-2-Nik_0154-mod.jpg?resize=300%2C151&amp;ssl=1 300w, https:\/\/i0.wp.com\/electro-strasbourg.eu\/blog\/wp-content\/uploads\/2019\/05\/190528-audition-sem2-2-Nik_0154-mod.jpg?resize=768%2C386&amp;ssl=1 768w, https:\/\/i0.wp.com\/electro-strasbourg.eu\/blog\/wp-content\/uploads\/2019\/05\/190528-audition-sem2-2-Nik_0154-mod.jpg?resize=1024%2C514&amp;ssl=1 1024w, https:\/\/i0.wp.com\/electro-strasbourg.eu\/blog\/wp-content\/uploads\/2019\/05\/190528-audition-sem2-2-Nik_0154-mod.jpg?w=948 948w, https:\/\/i0.wp.com\/electro-strasbourg.eu\/blog\/wp-content\/uploads\/2019\/05\/190528-audition-sem2-2-Nik_0154-mod.jpg?w=1422 1422w\" width=\"189\" height=\"95\" loading=\"lazy\" data-original-width=\"189\" data-original-height=\"95\" itemprop=\"http:\/\/schema.org\/image\" title=\"190528-audition-sem2-2-Nik_0154-mod\" alt=\"190528-audition-sem2-2-Nik_0154-mod\" style=\"width: 189px; height: 95px;\" \/> <\/a> <\/div> <\/div> <!-- close group --> <\/div> <!-- close row --> <div class=\"gallery-row\" style=\"width: 474px; height: 162px;\" data-original-width=\"474\" data-original-height=\"162\" > <div class=\"gallery-group images-1\" style=\"width: 123px; height: 162px;\" data-original-width=\"123\" data-original-height=\"162\" > <div class=\"tiled-gallery-item tiled-gallery-item-small\" itemprop=\"associatedMedia\" itemscope itemtype=\"http:\/\/schema.org\/ImageObject\"> <a href=\"https:\/\/electro-strasbourg.eu\/blog\/2019\/05\/auditions-semestre-2-premier-jour\/img_9645\/\" border=\"0\" itemprop=\"url\"> <meta itemprop=\"width\" content=\"119\"> <meta itemprop=\"height\" content=\"158\"> <img decoding=\"async\" class=\"\" data-attachment-id=\"3144\" data-orig-file=\"https:\/\/electro-strasbourg.eu\/blog\/wp-content\/uploads\/2019\/05\/IMG_9645.jpeg\" data-orig-size=\"3024,4032\" data-comments-opened=\"\" data-image-meta=\"{&quot;aperture&quot;:&quot;1.8&quot;,&quot;credit&quot;:&quot;&quot;,&quot;camera&quot;:&quot;iPhone 8&quot;,&quot;caption&quot;:&quot;&quot;,&quot;created_timestamp&quot;:&quot;1558983623&quot;,&quot;copyright&quot;:&quot;&quot;,&quot;focal_length&quot;:&quot;3.99&quot;,&quot;iso&quot;:&quot;400&quot;,&quot;shutter_speed&quot;:&quot;0.25&quot;,&quot;title&quot;:&quot;&quot;,&quot;orientation&quot;:&quot;1&quot;}\" data-image-title=\"IMG_9645\" data-image-description=\"\" data-medium-file=\"https:\/\/i0.wp.com\/electro-strasbourg.eu\/blog\/wp-content\/uploads\/2019\/05\/IMG_9645.jpeg?fit=225%2C300&#038;ssl=1\" data-large-file=\"https:\/\/i0.wp.com\/electro-strasbourg.eu\/blog\/wp-content\/uploads\/2019\/05\/IMG_9645.jpeg?fit=474%2C632&#038;ssl=1\" src=\"https:\/\/i0.wp.com\/electro-strasbourg.eu\/blog\/wp-content\/uploads\/2019\/05\/IMG_9645.jpeg?w=119&#038;h=158&#038;ssl=1\" srcset=\"https:\/\/i0.wp.com\/electro-strasbourg.eu\/blog\/wp-content\/uploads\/2019\/05\/IMG_9645.jpeg?w=3024&amp;ssl=1 3024w, https:\/\/i0.wp.com\/electro-strasbourg.eu\/blog\/wp-content\/uploads\/2019\/05\/IMG_9645.jpeg?resize=225%2C300&amp;ssl=1 225w, https:\/\/i0.wp.com\/electro-strasbourg.eu\/blog\/wp-content\/uploads\/2019\/05\/IMG_9645.jpeg?resize=768%2C1024&amp;ssl=1 768w, https:\/\/i0.wp.com\/electro-strasbourg.eu\/blog\/wp-content\/uploads\/2019\/05\/IMG_9645.jpeg?w=948 948w, https:\/\/i0.wp.com\/electro-strasbourg.eu\/blog\/wp-content\/uploads\/2019\/05\/IMG_9645.jpeg?w=1422 1422w\" width=\"119\" height=\"158\" loading=\"lazy\" data-original-width=\"119\" data-original-height=\"158\" itemprop=\"http:\/\/schema.org\/image\" title=\"IMG_9645\" alt=\"IMG_9645\" style=\"width: 119px; height: 158px;\" \/> <\/a> <\/div> <\/div> <!-- close group --> <div class=\"gallery-group images-1\" style=\"width: 229px; height: 162px;\" data-original-width=\"229\" data-original-height=\"162\" > <div class=\"tiled-gallery-item tiled-gallery-item-small\" itemprop=\"associatedMedia\" itemscope itemtype=\"http:\/\/schema.org\/ImageObject\"> <a href=\"https:\/\/electro-strasbourg.eu\/blog\/190528-audition-sem2-2-nik_0167-mod\/\" border=\"0\" itemprop=\"url\"> <meta itemprop=\"width\" content=\"225\"> <meta itemprop=\"height\" content=\"158\"> <img decoding=\"async\" class=\"\" data-attachment-id=\"3207\" data-orig-file=\"https:\/\/electro-strasbourg.eu\/blog\/wp-content\/uploads\/2019\/05\/190528-audition-sem2-2-Nik_0167-mod.jpg\" data-orig-size=\"3473,2435\" data-comments-opened=\"\" data-image-meta=\"{&quot;aperture&quot;:&quot;5.3&quot;,&quot;credit&quot;:&quot;&quot;,&quot;camera&quot;:&quot;NIKON D5200&quot;,&quot;caption&quot;:&quot;&quot;,&quot;created_timestamp&quot;:&quot;1559063639&quot;,&quot;copyright&quot;:&quot;&quot;,&quot;focal_length&quot;:&quot;66&quot;,&quot;iso&quot;:&quot;5000&quot;,&quot;shutter_speed&quot;:&quot;0.1&quot;,&quot;title&quot;:&quot;&quot;,&quot;orientation&quot;:&quot;1&quot;}\" data-image-title=\"190528-audition-sem2-2-Nik_0167-mod\" data-image-description=\"\" data-medium-file=\"https:\/\/i0.wp.com\/electro-strasbourg.eu\/blog\/wp-content\/uploads\/2019\/05\/190528-audition-sem2-2-Nik_0167-mod.jpg?fit=300%2C210&#038;ssl=1\" data-large-file=\"https:\/\/i0.wp.com\/electro-strasbourg.eu\/blog\/wp-content\/uploads\/2019\/05\/190528-audition-sem2-2-Nik_0167-mod.jpg?fit=474%2C332&#038;ssl=1\" src=\"https:\/\/i0.wp.com\/electro-strasbourg.eu\/blog\/wp-content\/uploads\/2019\/05\/190528-audition-sem2-2-Nik_0167-mod.jpg?w=225&#038;h=158&#038;ssl=1\" srcset=\"https:\/\/i0.wp.com\/electro-strasbourg.eu\/blog\/wp-content\/uploads\/2019\/05\/190528-audition-sem2-2-Nik_0167-mod.jpg?w=3473&amp;ssl=1 3473w, https:\/\/i0.wp.com\/electro-strasbourg.eu\/blog\/wp-content\/uploads\/2019\/05\/190528-audition-sem2-2-Nik_0167-mod.jpg?resize=300%2C210&amp;ssl=1 300w, https:\/\/i0.wp.com\/electro-strasbourg.eu\/blog\/wp-content\/uploads\/2019\/05\/190528-audition-sem2-2-Nik_0167-mod.jpg?resize=768%2C538&amp;ssl=1 768w, https:\/\/i0.wp.com\/electro-strasbourg.eu\/blog\/wp-content\/uploads\/2019\/05\/190528-audition-sem2-2-Nik_0167-mod.jpg?resize=1024%2C718&amp;ssl=1 1024w, https:\/\/i0.wp.com\/electro-strasbourg.eu\/blog\/wp-content\/uploads\/2019\/05\/190528-audition-sem2-2-Nik_0167-mod.jpg?w=948 948w, https:\/\/i0.wp.com\/electro-strasbourg.eu\/blog\/wp-content\/uploads\/2019\/05\/190528-audition-sem2-2-Nik_0167-mod.jpg?w=1422 1422w\" width=\"225\" height=\"158\" loading=\"lazy\" data-original-width=\"225\" data-original-height=\"158\" itemprop=\"http:\/\/schema.org\/image\" title=\"190528-audition-sem2-2-Nik_0167-mod\" alt=\"190528-audition-sem2-2-Nik_0167-mod\" style=\"width: 225px; height: 158px;\" \/> <\/a> <\/div> <\/div> <!-- close group --> <div class=\"gallery-group images-1\" style=\"width: 122px; height: 162px;\" data-original-width=\"122\" data-original-height=\"162\" > <div class=\"tiled-gallery-item tiled-gallery-item-small\" itemprop=\"associatedMedia\" itemscope itemtype=\"http:\/\/schema.org\/ImageObject\"> <a href=\"https:\/\/electro-strasbourg.eu\/blog\/190528-audition-sem2-2-iphone_9684-mod\/\" border=\"0\" itemprop=\"url\"> <meta itemprop=\"width\" content=\"118\"> <meta itemprop=\"height\" content=\"158\"> <img decoding=\"async\" class=\"\" data-attachment-id=\"3197\" data-orig-file=\"https:\/\/electro-strasbourg.eu\/blog\/wp-content\/uploads\/2019\/05\/190528-audition-sem2-2-iphone_9684-mod.jpeg\" data-orig-size=\"3024,4032\" data-comments-opened=\"\" data-image-meta=\"{&quot;aperture&quot;:&quot;1.8&quot;,&quot;credit&quot;:&quot;&quot;,&quot;camera&quot;:&quot;iPhone 8&quot;,&quot;caption&quot;:&quot;&quot;,&quot;created_timestamp&quot;:&quot;1559061682&quot;,&quot;copyright&quot;:&quot;&quot;,&quot;focal_length&quot;:&quot;3.99&quot;,&quot;iso&quot;:&quot;250&quot;,&quot;shutter_speed&quot;:&quot;0.25&quot;,&quot;title&quot;:&quot;&quot;,&quot;orientation&quot;:&quot;1&quot;}\" data-image-title=\"190528-audition-sem2-2-iphone_9684-mod\" data-image-description=\"\" data-medium-file=\"https:\/\/i0.wp.com\/electro-strasbourg.eu\/blog\/wp-content\/uploads\/2019\/05\/190528-audition-sem2-2-iphone_9684-mod.jpeg?fit=225%2C300&#038;ssl=1\" data-large-file=\"https:\/\/i0.wp.com\/electro-strasbourg.eu\/blog\/wp-content\/uploads\/2019\/05\/190528-audition-sem2-2-iphone_9684-mod.jpeg?fit=474%2C632&#038;ssl=1\" src=\"https:\/\/i0.wp.com\/electro-strasbourg.eu\/blog\/wp-content\/uploads\/2019\/05\/190528-audition-sem2-2-iphone_9684-mod.jpeg?w=118&#038;h=158&#038;ssl=1\" srcset=\"https:\/\/i0.wp.com\/electro-strasbourg.eu\/blog\/wp-content\/uploads\/2019\/05\/190528-audition-sem2-2-iphone_9684-mod.jpeg?w=3024&amp;ssl=1 3024w, https:\/\/i0.wp.com\/electro-strasbourg.eu\/blog\/wp-content\/uploads\/2019\/05\/190528-audition-sem2-2-iphone_9684-mod.jpeg?resize=225%2C300&amp;ssl=1 225w, https:\/\/i0.wp.com\/electro-strasbourg.eu\/blog\/wp-content\/uploads\/2019\/05\/190528-audition-sem2-2-iphone_9684-mod.jpeg?resize=768%2C1024&amp;ssl=1 768w, https:\/\/i0.wp.com\/electro-strasbourg.eu\/blog\/wp-content\/uploads\/2019\/05\/190528-audition-sem2-2-iphone_9684-mod.jpeg?w=948 948w, https:\/\/i0.wp.com\/electro-strasbourg.eu\/blog\/wp-content\/uploads\/2019\/05\/190528-audition-sem2-2-iphone_9684-mod.jpeg?w=1422 1422w\" width=\"118\" height=\"158\" loading=\"lazy\" data-original-width=\"118\" data-original-height=\"158\" itemprop=\"http:\/\/schema.org\/image\" title=\"190528-audition-sem2-2-iphone_9684-mod\" alt=\"190528-audition-sem2-2-iphone_9684-mod\" style=\"width: 118px; height: 158px;\" \/> <\/a> <\/div> <\/div> <!-- close group --> <\/div> <!-- close row --> <div class=\"gallery-row\" style=\"width: 474px; height: 228px;\" data-original-width=\"474\" data-original-height=\"228\" > <div class=\"gallery-group images-1\" style=\"width: 302px; height: 228px;\" data-original-width=\"302\" data-original-height=\"228\" > <div class=\"tiled-gallery-item tiled-gallery-item-large\" itemprop=\"associatedMedia\" itemscope itemtype=\"http:\/\/schema.org\/ImageObject\"> <a href=\"https:\/\/electro-strasbourg.eu\/blog\/190528-audition-sem2-2-iphone_9709\/\" border=\"0\" itemprop=\"url\"> <meta itemprop=\"width\" content=\"298\"> <meta itemprop=\"height\" content=\"224\"> <img decoding=\"async\" class=\"\" data-attachment-id=\"3229\" data-orig-file=\"https:\/\/electro-strasbourg.eu\/blog\/wp-content\/uploads\/2019\/05\/190528-audition-sem2-2-iphone_9709.jpeg\" data-orig-size=\"4032,3024\" data-comments-opened=\"\" data-image-meta=\"{&quot;aperture&quot;:&quot;1.8&quot;,&quot;credit&quot;:&quot;&quot;,&quot;camera&quot;:&quot;iPhone 8&quot;,&quot;caption&quot;:&quot;&quot;,&quot;created_timestamp&quot;:&quot;1559067559&quot;,&quot;copyright&quot;:&quot;&quot;,&quot;focal_length&quot;:&quot;3.99&quot;,&quot;iso&quot;:&quot;160&quot;,&quot;shutter_speed&quot;:&quot;0.25&quot;,&quot;title&quot;:&quot;&quot;,&quot;orientation&quot;:&quot;1&quot;}\" data-image-title=\"190528-audition-sem2-2-iphone_9709\" data-image-description=\"\" data-medium-file=\"https:\/\/i0.wp.com\/electro-strasbourg.eu\/blog\/wp-content\/uploads\/2019\/05\/190528-audition-sem2-2-iphone_9709.jpeg?fit=300%2C225&#038;ssl=1\" data-large-file=\"https:\/\/i0.wp.com\/electro-strasbourg.eu\/blog\/wp-content\/uploads\/2019\/05\/190528-audition-sem2-2-iphone_9709.jpeg?fit=474%2C356&#038;ssl=1\" src=\"https:\/\/i0.wp.com\/electro-strasbourg.eu\/blog\/wp-content\/uploads\/2019\/05\/190528-audition-sem2-2-iphone_9709.jpeg?w=298&#038;h=224&#038;ssl=1\" srcset=\"https:\/\/i0.wp.com\/electro-strasbourg.eu\/blog\/wp-content\/uploads\/2019\/05\/190528-audition-sem2-2-iphone_9709.jpeg?w=4032&amp;ssl=1 4032w, https:\/\/i0.wp.com\/electro-strasbourg.eu\/blog\/wp-content\/uploads\/2019\/05\/190528-audition-sem2-2-iphone_9709.jpeg?resize=300%2C225&amp;ssl=1 300w, https:\/\/i0.wp.com\/electro-strasbourg.eu\/blog\/wp-content\/uploads\/2019\/05\/190528-audition-sem2-2-iphone_9709.jpeg?resize=768%2C576&amp;ssl=1 768w, https:\/\/i0.wp.com\/electro-strasbourg.eu\/blog\/wp-content\/uploads\/2019\/05\/190528-audition-sem2-2-iphone_9709.jpeg?resize=1024%2C768&amp;ssl=1 1024w, https:\/\/i0.wp.com\/electro-strasbourg.eu\/blog\/wp-content\/uploads\/2019\/05\/190528-audition-sem2-2-iphone_9709.jpeg?w=948 948w, https:\/\/i0.wp.com\/electro-strasbourg.eu\/blog\/wp-content\/uploads\/2019\/05\/190528-audition-sem2-2-iphone_9709.jpeg?w=1422 1422w\" width=\"298\" height=\"224\" loading=\"lazy\" data-original-width=\"298\" data-original-height=\"224\" itemprop=\"http:\/\/schema.org\/image\" title=\"190528-audition-sem2-2-iphone_9709\" alt=\"190528-audition-sem2-2-iphone_9709\" style=\"width: 298px; height: 224px;\" \/> <\/a> <\/div> <\/div> <!-- close group --> <div class=\"gallery-group images-1\" style=\"width: 172px; height: 228px;\" data-original-width=\"172\" data-original-height=\"228\" > <div class=\"tiled-gallery-item tiled-gallery-item-small\" itemprop=\"associatedMedia\" itemscope itemtype=\"http:\/\/schema.org\/ImageObject\"> <a href=\"https:\/\/electro-strasbourg.eu\/blog\/2019\/05\/auditions-semestre-2-premier-jour\/img_9637\/\" border=\"0\" itemprop=\"url\"> <meta itemprop=\"width\" content=\"168\"> <meta itemprop=\"height\" content=\"224\"> <img decoding=\"async\" class=\"\" data-attachment-id=\"3142\" data-orig-file=\"https:\/\/electro-strasbourg.eu\/blog\/wp-content\/uploads\/2019\/05\/IMG_9637.jpeg\" data-orig-size=\"3024,4032\" data-comments-opened=\"\" data-image-meta=\"{&quot;aperture&quot;:&quot;1.8&quot;,&quot;credit&quot;:&quot;&quot;,&quot;camera&quot;:&quot;iPhone 8&quot;,&quot;caption&quot;:&quot;&quot;,&quot;created_timestamp&quot;:&quot;1558983255&quot;,&quot;copyright&quot;:&quot;&quot;,&quot;focal_length&quot;:&quot;3.99&quot;,&quot;iso&quot;:&quot;1000&quot;,&quot;shutter_speed&quot;:&quot;0.25&quot;,&quot;title&quot;:&quot;&quot;,&quot;orientation&quot;:&quot;1&quot;}\" data-image-title=\"IMG_9637\" data-image-description=\"\" data-medium-file=\"https:\/\/i0.wp.com\/electro-strasbourg.eu\/blog\/wp-content\/uploads\/2019\/05\/IMG_9637.jpeg?fit=225%2C300&#038;ssl=1\" data-large-file=\"https:\/\/i0.wp.com\/electro-strasbourg.eu\/blog\/wp-content\/uploads\/2019\/05\/IMG_9637.jpeg?fit=474%2C632&#038;ssl=1\" src=\"https:\/\/i0.wp.com\/electro-strasbourg.eu\/blog\/wp-content\/uploads\/2019\/05\/IMG_9637.jpeg?w=168&#038;h=224&#038;ssl=1\" srcset=\"https:\/\/i0.wp.com\/electro-strasbourg.eu\/blog\/wp-content\/uploads\/2019\/05\/IMG_9637.jpeg?w=3024&amp;ssl=1 3024w, https:\/\/i0.wp.com\/electro-strasbourg.eu\/blog\/wp-content\/uploads\/2019\/05\/IMG_9637.jpeg?resize=225%2C300&amp;ssl=1 225w, https:\/\/i0.wp.com\/electro-strasbourg.eu\/blog\/wp-content\/uploads\/2019\/05\/IMG_9637.jpeg?resize=768%2C1024&amp;ssl=1 768w, https:\/\/i0.wp.com\/electro-strasbourg.eu\/blog\/wp-content\/uploads\/2019\/05\/IMG_9637.jpeg?w=948 948w, https:\/\/i0.wp.com\/electro-strasbourg.eu\/blog\/wp-content\/uploads\/2019\/05\/IMG_9637.jpeg?w=1422 1422w\" width=\"168\" height=\"224\" loading=\"lazy\" data-original-width=\"168\" data-original-height=\"224\" itemprop=\"http:\/\/schema.org\/image\" title=\"IMG_9637\" alt=\"IMG_9637\" style=\"width: 168px; height: 224px;\" \/> <\/a> <\/div> <\/div> <!-- close group --> <\/div> <!-- close row --> <div class=\"gallery-row\" style=\"width: 474px; height: 315px;\" data-original-width=\"474\" data-original-height=\"315\" > <div class=\"gallery-group images-1\" style=\"width: 237px; height: 315px;\" data-original-width=\"237\" data-original-height=\"315\" > <div class=\"tiled-gallery-item tiled-gallery-item-small\" itemprop=\"associatedMedia\" itemscope itemtype=\"http:\/\/schema.org\/ImageObject\"> <a href=\"https:\/\/electro-strasbourg.eu\/blog\/2019\/05\/auditions-semestre-2-premier-jour\/img_9629\/\" border=\"0\" itemprop=\"url\"> <meta itemprop=\"width\" content=\"233\"> <meta itemprop=\"height\" content=\"311\"> <img decoding=\"async\" class=\"\" data-attachment-id=\"3141\" data-orig-file=\"https:\/\/electro-strasbourg.eu\/blog\/wp-content\/uploads\/2019\/05\/IMG_9629.jpeg\" data-orig-size=\"3024,4032\" data-comments-opened=\"\" data-image-meta=\"{&quot;aperture&quot;:&quot;1.8&quot;,&quot;credit&quot;:&quot;&quot;,&quot;camera&quot;:&quot;iPhone 8&quot;,&quot;caption&quot;:&quot;&quot;,&quot;created_timestamp&quot;:&quot;1558982393&quot;,&quot;copyright&quot;:&quot;&quot;,&quot;focal_length&quot;:&quot;3.99&quot;,&quot;iso&quot;:&quot;800&quot;,&quot;shutter_speed&quot;:&quot;0.25&quot;,&quot;title&quot;:&quot;&quot;,&quot;orientation&quot;:&quot;1&quot;}\" data-image-title=\"IMG_9629\" data-image-description=\"\" data-medium-file=\"https:\/\/i0.wp.com\/electro-strasbourg.eu\/blog\/wp-content\/uploads\/2019\/05\/IMG_9629.jpeg?fit=225%2C300&#038;ssl=1\" data-large-file=\"https:\/\/i0.wp.com\/electro-strasbourg.eu\/blog\/wp-content\/uploads\/2019\/05\/IMG_9629.jpeg?fit=474%2C632&#038;ssl=1\" src=\"https:\/\/i0.wp.com\/electro-strasbourg.eu\/blog\/wp-content\/uploads\/2019\/05\/IMG_9629.jpeg?w=233&#038;h=311&#038;ssl=1\" srcset=\"https:\/\/i0.wp.com\/electro-strasbourg.eu\/blog\/wp-content\/uploads\/2019\/05\/IMG_9629.jpeg?w=3024&amp;ssl=1 3024w, https:\/\/i0.wp.com\/electro-strasbourg.eu\/blog\/wp-content\/uploads\/2019\/05\/IMG_9629.jpeg?resize=225%2C300&amp;ssl=1 225w, https:\/\/i0.wp.com\/electro-strasbourg.eu\/blog\/wp-content\/uploads\/2019\/05\/IMG_9629.jpeg?resize=768%2C1024&amp;ssl=1 768w, https:\/\/i0.wp.com\/electro-strasbourg.eu\/blog\/wp-content\/uploads\/2019\/05\/IMG_9629.jpeg?w=948 948w, https:\/\/i0.wp.com\/electro-strasbourg.eu\/blog\/wp-content\/uploads\/2019\/05\/IMG_9629.jpeg?w=1422 1422w\" width=\"233\" height=\"311\" loading=\"lazy\" data-original-width=\"233\" data-original-height=\"311\" itemprop=\"http:\/\/schema.org\/image\" title=\"IMG_9629\" alt=\"IMG_9629\" style=\"width: 233px; height: 311px;\" \/> <\/a> <\/div> <\/div> <!-- close group --> <div class=\"gallery-group images-1\" style=\"width: 237px; height: 315px;\" data-original-width=\"237\" data-original-height=\"315\" > <div class=\"tiled-gallery-item tiled-gallery-item-small\" itemprop=\"associatedMedia\" itemscope itemtype=\"http:\/\/schema.org\/ImageObject\"> <a href=\"https:\/\/electro-strasbourg.eu\/blog\/190528-audition-sem2-2-iphone_9677-mod\/\" border=\"0\" itemprop=\"url\"> <meta itemprop=\"width\" content=\"233\"> <meta itemprop=\"height\" content=\"311\"> <img decoding=\"async\" class=\"\" data-attachment-id=\"3196\" data-orig-file=\"https:\/\/electro-strasbourg.eu\/blog\/wp-content\/uploads\/2019\/05\/190528-audition-sem2-2-iphone_9677-mod.jpeg\" data-orig-size=\"3024,4032\" data-comments-opened=\"\" data-image-meta=\"{&quot;aperture&quot;:&quot;1.8&quot;,&quot;credit&quot;:&quot;&quot;,&quot;camera&quot;:&quot;iPhone 8&quot;,&quot;caption&quot;:&quot;&quot;,&quot;created_timestamp&quot;:&quot;1559061206&quot;,&quot;copyright&quot;:&quot;&quot;,&quot;focal_length&quot;:&quot;3.99&quot;,&quot;iso&quot;:&quot;500&quot;,&quot;shutter_speed&quot;:&quot;0.25&quot;,&quot;title&quot;:&quot;&quot;,&quot;orientation&quot;:&quot;1&quot;}\" data-image-title=\"190528-audition-sem2-2-iphone_9677-mod\" data-image-description=\"\" data-medium-file=\"https:\/\/i0.wp.com\/electro-strasbourg.eu\/blog\/wp-content\/uploads\/2019\/05\/190528-audition-sem2-2-iphone_9677-mod.jpeg?fit=225%2C300&#038;ssl=1\" data-large-file=\"https:\/\/i0.wp.com\/electro-strasbourg.eu\/blog\/wp-content\/uploads\/2019\/05\/190528-audition-sem2-2-iphone_9677-mod.jpeg?fit=474%2C632&#038;ssl=1\" src=\"https:\/\/i0.wp.com\/electro-strasbourg.eu\/blog\/wp-content\/uploads\/2019\/05\/190528-audition-sem2-2-iphone_9677-mod.jpeg?w=233&#038;h=311&#038;ssl=1\" srcset=\"https:\/\/i0.wp.com\/electro-strasbourg.eu\/blog\/wp-content\/uploads\/2019\/05\/190528-audition-sem2-2-iphone_9677-mod.jpeg?w=3024&amp;ssl=1 3024w, https:\/\/i0.wp.com\/electro-strasbourg.eu\/blog\/wp-content\/uploads\/2019\/05\/190528-audition-sem2-2-iphone_9677-mod.jpeg?resize=225%2C300&amp;ssl=1 225w, https:\/\/i0.wp.com\/electro-strasbourg.eu\/blog\/wp-content\/uploads\/2019\/05\/190528-audition-sem2-2-iphone_9677-mod.jpeg?resize=768%2C1024&amp;ssl=1 768w, https:\/\/i0.wp.com\/electro-strasbourg.eu\/blog\/wp-content\/uploads\/2019\/05\/190528-audition-sem2-2-iphone_9677-mod.jpeg?w=948 948w, https:\/\/i0.wp.com\/electro-strasbourg.eu\/blog\/wp-content\/uploads\/2019\/05\/190528-audition-sem2-2-iphone_9677-mod.jpeg?w=1422 1422w\" width=\"233\" height=\"311\" loading=\"lazy\" data-original-width=\"233\" data-original-height=\"311\" itemprop=\"http:\/\/schema.org\/image\" title=\"190528-audition-sem2-2-iphone_9677-mod\" alt=\"190528-audition-sem2-2-iphone_9677-mod\" style=\"width: 233px; height: 311px;\" \/> <\/a> <\/div> <\/div> <!-- close group --> <\/div> <!-- close row --> <div class=\"gallery-row\" style=\"width: 474px; height: 183px;\" data-original-width=\"474\" data-original-height=\"183\" > <div class=\"gallery-group images-1\" style=\"width: 138px; height: 183px;\" data-original-width=\"138\" data-original-height=\"183\" > <div class=\"tiled-gallery-item tiled-gallery-item-small\" itemprop=\"associatedMedia\" itemscope itemtype=\"http:\/\/schema.org\/ImageObject\"> <a href=\"https:\/\/electro-strasbourg.eu\/blog\/190528-audition-sem2-2-iphone_9664-mod\/\" border=\"0\" itemprop=\"url\"> <meta itemprop=\"width\" content=\"134\"> <meta itemprop=\"height\" content=\"179\"> <img decoding=\"async\" class=\"\" data-attachment-id=\"3194\" data-orig-file=\"https:\/\/electro-strasbourg.eu\/blog\/wp-content\/uploads\/2019\/05\/190528-audition-sem2-2-iphone_9664-mod.jpeg\" data-orig-size=\"3024,4032\" data-comments-opened=\"\" data-image-meta=\"{&quot;aperture&quot;:&quot;1.8&quot;,&quot;credit&quot;:&quot;&quot;,&quot;camera&quot;:&quot;iPhone 8&quot;,&quot;caption&quot;:&quot;&quot;,&quot;created_timestamp&quot;:&quot;1559060354&quot;,&quot;copyright&quot;:&quot;&quot;,&quot;focal_length&quot;:&quot;3.99&quot;,&quot;iso&quot;:&quot;640&quot;,&quot;shutter_speed&quot;:&quot;0.25&quot;,&quot;title&quot;:&quot;&quot;,&quot;orientation&quot;:&quot;1&quot;}\" data-image-title=\"190528-audition-sem2-2-iphone_9664-mod\" data-image-description=\"\" data-medium-file=\"https:\/\/i0.wp.com\/electro-strasbourg.eu\/blog\/wp-content\/uploads\/2019\/05\/190528-audition-sem2-2-iphone_9664-mod.jpeg?fit=225%2C300&#038;ssl=1\" data-large-file=\"https:\/\/i0.wp.com\/electro-strasbourg.eu\/blog\/wp-content\/uploads\/2019\/05\/190528-audition-sem2-2-iphone_9664-mod.jpeg?fit=474%2C632&#038;ssl=1\" src=\"https:\/\/i0.wp.com\/electro-strasbourg.eu\/blog\/wp-content\/uploads\/2019\/05\/190528-audition-sem2-2-iphone_9664-mod.jpeg?w=134&#038;h=179&#038;ssl=1\" srcset=\"https:\/\/i0.wp.com\/electro-strasbourg.eu\/blog\/wp-content\/uploads\/2019\/05\/190528-audition-sem2-2-iphone_9664-mod.jpeg?w=3024&amp;ssl=1 3024w, https:\/\/i0.wp.com\/electro-strasbourg.eu\/blog\/wp-content\/uploads\/2019\/05\/190528-audition-sem2-2-iphone_9664-mod.jpeg?resize=225%2C300&amp;ssl=1 225w, https:\/\/i0.wp.com\/electro-strasbourg.eu\/blog\/wp-content\/uploads\/2019\/05\/190528-audition-sem2-2-iphone_9664-mod.jpeg?resize=768%2C1024&amp;ssl=1 768w, https:\/\/i0.wp.com\/electro-strasbourg.eu\/blog\/wp-content\/uploads\/2019\/05\/190528-audition-sem2-2-iphone_9664-mod.jpeg?w=948 948w, https:\/\/i0.wp.com\/electro-strasbourg.eu\/blog\/wp-content\/uploads\/2019\/05\/190528-audition-sem2-2-iphone_9664-mod.jpeg?w=1422 1422w\" width=\"134\" height=\"179\" loading=\"lazy\" data-original-width=\"134\" data-original-height=\"179\" itemprop=\"http:\/\/schema.org\/image\" title=\"190528-audition-sem2-2-iphone_9664-mod\" alt=\"190528-audition-sem2-2-iphone_9664-mod\" style=\"width: 134px; height: 179px;\" \/> <\/a> <\/div> <\/div> <!-- close group --> <div class=\"gallery-group images-1\" style=\"width: 336px; height: 183px;\" data-original-width=\"336\" data-original-height=\"183\" > <div class=\"tiled-gallery-item tiled-gallery-item-large\" itemprop=\"associatedMedia\" itemscope itemtype=\"http:\/\/schema.org\/ImageObject\"> <a href=\"https:\/\/electro-strasbourg.eu\/blog\/190528-audition-sem2-2-nik_0187-mod\/\" border=\"0\" itemprop=\"url\"> <meta itemprop=\"width\" content=\"332\"> <meta itemprop=\"height\" content=\"179\"> <img decoding=\"async\" class=\"\" data-attachment-id=\"3213\" data-orig-file=\"https:\/\/electro-strasbourg.eu\/blog\/wp-content\/uploads\/2019\/05\/190528-audition-sem2-2-Nik_0187-mod.jpg\" data-orig-size=\"6000,3237\" data-comments-opened=\"\" data-image-meta=\"{&quot;aperture&quot;:&quot;4&quot;,&quot;credit&quot;:&quot;&quot;,&quot;camera&quot;:&quot;NIKON D5200&quot;,&quot;caption&quot;:&quot;&quot;,&quot;created_timestamp&quot;:&quot;1559069864&quot;,&quot;copyright&quot;:&quot;&quot;,&quot;focal_length&quot;:&quot;26&quot;,&quot;iso&quot;:&quot;3200&quot;,&quot;shutter_speed&quot;:&quot;0.05&quot;,&quot;title&quot;:&quot;&quot;,&quot;orientation&quot;:&quot;1&quot;}\" data-image-title=\"190528-audition-sem2-2-Nik_0187-mod\" data-image-description=\"\" data-medium-file=\"https:\/\/i0.wp.com\/electro-strasbourg.eu\/blog\/wp-content\/uploads\/2019\/05\/190528-audition-sem2-2-Nik_0187-mod.jpg?fit=300%2C162&#038;ssl=1\" data-large-file=\"https:\/\/i0.wp.com\/electro-strasbourg.eu\/blog\/wp-content\/uploads\/2019\/05\/190528-audition-sem2-2-Nik_0187-mod.jpg?fit=474%2C256&#038;ssl=1\" src=\"https:\/\/i0.wp.com\/electro-strasbourg.eu\/blog\/wp-content\/uploads\/2019\/05\/190528-audition-sem2-2-Nik_0187-mod.jpg?w=332&#038;h=179&#038;ssl=1\" srcset=\"https:\/\/i0.wp.com\/electro-strasbourg.eu\/blog\/wp-content\/uploads\/2019\/05\/190528-audition-sem2-2-Nik_0187-mod.jpg?w=6000&amp;ssl=1 6000w, https:\/\/i0.wp.com\/electro-strasbourg.eu\/blog\/wp-content\/uploads\/2019\/05\/190528-audition-sem2-2-Nik_0187-mod.jpg?resize=300%2C162&amp;ssl=1 300w, https:\/\/i0.wp.com\/electro-strasbourg.eu\/blog\/wp-content\/uploads\/2019\/05\/190528-audition-sem2-2-Nik_0187-mod.jpg?resize=768%2C414&amp;ssl=1 768w, https:\/\/i0.wp.com\/electro-strasbourg.eu\/blog\/wp-content\/uploads\/2019\/05\/190528-audition-sem2-2-Nik_0187-mod.jpg?resize=1024%2C552&amp;ssl=1 1024w, https:\/\/i0.wp.com\/electro-strasbourg.eu\/blog\/wp-content\/uploads\/2019\/05\/190528-audition-sem2-2-Nik_0187-mod.jpg?w=948 948w, https:\/\/i0.wp.com\/electro-strasbourg.eu\/blog\/wp-content\/uploads\/2019\/05\/190528-audition-sem2-2-Nik_0187-mod.jpg?w=1422 1422w\" width=\"332\" height=\"179\" loading=\"lazy\" data-original-width=\"332\" data-original-height=\"179\" itemprop=\"http:\/\/schema.org\/image\" title=\"190528-audition-sem2-2-Nik_0187-mod\" alt=\"190528-audition-sem2-2-Nik_0187-mod\" style=\"width: 332px; height: 179px;\" \/> <\/a> <\/div> <\/div> <!-- close group --> <\/div> <!-- close row --> <div class=\"gallery-row\" style=\"width: 474px; height: 115px;\" data-original-width=\"474\" data-original-height=\"115\" > <div class=\"gallery-group images-1\" style=\"width: 88px; height: 115px;\" data-original-width=\"88\" data-original-height=\"115\" > <div class=\"tiled-gallery-item tiled-gallery-item-small\" itemprop=\"associatedMedia\" itemscope itemtype=\"http:\/\/schema.org\/ImageObject\"> <a href=\"https:\/\/electro-strasbourg.eu\/blog\/190528-audition-sem2-2-iphone_9729-mod\/\" border=\"0\" itemprop=\"url\"> <meta itemprop=\"width\" content=\"84\"> <meta itemprop=\"height\" content=\"111\"> <img decoding=\"async\" class=\"\" data-attachment-id=\"3202\" data-orig-file=\"https:\/\/electro-strasbourg.eu\/blog\/wp-content\/uploads\/2019\/05\/190528-audition-sem2-2-iphone_9729-mod.jpeg\" data-orig-size=\"3024,4032\" data-comments-opened=\"\" data-image-meta=\"{&quot;aperture&quot;:&quot;1.8&quot;,&quot;credit&quot;:&quot;&quot;,&quot;camera&quot;:&quot;iPhone 8&quot;,&quot;caption&quot;:&quot;&quot;,&quot;created_timestamp&quot;:&quot;1559068959&quot;,&quot;copyright&quot;:&quot;&quot;,&quot;focal_length&quot;:&quot;3.99&quot;,&quot;iso&quot;:&quot;800&quot;,&quot;shutter_speed&quot;:&quot;0.25&quot;,&quot;title&quot;:&quot;&quot;,&quot;orientation&quot;:&quot;1&quot;}\" data-image-title=\"190528-audition-sem2-2-iphone_9729-mod\" data-image-description=\"\" data-medium-file=\"https:\/\/i0.wp.com\/electro-strasbourg.eu\/blog\/wp-content\/uploads\/2019\/05\/190528-audition-sem2-2-iphone_9729-mod.jpeg?fit=225%2C300&#038;ssl=1\" data-large-file=\"https:\/\/i0.wp.com\/electro-strasbourg.eu\/blog\/wp-content\/uploads\/2019\/05\/190528-audition-sem2-2-iphone_9729-mod.jpeg?fit=474%2C632&#038;ssl=1\" src=\"https:\/\/i0.wp.com\/electro-strasbourg.eu\/blog\/wp-content\/uploads\/2019\/05\/190528-audition-sem2-2-iphone_9729-mod.jpeg?w=84&#038;h=111&#038;ssl=1\" srcset=\"https:\/\/i0.wp.com\/electro-strasbourg.eu\/blog\/wp-content\/uploads\/2019\/05\/190528-audition-sem2-2-iphone_9729-mod.jpeg?w=3024&amp;ssl=1 3024w, https:\/\/i0.wp.com\/electro-strasbourg.eu\/blog\/wp-content\/uploads\/2019\/05\/190528-audition-sem2-2-iphone_9729-mod.jpeg?resize=225%2C300&amp;ssl=1 225w, https:\/\/i0.wp.com\/electro-strasbourg.eu\/blog\/wp-content\/uploads\/2019\/05\/190528-audition-sem2-2-iphone_9729-mod.jpeg?resize=768%2C1024&amp;ssl=1 768w, https:\/\/i0.wp.com\/electro-strasbourg.eu\/blog\/wp-content\/uploads\/2019\/05\/190528-audition-sem2-2-iphone_9729-mod.jpeg?w=948 948w, https:\/\/i0.wp.com\/electro-strasbourg.eu\/blog\/wp-content\/uploads\/2019\/05\/190528-audition-sem2-2-iphone_9729-mod.jpeg?w=1422 1422w\" width=\"84\" height=\"111\" loading=\"lazy\" data-original-width=\"84\" data-original-height=\"111\" itemprop=\"http:\/\/schema.org\/image\" title=\"190528-audition-sem2-2-iphone_9729-mod\" alt=\"190528-audition-sem2-2-iphone_9729-mod\" style=\"width: 84px; height: 111px;\" \/> <\/a> <\/div> <\/div> <!-- close group --> <div class=\"gallery-group images-1\" style=\"width: 299px; height: 115px;\" data-original-width=\"299\" data-original-height=\"115\" > <div class=\"tiled-gallery-item tiled-gallery-item-large\" itemprop=\"associatedMedia\" itemscope itemtype=\"http:\/\/schema.org\/ImageObject\"> <a href=\"https:\/\/electro-strasbourg.eu\/blog\/190528-audition-sem2-2-iphone_9658-mod\/\" border=\"0\" itemprop=\"url\"> <meta itemprop=\"width\" content=\"295\"> <meta itemprop=\"height\" content=\"111\"> <img decoding=\"async\" class=\"\" data-attachment-id=\"3193\" data-orig-file=\"https:\/\/electro-strasbourg.eu\/blog\/wp-content\/uploads\/2019\/05\/190528-audition-sem2-2-iphone_9658-mod.jpeg\" data-orig-size=\"4032,1525\" data-comments-opened=\"\" data-image-meta=\"{&quot;aperture&quot;:&quot;1.8&quot;,&quot;credit&quot;:&quot;&quot;,&quot;camera&quot;:&quot;iPhone 8&quot;,&quot;caption&quot;:&quot;&quot;,&quot;created_timestamp&quot;:&quot;1559060008&quot;,&quot;copyright&quot;:&quot;&quot;,&quot;focal_length&quot;:&quot;3.99&quot;,&quot;iso&quot;:&quot;1250&quot;,&quot;shutter_speed&quot;:&quot;0.25&quot;,&quot;title&quot;:&quot;&quot;,&quot;orientation&quot;:&quot;1&quot;}\" data-image-title=\"190528-audition-sem2-2-iphone_9658-mod\" data-image-description=\"\" data-medium-file=\"https:\/\/i0.wp.com\/electro-strasbourg.eu\/blog\/wp-content\/uploads\/2019\/05\/190528-audition-sem2-2-iphone_9658-mod.jpeg?fit=300%2C113&#038;ssl=1\" data-large-file=\"https:\/\/i0.wp.com\/electro-strasbourg.eu\/blog\/wp-content\/uploads\/2019\/05\/190528-audition-sem2-2-iphone_9658-mod.jpeg?fit=474%2C179&#038;ssl=1\" src=\"https:\/\/i0.wp.com\/electro-strasbourg.eu\/blog\/wp-content\/uploads\/2019\/05\/190528-audition-sem2-2-iphone_9658-mod.jpeg?w=295&#038;h=111&#038;ssl=1\" srcset=\"https:\/\/i0.wp.com\/electro-strasbourg.eu\/blog\/wp-content\/uploads\/2019\/05\/190528-audition-sem2-2-iphone_9658-mod.jpeg?w=4032&amp;ssl=1 4032w, https:\/\/i0.wp.com\/electro-strasbourg.eu\/blog\/wp-content\/uploads\/2019\/05\/190528-audition-sem2-2-iphone_9658-mod.jpeg?resize=300%2C113&amp;ssl=1 300w, https:\/\/i0.wp.com\/electro-strasbourg.eu\/blog\/wp-content\/uploads\/2019\/05\/190528-audition-sem2-2-iphone_9658-mod.jpeg?resize=768%2C290&amp;ssl=1 768w, https:\/\/i0.wp.com\/electro-strasbourg.eu\/blog\/wp-content\/uploads\/2019\/05\/190528-audition-sem2-2-iphone_9658-mod.jpeg?resize=1024%2C387&amp;ssl=1 1024w, https:\/\/i0.wp.com\/electro-strasbourg.eu\/blog\/wp-content\/uploads\/2019\/05\/190528-audition-sem2-2-iphone_9658-mod.jpeg?w=948 948w, https:\/\/i0.wp.com\/electro-strasbourg.eu\/blog\/wp-content\/uploads\/2019\/05\/190528-audition-sem2-2-iphone_9658-mod.jpeg?w=1422 1422w\" width=\"295\" height=\"111\" loading=\"lazy\" data-original-width=\"295\" data-original-height=\"111\" itemprop=\"http:\/\/schema.org\/image\" title=\"190528-audition-sem2-2-iphone_9658-mod\" alt=\"190528-audition-sem2-2-iphone_9658-mod\" style=\"width: 295px; height: 111px;\" \/> <\/a> <\/div> <\/div> <!-- close group --> <div class=\"gallery-group images-1\" style=\"width: 87px; height: 115px;\" data-original-width=\"87\" data-original-height=\"115\" > <div class=\"tiled-gallery-item tiled-gallery-item-small\" itemprop=\"associatedMedia\" itemscope itemtype=\"http:\/\/schema.org\/ImageObject\"> <a href=\"https:\/\/electro-strasbourg.eu\/blog\/2019\/05\/auditions-semestre-2-premier-jour\/img_9623\/\" border=\"0\" itemprop=\"url\"> <meta itemprop=\"width\" content=\"83\"> <meta itemprop=\"height\" content=\"111\"> <img decoding=\"async\" class=\"\" data-attachment-id=\"3140\" data-orig-file=\"https:\/\/electro-strasbourg.eu\/blog\/wp-content\/uploads\/2019\/05\/IMG_9623.jpeg\" data-orig-size=\"3024,4032\" data-comments-opened=\"\" data-image-meta=\"{&quot;aperture&quot;:&quot;1.8&quot;,&quot;credit&quot;:&quot;&quot;,&quot;camera&quot;:&quot;iPhone 8&quot;,&quot;caption&quot;:&quot;&quot;,&quot;created_timestamp&quot;:&quot;1558982090&quot;,&quot;copyright&quot;:&quot;&quot;,&quot;focal_length&quot;:&quot;3.99&quot;,&quot;iso&quot;:&quot;800&quot;,&quot;shutter_speed&quot;:&quot;0.25&quot;,&quot;title&quot;:&quot;&quot;,&quot;orientation&quot;:&quot;1&quot;}\" data-image-title=\"IMG_9623\" data-image-description=\"\" data-medium-file=\"https:\/\/i0.wp.com\/electro-strasbourg.eu\/blog\/wp-content\/uploads\/2019\/05\/IMG_9623.jpeg?fit=225%2C300&#038;ssl=1\" data-large-file=\"https:\/\/i0.wp.com\/electro-strasbourg.eu\/blog\/wp-content\/uploads\/2019\/05\/IMG_9623.jpeg?fit=474%2C632&#038;ssl=1\" src=\"https:\/\/i0.wp.com\/electro-strasbourg.eu\/blog\/wp-content\/uploads\/2019\/05\/IMG_9623.jpeg?w=83&#038;h=111&#038;ssl=1\" srcset=\"https:\/\/i0.wp.com\/electro-strasbourg.eu\/blog\/wp-content\/uploads\/2019\/05\/IMG_9623.jpeg?w=3024&amp;ssl=1 3024w, https:\/\/i0.wp.com\/electro-strasbourg.eu\/blog\/wp-content\/uploads\/2019\/05\/IMG_9623.jpeg?resize=225%2C300&amp;ssl=1 225w, https:\/\/i0.wp.com\/electro-strasbourg.eu\/blog\/wp-content\/uploads\/2019\/05\/IMG_9623.jpeg?resize=768%2C1024&amp;ssl=1 768w, https:\/\/i0.wp.com\/electro-strasbourg.eu\/blog\/wp-content\/uploads\/2019\/05\/IMG_9623.jpeg?w=948 948w, https:\/\/i0.wp.com\/electro-strasbourg.eu\/blog\/wp-content\/uploads\/2019\/05\/IMG_9623.jpeg?w=1422 1422w\" width=\"83\" height=\"111\" loading=\"lazy\" data-original-width=\"83\" data-original-height=\"111\" itemprop=\"http:\/\/schema.org\/image\" title=\"IMG_9623\" alt=\"IMG_9623\" style=\"width: 83px; height: 111px;\" \/> <\/a> <\/div> <\/div> <!-- close group --> <\/div> <!-- close row --> <div class=\"gallery-row\" style=\"width: 474px; height: 335px;\" data-original-width=\"474\" data-original-height=\"335\" > <div class=\"gallery-group images-2\" style=\"width: 222px; height: 335px;\" data-original-width=\"222\" data-original-height=\"335\" > <div class=\"tiled-gallery-item tiled-gallery-item-small\" itemprop=\"associatedMedia\" itemscope itemtype=\"http:\/\/schema.org\/ImageObject\"> <a href=\"https:\/\/electro-strasbourg.eu\/blog\/190528-audition-sem2-2-iphone_9704\/\" border=\"0\" itemprop=\"url\"> <meta itemprop=\"width\" content=\"218\"> <meta itemprop=\"height\" content=\"164\"> <img decoding=\"async\" class=\"\" data-attachment-id=\"3228\" data-orig-file=\"https:\/\/electro-strasbourg.eu\/blog\/wp-content\/uploads\/2019\/05\/190528-audition-sem2-2-iphone_9704.jpeg\" data-orig-size=\"4032,3024\" data-comments-opened=\"\" data-image-meta=\"{&quot;aperture&quot;:&quot;1.8&quot;,&quot;credit&quot;:&quot;&quot;,&quot;camera&quot;:&quot;iPhone 8&quot;,&quot;caption&quot;:&quot;&quot;,&quot;created_timestamp&quot;:&quot;1559067511&quot;,&quot;copyright&quot;:&quot;&quot;,&quot;focal_length&quot;:&quot;3.99&quot;,&quot;iso&quot;:&quot;100&quot;,&quot;shutter_speed&quot;:&quot;0.090909090909091&quot;,&quot;title&quot;:&quot;&quot;,&quot;orientation&quot;:&quot;1&quot;}\" data-image-title=\"190528-audition-sem2-2-iphone_9704\" data-image-description=\"\" data-medium-file=\"https:\/\/i0.wp.com\/electro-strasbourg.eu\/blog\/wp-content\/uploads\/2019\/05\/190528-audition-sem2-2-iphone_9704.jpeg?fit=300%2C225&#038;ssl=1\" data-large-file=\"https:\/\/i0.wp.com\/electro-strasbourg.eu\/blog\/wp-content\/uploads\/2019\/05\/190528-audition-sem2-2-iphone_9704.jpeg?fit=474%2C356&#038;ssl=1\" src=\"https:\/\/i0.wp.com\/electro-strasbourg.eu\/blog\/wp-content\/uploads\/2019\/05\/190528-audition-sem2-2-iphone_9704.jpeg?w=218&#038;h=164&#038;ssl=1\" srcset=\"https:\/\/i0.wp.com\/electro-strasbourg.eu\/blog\/wp-content\/uploads\/2019\/05\/190528-audition-sem2-2-iphone_9704.jpeg?w=4032&amp;ssl=1 4032w, https:\/\/i0.wp.com\/electro-strasbourg.eu\/blog\/wp-content\/uploads\/2019\/05\/190528-audition-sem2-2-iphone_9704.jpeg?resize=300%2C225&amp;ssl=1 300w, https:\/\/i0.wp.com\/electro-strasbourg.eu\/blog\/wp-content\/uploads\/2019\/05\/190528-audition-sem2-2-iphone_9704.jpeg?resize=768%2C576&amp;ssl=1 768w, https:\/\/i0.wp.com\/electro-strasbourg.eu\/blog\/wp-content\/uploads\/2019\/05\/190528-audition-sem2-2-iphone_9704.jpeg?resize=1024%2C768&amp;ssl=1 1024w, https:\/\/i0.wp.com\/electro-strasbourg.eu\/blog\/wp-content\/uploads\/2019\/05\/190528-audition-sem2-2-iphone_9704.jpeg?w=948 948w, https:\/\/i0.wp.com\/electro-strasbourg.eu\/blog\/wp-content\/uploads\/2019\/05\/190528-audition-sem2-2-iphone_9704.jpeg?w=1422 1422w\" width=\"218\" height=\"164\" loading=\"lazy\" data-original-width=\"218\" data-original-height=\"164\" itemprop=\"http:\/\/schema.org\/image\" title=\"190528-audition-sem2-2-iphone_9704\" alt=\"190528-audition-sem2-2-iphone_9704\" style=\"width: 218px; height: 164px;\" \/> <\/a> <\/div> <div class=\"tiled-gallery-item tiled-gallery-item-small\" itemprop=\"associatedMedia\" itemscope itemtype=\"http:\/\/schema.org\/ImageObject\"> <a href=\"https:\/\/electro-strasbourg.eu\/blog\/190528-audition-sem2-2-iphone_9670-mod\/\" border=\"0\" itemprop=\"url\"> <meta itemprop=\"width\" content=\"218\"> <meta itemprop=\"height\" content=\"163\"> <img decoding=\"async\" class=\"\" data-attachment-id=\"3195\" data-orig-file=\"https:\/\/electro-strasbourg.eu\/blog\/wp-content\/uploads\/2019\/05\/190528-audition-sem2-2-iphone_9670-mod.jpeg\" data-orig-size=\"4032,3024\" data-comments-opened=\"\" data-image-meta=\"{&quot;aperture&quot;:&quot;1.8&quot;,&quot;credit&quot;:&quot;&quot;,&quot;camera&quot;:&quot;iPhone 8&quot;,&quot;caption&quot;:&quot;&quot;,&quot;created_timestamp&quot;:&quot;1559060921&quot;,&quot;copyright&quot;:&quot;&quot;,&quot;focal_length&quot;:&quot;3.99&quot;,&quot;iso&quot;:&quot;640&quot;,&quot;shutter_speed&quot;:&quot;0.25&quot;,&quot;title&quot;:&quot;&quot;,&quot;orientation&quot;:&quot;1&quot;}\" data-image-title=\"190528-audition-sem2-2-iphone_9670-mod\" data-image-description=\"\" data-medium-file=\"https:\/\/i0.wp.com\/electro-strasbourg.eu\/blog\/wp-content\/uploads\/2019\/05\/190528-audition-sem2-2-iphone_9670-mod.jpeg?fit=300%2C225&#038;ssl=1\" data-large-file=\"https:\/\/i0.wp.com\/electro-strasbourg.eu\/blog\/wp-content\/uploads\/2019\/05\/190528-audition-sem2-2-iphone_9670-mod.jpeg?fit=474%2C356&#038;ssl=1\" src=\"https:\/\/i0.wp.com\/electro-strasbourg.eu\/blog\/wp-content\/uploads\/2019\/05\/190528-audition-sem2-2-iphone_9670-mod.jpeg?w=218&#038;h=163&#038;ssl=1\" srcset=\"https:\/\/i0.wp.com\/electro-strasbourg.eu\/blog\/wp-content\/uploads\/2019\/05\/190528-audition-sem2-2-iphone_9670-mod.jpeg?w=4032&amp;ssl=1 4032w, https:\/\/i0.wp.com\/electro-strasbourg.eu\/blog\/wp-content\/uploads\/2019\/05\/190528-audition-sem2-2-iphone_9670-mod.jpeg?resize=300%2C225&amp;ssl=1 300w, https:\/\/i0.wp.com\/electro-strasbourg.eu\/blog\/wp-content\/uploads\/2019\/05\/190528-audition-sem2-2-iphone_9670-mod.jpeg?resize=768%2C576&amp;ssl=1 768w, https:\/\/i0.wp.com\/electro-strasbourg.eu\/blog\/wp-content\/uploads\/2019\/05\/190528-audition-sem2-2-iphone_9670-mod.jpeg?resize=1024%2C768&amp;ssl=1 1024w, https:\/\/i0.wp.com\/electro-strasbourg.eu\/blog\/wp-content\/uploads\/2019\/05\/190528-audition-sem2-2-iphone_9670-mod.jpeg?w=948 948w, https:\/\/i0.wp.com\/electro-strasbourg.eu\/blog\/wp-content\/uploads\/2019\/05\/190528-audition-sem2-2-iphone_9670-mod.jpeg?w=1422 1422w\" width=\"218\" height=\"163\" loading=\"lazy\" data-original-width=\"218\" data-original-height=\"163\" itemprop=\"http:\/\/schema.org\/image\" title=\"190528-audition-sem2-2-iphone_9670-mod\" alt=\"190528-audition-sem2-2-iphone_9670-mod\" style=\"width: 218px; height: 163px;\" \/> <\/a> <\/div> <\/div> <!-- close group --> <div class=\"gallery-group images-1\" style=\"width: 252px; height: 335px;\" data-original-width=\"252\" data-original-height=\"335\" > <div class=\"tiled-gallery-item tiled-gallery-item-small\" itemprop=\"associatedMedia\" itemscope itemtype=\"http:\/\/schema.org\/ImageObject\"> <a href=\"https:\/\/electro-strasbourg.eu\/blog\/190528-audition-sem2-2-iphone_9698-mod\/\" border=\"0\" itemprop=\"url\"> <meta itemprop=\"width\" content=\"248\"> <meta itemprop=\"height\" content=\"331\"> <img decoding=\"async\" class=\"\" data-attachment-id=\"3198\" data-orig-file=\"https:\/\/electro-strasbourg.eu\/blog\/wp-content\/uploads\/2019\/05\/190528-audition-sem2-2-iphone_9698-mod.jpeg\" data-orig-size=\"3024,4032\" data-comments-opened=\"\" data-image-meta=\"{&quot;aperture&quot;:&quot;1.8&quot;,&quot;credit&quot;:&quot;&quot;,&quot;camera&quot;:&quot;iPhone 8&quot;,&quot;caption&quot;:&quot;&quot;,&quot;created_timestamp&quot;:&quot;1559066940&quot;,&quot;copyright&quot;:&quot;&quot;,&quot;focal_length&quot;:&quot;3.99&quot;,&quot;iso&quot;:&quot;400&quot;,&quot;shutter_speed&quot;:&quot;0.25&quot;,&quot;title&quot;:&quot;&quot;,&quot;orientation&quot;:&quot;1&quot;}\" data-image-title=\"190528-audition-sem2-2-iphone_9698-mod\" data-image-description=\"\" data-medium-file=\"https:\/\/i0.wp.com\/electro-strasbourg.eu\/blog\/wp-content\/uploads\/2019\/05\/190528-audition-sem2-2-iphone_9698-mod.jpeg?fit=225%2C300&#038;ssl=1\" data-large-file=\"https:\/\/i0.wp.com\/electro-strasbourg.eu\/blog\/wp-content\/uploads\/2019\/05\/190528-audition-sem2-2-iphone_9698-mod.jpeg?fit=474%2C632&#038;ssl=1\" src=\"https:\/\/i0.wp.com\/electro-strasbourg.eu\/blog\/wp-content\/uploads\/2019\/05\/190528-audition-sem2-2-iphone_9698-mod.jpeg?w=248&#038;h=331&#038;ssl=1\" srcset=\"https:\/\/i0.wp.com\/electro-strasbourg.eu\/blog\/wp-content\/uploads\/2019\/05\/190528-audition-sem2-2-iphone_9698-mod.jpeg?w=3024&amp;ssl=1 3024w, https:\/\/i0.wp.com\/electro-strasbourg.eu\/blog\/wp-content\/uploads\/2019\/05\/190528-audition-sem2-2-iphone_9698-mod.jpeg?resize=225%2C300&amp;ssl=1 225w, https:\/\/i0.wp.com\/electro-strasbourg.eu\/blog\/wp-content\/uploads\/2019\/05\/190528-audition-sem2-2-iphone_9698-mod.jpeg?resize=768%2C1024&amp;ssl=1 768w, https:\/\/i0.wp.com\/electro-strasbourg.eu\/blog\/wp-content\/uploads\/2019\/05\/190528-audition-sem2-2-iphone_9698-mod.jpeg?w=948 948w, https:\/\/i0.wp.com\/electro-strasbourg.eu\/blog\/wp-content\/uploads\/2019\/05\/190528-audition-sem2-2-iphone_9698-mod.jpeg?w=1422 1422w\" width=\"248\" height=\"331\" loading=\"lazy\" data-original-width=\"248\" data-original-height=\"331\" itemprop=\"http:\/\/schema.org\/image\" title=\"190528-audition-sem2-2-iphone_9698-mod\" alt=\"190528-audition-sem2-2-iphone_9698-mod\" style=\"width: 248px; height: 331px;\" \/> <\/a> <\/div> <\/div> <!-- close group --> <\/div> <!-- close row --> <div class=\"gallery-row\" style=\"width: 474px; height: 297px;\" data-original-width=\"474\" data-original-height=\"297\" > <div class=\"gallery-group images-1\" style=\"width: 251px; height: 297px;\" data-original-width=\"251\" data-original-height=\"297\" > <div class=\"tiled-gallery-item tiled-gallery-item-small\" itemprop=\"associatedMedia\" itemscope itemtype=\"http:\/\/schema.org\/ImageObject\"> <a href=\"https:\/\/electro-strasbourg.eu\/blog\/190528-audition-sem2-2-nik_0171-mod\/\" border=\"0\" itemprop=\"url\"> <meta itemprop=\"width\" content=\"247\"> <meta itemprop=\"height\" content=\"293\"> <img decoding=\"async\" class=\"\" data-attachment-id=\"3209\" data-orig-file=\"https:\/\/electro-strasbourg.eu\/blog\/wp-content\/uploads\/2019\/05\/190528-audition-sem2-2-Nik_0171-mod.jpg\" data-orig-size=\"3286,3900\" data-comments-opened=\"\" data-image-meta=\"{&quot;aperture&quot;:&quot;5.6&quot;,&quot;credit&quot;:&quot;&quot;,&quot;camera&quot;:&quot;NIKON D5200&quot;,&quot;caption&quot;:&quot;&quot;,&quot;created_timestamp&quot;:&quot;1559063743&quot;,&quot;copyright&quot;:&quot;&quot;,&quot;focal_length&quot;:&quot;105&quot;,&quot;iso&quot;:&quot;5000&quot;,&quot;shutter_speed&quot;:&quot;0.1&quot;,&quot;title&quot;:&quot;&quot;,&quot;orientation&quot;:&quot;1&quot;}\" data-image-title=\"190528-audition-sem2-2-Nik_0171-mod\" data-image-description=\"\" data-medium-file=\"https:\/\/i0.wp.com\/electro-strasbourg.eu\/blog\/wp-content\/uploads\/2019\/05\/190528-audition-sem2-2-Nik_0171-mod.jpg?fit=253%2C300&#038;ssl=1\" data-large-file=\"https:\/\/i0.wp.com\/electro-strasbourg.eu\/blog\/wp-content\/uploads\/2019\/05\/190528-audition-sem2-2-Nik_0171-mod.jpg?fit=474%2C562&#038;ssl=1\" src=\"https:\/\/i0.wp.com\/electro-strasbourg.eu\/blog\/wp-content\/uploads\/2019\/05\/190528-audition-sem2-2-Nik_0171-mod.jpg?w=247&#038;h=293&#038;ssl=1\" srcset=\"https:\/\/i0.wp.com\/electro-strasbourg.eu\/blog\/wp-content\/uploads\/2019\/05\/190528-audition-sem2-2-Nik_0171-mod.jpg?w=3286&amp;ssl=1 3286w, https:\/\/i0.wp.com\/electro-strasbourg.eu\/blog\/wp-content\/uploads\/2019\/05\/190528-audition-sem2-2-Nik_0171-mod.jpg?resize=253%2C300&amp;ssl=1 253w, https:\/\/i0.wp.com\/electro-strasbourg.eu\/blog\/wp-content\/uploads\/2019\/05\/190528-audition-sem2-2-Nik_0171-mod.jpg?resize=768%2C912&amp;ssl=1 768w, https:\/\/i0.wp.com\/electro-strasbourg.eu\/blog\/wp-content\/uploads\/2019\/05\/190528-audition-sem2-2-Nik_0171-mod.jpg?resize=863%2C1024&amp;ssl=1 863w, https:\/\/i0.wp.com\/electro-strasbourg.eu\/blog\/wp-content\/uploads\/2019\/05\/190528-audition-sem2-2-Nik_0171-mod.jpg?w=948 948w, https:\/\/i0.wp.com\/electro-strasbourg.eu\/blog\/wp-content\/uploads\/2019\/05\/190528-audition-sem2-2-Nik_0171-mod.jpg?w=1422 1422w\" width=\"247\" height=\"293\" loading=\"lazy\" data-original-width=\"247\" data-original-height=\"293\" itemprop=\"http:\/\/schema.org\/image\" title=\"190528-audition-sem2-2-Nik_0171-mod\" alt=\"190528-audition-sem2-2-Nik_0171-mod\" style=\"width: 247px; height: 293px;\" \/> <\/a> <\/div> <\/div> <!-- close group --> <div class=\"gallery-group images-1\" style=\"width: 223px; height: 297px;\" data-original-width=\"223\" data-original-height=\"297\" > <div class=\"tiled-gallery-item tiled-gallery-item-small\" itemprop=\"associatedMedia\" itemscope itemtype=\"http:\/\/schema.org\/ImageObject\"> <a href=\"https:\/\/electro-strasbourg.eu\/blog\/190528-audition-sem2-2-iphone_9735-mod\/\" border=\"0\" itemprop=\"url\"> <meta itemprop=\"width\" content=\"219\"> <meta itemprop=\"height\" content=\"293\"> <img decoding=\"async\" class=\"\" data-attachment-id=\"3211\" data-orig-file=\"https:\/\/electro-strasbourg.eu\/blog\/wp-content\/uploads\/2019\/05\/190528-audition-sem2-2-iphone_9735-mod.jpeg\" data-orig-size=\"3024,4032\" data-comments-opened=\"\" data-image-meta=\"{&quot;aperture&quot;:&quot;1.8&quot;,&quot;credit&quot;:&quot;&quot;,&quot;camera&quot;:&quot;iPhone 8&quot;,&quot;caption&quot;:&quot;&quot;,&quot;created_timestamp&quot;:&quot;1559069755&quot;,&quot;copyright&quot;:&quot;&quot;,&quot;focal_length&quot;:&quot;3.99&quot;,&quot;iso&quot;:&quot;800&quot;,&quot;shutter_speed&quot;:&quot;0.25&quot;,&quot;title&quot;:&quot;&quot;,&quot;orientation&quot;:&quot;1&quot;}\" data-image-title=\"190528-audition-sem2-2-iphone_9735-mod\" data-image-description=\"\" data-medium-file=\"https:\/\/i0.wp.com\/electro-strasbourg.eu\/blog\/wp-content\/uploads\/2019\/05\/190528-audition-sem2-2-iphone_9735-mod.jpeg?fit=225%2C300&#038;ssl=1\" data-large-file=\"https:\/\/i0.wp.com\/electro-strasbourg.eu\/blog\/wp-content\/uploads\/2019\/05\/190528-audition-sem2-2-iphone_9735-mod.jpeg?fit=474%2C632&#038;ssl=1\" src=\"https:\/\/i0.wp.com\/electro-strasbourg.eu\/blog\/wp-content\/uploads\/2019\/05\/190528-audition-sem2-2-iphone_9735-mod.jpeg?w=219&#038;h=293&#038;ssl=1\" srcset=\"https:\/\/i0.wp.com\/electro-strasbourg.eu\/blog\/wp-content\/uploads\/2019\/05\/190528-audition-sem2-2-iphone_9735-mod.jpeg?w=3024&amp;ssl=1 3024w, https:\/\/i0.wp.com\/electro-strasbourg.eu\/blog\/wp-content\/uploads\/2019\/05\/190528-audition-sem2-2-iphone_9735-mod.jpeg?resize=225%2C300&amp;ssl=1 225w, https:\/\/i0.wp.com\/electro-strasbourg.eu\/blog\/wp-content\/uploads\/2019\/05\/190528-audition-sem2-2-iphone_9735-mod.jpeg?resize=768%2C1024&amp;ssl=1 768w, https:\/\/i0.wp.com\/electro-strasbourg.eu\/blog\/wp-content\/uploads\/2019\/05\/190528-audition-sem2-2-iphone_9735-mod.jpeg?w=948 948w, https:\/\/i0.wp.com\/electro-strasbourg.eu\/blog\/wp-content\/uploads\/2019\/05\/190528-audition-sem2-2-iphone_9735-mod.jpeg?w=1422 1422w\" width=\"219\" height=\"293\" loading=\"lazy\" data-original-width=\"219\" data-original-height=\"293\" itemprop=\"http:\/\/schema.org\/image\" title=\"190528-audition-sem2-2-iphone_9735-mod\" alt=\"190528-audition-sem2-2-iphone_9735-mod\" style=\"width: 219px; height: 293px;\" \/> <\/a> <\/div> <\/div> <!-- close group --> <\/div> <!-- close row --> <div class=\"gallery-row\" style=\"width: 474px; height: 157px;\" data-original-width=\"474\" data-original-height=\"157\" > <div class=\"gallery-group images-1\" style=\"width: 258px; height: 157px;\" data-original-width=\"258\" data-original-height=\"157\" > <div class=\"tiled-gallery-item tiled-gallery-item-large\" itemprop=\"associatedMedia\" itemscope itemtype=\"http:\/\/schema.org\/ImageObject\"> <a href=\"https:\/\/electro-strasbourg.eu\/blog\/190528-audition-sem2-2-nik_0201-mod\/\" border=\"0\" itemprop=\"url\"> <meta itemprop=\"width\" content=\"254\"> <meta itemprop=\"height\" content=\"153\"> <img decoding=\"async\" class=\"\" data-attachment-id=\"3214\" data-orig-file=\"https:\/\/electro-strasbourg.eu\/blog\/wp-content\/uploads\/2019\/05\/190528-audition-sem2-2-Nik_0201-mod.jpg\" data-orig-size=\"6000,3608\" data-comments-opened=\"\" data-image-meta=\"{&quot;aperture&quot;:&quot;3.8&quot;,&quot;credit&quot;:&quot;&quot;,&quot;camera&quot;:&quot;NIKON D5200&quot;,&quot;caption&quot;:&quot;&quot;,&quot;created_timestamp&quot;:&quot;1559069917&quot;,&quot;copyright&quot;:&quot;&quot;,&quot;focal_length&quot;:&quot;22&quot;,&quot;iso&quot;:&quot;2800&quot;,&quot;shutter_speed&quot;:&quot;0.033333333333333&quot;,&quot;title&quot;:&quot;&quot;,&quot;orientation&quot;:&quot;1&quot;}\" data-image-title=\"190528-audition-sem2-2-Nik_0201-mod\" data-image-description=\"\" data-medium-file=\"https:\/\/i0.wp.com\/electro-strasbourg.eu\/blog\/wp-content\/uploads\/2019\/05\/190528-audition-sem2-2-Nik_0201-mod.jpg?fit=300%2C180&#038;ssl=1\" data-large-file=\"https:\/\/i0.wp.com\/electro-strasbourg.eu\/blog\/wp-content\/uploads\/2019\/05\/190528-audition-sem2-2-Nik_0201-mod.jpg?fit=474%2C285&#038;ssl=1\" src=\"https:\/\/i0.wp.com\/electro-strasbourg.eu\/blog\/wp-content\/uploads\/2019\/05\/190528-audition-sem2-2-Nik_0201-mod.jpg?w=254&#038;h=153&#038;ssl=1\" srcset=\"https:\/\/i0.wp.com\/electro-strasbourg.eu\/blog\/wp-content\/uploads\/2019\/05\/190528-audition-sem2-2-Nik_0201-mod.jpg?w=6000&amp;ssl=1 6000w, https:\/\/i0.wp.com\/electro-strasbourg.eu\/blog\/wp-content\/uploads\/2019\/05\/190528-audition-sem2-2-Nik_0201-mod.jpg?resize=300%2C180&amp;ssl=1 300w, https:\/\/i0.wp.com\/electro-strasbourg.eu\/blog\/wp-content\/uploads\/2019\/05\/190528-audition-sem2-2-Nik_0201-mod.jpg?resize=768%2C462&amp;ssl=1 768w, https:\/\/i0.wp.com\/electro-strasbourg.eu\/blog\/wp-content\/uploads\/2019\/05\/190528-audition-sem2-2-Nik_0201-mod.jpg?resize=1024%2C616&amp;ssl=1 1024w, https:\/\/i0.wp.com\/electro-strasbourg.eu\/blog\/wp-content\/uploads\/2019\/05\/190528-audition-sem2-2-Nik_0201-mod.jpg?w=948 948w, https:\/\/i0.wp.com\/electro-strasbourg.eu\/blog\/wp-content\/uploads\/2019\/05\/190528-audition-sem2-2-Nik_0201-mod.jpg?w=1422 1422w\" width=\"254\" height=\"153\" loading=\"lazy\" data-original-width=\"254\" data-original-height=\"153\" itemprop=\"http:\/\/schema.org\/image\" title=\"190528-audition-sem2-2-Nik_0201-mod\" alt=\"190528-audition-sem2-2-Nik_0201-mod\" style=\"width: 254px; height: 153px;\" \/> <\/a> <\/div> <\/div> <!-- close group --> <div class=\"gallery-group images-1\" style=\"width: 216px; height: 157px;\" data-original-width=\"216\" data-original-height=\"157\" > <div class=\"tiled-gallery-item tiled-gallery-item-small\" itemprop=\"associatedMedia\" itemscope itemtype=\"http:\/\/schema.org\/ImageObject\"> <a href=\"https:\/\/electro-strasbourg.eu\/blog\/190528-audition-sem2-2-nik_0231-mod\/\" border=\"0\" itemprop=\"url\"> <meta itemprop=\"width\" content=\"212\"> <meta itemprop=\"height\" content=\"153\"> <img decoding=\"async\" class=\"\" data-attachment-id=\"3215\" data-orig-file=\"https:\/\/electro-strasbourg.eu\/blog\/wp-content\/uploads\/2019\/05\/190528-audition-sem2-2-Nik_0231-mod.jpg\" data-orig-size=\"5569,4000\" data-comments-opened=\"\" data-image-meta=\"{&quot;aperture&quot;:&quot;4&quot;,&quot;credit&quot;:&quot;&quot;,&quot;camera&quot;:&quot;NIKON D5200&quot;,&quot;caption&quot;:&quot;&quot;,&quot;created_timestamp&quot;:&quot;1559070154&quot;,&quot;copyright&quot;:&quot;&quot;,&quot;focal_length&quot;:&quot;28&quot;,&quot;iso&quot;:&quot;3200&quot;,&quot;shutter_speed&quot;:&quot;0.066666666666667&quot;,&quot;title&quot;:&quot;&quot;,&quot;orientation&quot;:&quot;1&quot;}\" data-image-title=\"190528-audition-sem2-2-Nik_0231-mod\" data-image-description=\"\" data-medium-file=\"https:\/\/i0.wp.com\/electro-strasbourg.eu\/blog\/wp-content\/uploads\/2019\/05\/190528-audition-sem2-2-Nik_0231-mod.jpg?fit=300%2C215&#038;ssl=1\" data-large-file=\"https:\/\/i0.wp.com\/electro-strasbourg.eu\/blog\/wp-content\/uploads\/2019\/05\/190528-audition-sem2-2-Nik_0231-mod.jpg?fit=474%2C341&#038;ssl=1\" src=\"https:\/\/i0.wp.com\/electro-strasbourg.eu\/blog\/wp-content\/uploads\/2019\/05\/190528-audition-sem2-2-Nik_0231-mod.jpg?w=212&#038;h=153&#038;ssl=1\" srcset=\"https:\/\/i0.wp.com\/electro-strasbourg.eu\/blog\/wp-content\/uploads\/2019\/05\/190528-audition-sem2-2-Nik_0231-mod.jpg?w=5569&amp;ssl=1 5569w, https:\/\/i0.wp.com\/electro-strasbourg.eu\/blog\/wp-content\/uploads\/2019\/05\/190528-audition-sem2-2-Nik_0231-mod.jpg?resize=300%2C215&amp;ssl=1 300w, https:\/\/i0.wp.com\/electro-strasbourg.eu\/blog\/wp-content\/uploads\/2019\/05\/190528-audition-sem2-2-Nik_0231-mod.jpg?resize=768%2C552&amp;ssl=1 768w, https:\/\/i0.wp.com\/electro-strasbourg.eu\/blog\/wp-content\/uploads\/2019\/05\/190528-audition-sem2-2-Nik_0231-mod.jpg?resize=1024%2C736&amp;ssl=1 1024w, https:\/\/i0.wp.com\/electro-strasbourg.eu\/blog\/wp-content\/uploads\/2019\/05\/190528-audition-sem2-2-Nik_0231-mod.jpg?w=948 948w, https:\/\/i0.wp.com\/electro-strasbourg.eu\/blog\/wp-content\/uploads\/2019\/05\/190528-audition-sem2-2-Nik_0231-mod.jpg?w=1422 1422w\" width=\"212\" height=\"153\" loading=\"lazy\" data-original-width=\"212\" data-original-height=\"153\" itemprop=\"http:\/\/schema.org\/image\" title=\"190528-audition-sem2-2-Nik_0231-mod\" alt=\"190528-audition-sem2-2-Nik_0231-mod\" style=\"width: 212px; height: 153px;\" \/> <\/a> <\/div> <\/div> <!-- close group --> <\/div> <!-- close row --> <div class=\"gallery-row\" style=\"width: 474px; height: 230px;\" data-original-width=\"474\" data-original-height=\"230\" > <div class=\"gallery-group images-2\" style=\"width: 159px; height: 230px;\" data-original-width=\"159\" data-original-height=\"230\" > <div class=\"tiled-gallery-item tiled-gallery-item-small\" itemprop=\"associatedMedia\" itemscope itemtype=\"http:\/\/schema.org\/ImageObject\"> <a href=\"https:\/\/electro-strasbourg.eu\/blog\/190528-audition-sem2-2-nik_0177-mod\/\" border=\"0\" itemprop=\"url\"> <meta itemprop=\"width\" content=\"155\"> <meta itemprop=\"height\" content=\"118\"> <img decoding=\"async\" class=\"\" data-attachment-id=\"3225\" data-orig-file=\"https:\/\/electro-strasbourg.eu\/blog\/wp-content\/uploads\/2019\/05\/190528-audition-sem2-2-Nik_0177-mod.jpg\" data-orig-size=\"5267,4000\" data-comments-opened=\"\" data-image-meta=\"{&quot;aperture&quot;:&quot;5.3&quot;,&quot;credit&quot;:&quot;&quot;,&quot;camera&quot;:&quot;NIKON D5200&quot;,&quot;caption&quot;:&quot;&quot;,&quot;created_timestamp&quot;:&quot;1559066752&quot;,&quot;copyright&quot;:&quot;&quot;,&quot;focal_length&quot;:&quot;80&quot;,&quot;iso&quot;:&quot;3200&quot;,&quot;shutter_speed&quot;:&quot;0.2&quot;,&quot;title&quot;:&quot;&quot;,&quot;orientation&quot;:&quot;1&quot;}\" data-image-title=\"190528-audition-sem2-2-Nik_0177-mod\" data-image-description=\"\" data-medium-file=\"https:\/\/i0.wp.com\/electro-strasbourg.eu\/blog\/wp-content\/uploads\/2019\/05\/190528-audition-sem2-2-Nik_0177-mod.jpg?fit=300%2C228&#038;ssl=1\" data-large-file=\"https:\/\/i0.wp.com\/electro-strasbourg.eu\/blog\/wp-content\/uploads\/2019\/05\/190528-audition-sem2-2-Nik_0177-mod.jpg?fit=474%2C360&#038;ssl=1\" src=\"https:\/\/i0.wp.com\/electro-strasbourg.eu\/blog\/wp-content\/uploads\/2019\/05\/190528-audition-sem2-2-Nik_0177-mod.jpg?w=155&#038;h=118&#038;ssl=1\" srcset=\"https:\/\/i0.wp.com\/electro-strasbourg.eu\/blog\/wp-content\/uploads\/2019\/05\/190528-audition-sem2-2-Nik_0177-mod.jpg?w=5267&amp;ssl=1 5267w, https:\/\/i0.wp.com\/electro-strasbourg.eu\/blog\/wp-content\/uploads\/2019\/05\/190528-audition-sem2-2-Nik_0177-mod.jpg?resize=300%2C228&amp;ssl=1 300w, https:\/\/i0.wp.com\/electro-strasbourg.eu\/blog\/wp-content\/uploads\/2019\/05\/190528-audition-sem2-2-Nik_0177-mod.jpg?resize=768%2C583&amp;ssl=1 768w, https:\/\/i0.wp.com\/electro-strasbourg.eu\/blog\/wp-content\/uploads\/2019\/05\/190528-audition-sem2-2-Nik_0177-mod.jpg?resize=1024%2C778&amp;ssl=1 1024w, https:\/\/i0.wp.com\/electro-strasbourg.eu\/blog\/wp-content\/uploads\/2019\/05\/190528-audition-sem2-2-Nik_0177-mod.jpg?w=948 948w, https:\/\/i0.wp.com\/electro-strasbourg.eu\/blog\/wp-content\/uploads\/2019\/05\/190528-audition-sem2-2-Nik_0177-mod.jpg?w=1422 1422w\" width=\"155\" height=\"118\" loading=\"lazy\" data-original-width=\"155\" data-original-height=\"118\" itemprop=\"http:\/\/schema.org\/image\" title=\"190528-audition-sem2-2-Nik_0177-mod\" alt=\"190528-audition-sem2-2-Nik_0177-mod\" style=\"width: 155px; height: 118px;\" \/> <\/a> <\/div> <div class=\"tiled-gallery-item tiled-gallery-item-small\" itemprop=\"associatedMedia\" itemscope itemtype=\"http:\/\/schema.org\/ImageObject\"> <a href=\"https:\/\/electro-strasbourg.eu\/blog\/2019\/05\/auditions-semestre-2-premier-jour\/dsc_0134\/\" border=\"0\" itemprop=\"url\"> <meta itemprop=\"width\" content=\"155\"> <meta itemprop=\"height\" content=\"104\"> <img decoding=\"async\" class=\"\" data-attachment-id=\"3134\" data-orig-file=\"https:\/\/electro-strasbourg.eu\/blog\/wp-content\/uploads\/2019\/05\/DSC_0134.jpg\" data-orig-size=\"6000,4000\" data-comments-opened=\"\" data-image-meta=\"{&quot;aperture&quot;:&quot;5.6&quot;,&quot;credit&quot;:&quot;&quot;,&quot;camera&quot;:&quot;NIKON D5200&quot;,&quot;caption&quot;:&quot;&quot;,&quot;created_timestamp&quot;:&quot;1558985666&quot;,&quot;copyright&quot;:&quot;&quot;,&quot;focal_length&quot;:&quot;105&quot;,&quot;iso&quot;:&quot;3200&quot;,&quot;shutter_speed&quot;:&quot;0.04&quot;,&quot;title&quot;:&quot;&quot;,&quot;orientation&quot;:&quot;1&quot;}\" data-image-title=\"DSC_0134\" data-image-description=\"\" data-medium-file=\"https:\/\/i0.wp.com\/electro-strasbourg.eu\/blog\/wp-content\/uploads\/2019\/05\/DSC_0134.jpg?fit=300%2C200&#038;ssl=1\" data-large-file=\"https:\/\/i0.wp.com\/electro-strasbourg.eu\/blog\/wp-content\/uploads\/2019\/05\/DSC_0134.jpg?fit=474%2C316&#038;ssl=1\" src=\"https:\/\/i0.wp.com\/electro-strasbourg.eu\/blog\/wp-content\/uploads\/2019\/05\/DSC_0134.jpg?w=155&#038;h=104&#038;ssl=1\" srcset=\"https:\/\/i0.wp.com\/electro-strasbourg.eu\/blog\/wp-content\/uploads\/2019\/05\/DSC_0134.jpg?w=6000&amp;ssl=1 6000w, https:\/\/i0.wp.com\/electro-strasbourg.eu\/blog\/wp-content\/uploads\/2019\/05\/DSC_0134.jpg?resize=300%2C200&amp;ssl=1 300w, https:\/\/i0.wp.com\/electro-strasbourg.eu\/blog\/wp-content\/uploads\/2019\/05\/DSC_0134.jpg?resize=768%2C512&amp;ssl=1 768w, https:\/\/i0.wp.com\/electro-strasbourg.eu\/blog\/wp-content\/uploads\/2019\/05\/DSC_0134.jpg?resize=1024%2C683&amp;ssl=1 1024w, https:\/\/i0.wp.com\/electro-strasbourg.eu\/blog\/wp-content\/uploads\/2019\/05\/DSC_0134.jpg?w=948 948w, https:\/\/i0.wp.com\/electro-strasbourg.eu\/blog\/wp-content\/uploads\/2019\/05\/DSC_0134.jpg?w=1422 1422w\" width=\"155\" height=\"104\" loading=\"lazy\" data-original-width=\"155\" data-original-height=\"104\" itemprop=\"http:\/\/schema.org\/image\" title=\"DSC_0134\" alt=\"DSC_0134\" style=\"width: 155px; height: 104px;\" \/> <\/a> <\/div> <\/div> <!-- close group --> <div class=\"gallery-group images-1\" style=\"width: 173px; height: 230px;\" data-original-width=\"173\" data-original-height=\"230\" > <div class=\"tiled-gallery-item tiled-gallery-item-small\" itemprop=\"associatedMedia\" itemscope itemtype=\"http:\/\/schema.org\/ImageObject\"> <a href=\"https:\/\/electro-strasbourg.eu\/blog\/2019\/05\/auditions-semestre-2-premier-jour\/img_9609\/\" border=\"0\" itemprop=\"url\"> <meta itemprop=\"width\" content=\"169\"> <meta itemprop=\"height\" content=\"226\"> <img decoding=\"async\" class=\"\" data-attachment-id=\"3137\" data-orig-file=\"https:\/\/electro-strasbourg.eu\/blog\/wp-content\/uploads\/2019\/05\/IMG_9609.jpeg\" data-orig-size=\"3024,4032\" data-comments-opened=\"\" data-image-meta=\"{&quot;aperture&quot;:&quot;1.8&quot;,&quot;credit&quot;:&quot;&quot;,&quot;camera&quot;:&quot;iPhone 8&quot;,&quot;caption&quot;:&quot;&quot;,&quot;created_timestamp&quot;:&quot;1558980389&quot;,&quot;copyright&quot;:&quot;&quot;,&quot;focal_length&quot;:&quot;3.99&quot;,&quot;iso&quot;:&quot;500&quot;,&quot;shutter_speed&quot;:&quot;0.25&quot;,&quot;title&quot;:&quot;&quot;,&quot;orientation&quot;:&quot;1&quot;}\" data-image-title=\"IMG_9609\" data-image-description=\"\" data-medium-file=\"https:\/\/i0.wp.com\/electro-strasbourg.eu\/blog\/wp-content\/uploads\/2019\/05\/IMG_9609.jpeg?fit=225%2C300&#038;ssl=1\" data-large-file=\"https:\/\/i0.wp.com\/electro-strasbourg.eu\/blog\/wp-content\/uploads\/2019\/05\/IMG_9609.jpeg?fit=474%2C632&#038;ssl=1\" src=\"https:\/\/i0.wp.com\/electro-strasbourg.eu\/blog\/wp-content\/uploads\/2019\/05\/IMG_9609.jpeg?w=169&#038;h=226&#038;ssl=1\" srcset=\"https:\/\/i0.wp.com\/electro-strasbourg.eu\/blog\/wp-content\/uploads\/2019\/05\/IMG_9609.jpeg?w=3024&amp;ssl=1 3024w, https:\/\/i0.wp.com\/electro-strasbourg.eu\/blog\/wp-content\/uploads\/2019\/05\/IMG_9609.jpeg?resize=225%2C300&amp;ssl=1 225w, https:\/\/i0.wp.com\/electro-strasbourg.eu\/blog\/wp-content\/uploads\/2019\/05\/IMG_9609.jpeg?resize=768%2C1024&amp;ssl=1 768w, https:\/\/i0.wp.com\/electro-strasbourg.eu\/blog\/wp-content\/uploads\/2019\/05\/IMG_9609.jpeg?w=948 948w, https:\/\/i0.wp.com\/electro-strasbourg.eu\/blog\/wp-content\/uploads\/2019\/05\/IMG_9609.jpeg?w=1422 1422w\" width=\"169\" height=\"226\" loading=\"lazy\" data-original-width=\"169\" data-original-height=\"226\" itemprop=\"http:\/\/schema.org\/image\" title=\"IMG_9609\" alt=\"IMG_9609\" style=\"width: 169px; height: 226px;\" \/> <\/a> <\/div> <\/div> <!-- close group --> <div class=\"gallery-group images-2\" style=\"width: 142px; height: 230px;\" data-original-width=\"142\" data-original-height=\"230\" > <div class=\"tiled-gallery-item tiled-gallery-item-small\" itemprop=\"associatedMedia\" itemscope itemtype=\"http:\/\/schema.org\/ImageObject\"> <a href=\"https:\/\/electro-strasbourg.eu\/blog\/190528-audition-sem2-2-iphone_9669-mod\/\" border=\"0\" itemprop=\"url\"> <meta itemprop=\"width\" content=\"138\"> <meta itemprop=\"height\" content=\"119\"> <img decoding=\"async\" class=\"\" data-attachment-id=\"3210\" data-orig-file=\"https:\/\/electro-strasbourg.eu\/blog\/wp-content\/uploads\/2019\/05\/190528-audition-sem2-2-iphone_9669-mod.jpeg\" data-orig-size=\"1974,1700\" data-comments-opened=\"\" data-image-meta=\"{&quot;aperture&quot;:&quot;1.8&quot;,&quot;credit&quot;:&quot;&quot;,&quot;camera&quot;:&quot;iPhone 8&quot;,&quot;caption&quot;:&quot;&quot;,&quot;created_timestamp&quot;:&quot;1559060856&quot;,&quot;copyright&quot;:&quot;&quot;,&quot;focal_length&quot;:&quot;3.99&quot;,&quot;iso&quot;:&quot;100&quot;,&quot;shutter_speed&quot;:&quot;0.2&quot;,&quot;title&quot;:&quot;&quot;,&quot;orientation&quot;:&quot;1&quot;}\" data-image-title=\"190528-audition-sem2-2-iphone_9669-mod\" data-image-description=\"\" data-medium-file=\"https:\/\/i0.wp.com\/electro-strasbourg.eu\/blog\/wp-content\/uploads\/2019\/05\/190528-audition-sem2-2-iphone_9669-mod.jpeg?fit=300%2C258&#038;ssl=1\" data-large-file=\"https:\/\/i0.wp.com\/electro-strasbourg.eu\/blog\/wp-content\/uploads\/2019\/05\/190528-audition-sem2-2-iphone_9669-mod.jpeg?fit=474%2C408&#038;ssl=1\" src=\"https:\/\/i0.wp.com\/electro-strasbourg.eu\/blog\/wp-content\/uploads\/2019\/05\/190528-audition-sem2-2-iphone_9669-mod.jpeg?w=138&#038;h=119&#038;ssl=1\" srcset=\"https:\/\/i0.wp.com\/electro-strasbourg.eu\/blog\/wp-content\/uploads\/2019\/05\/190528-audition-sem2-2-iphone_9669-mod.jpeg?w=1974&amp;ssl=1 1974w, https:\/\/i0.wp.com\/electro-strasbourg.eu\/blog\/wp-content\/uploads\/2019\/05\/190528-audition-sem2-2-iphone_9669-mod.jpeg?resize=300%2C258&amp;ssl=1 300w, https:\/\/i0.wp.com\/electro-strasbourg.eu\/blog\/wp-content\/uploads\/2019\/05\/190528-audition-sem2-2-iphone_9669-mod.jpeg?resize=768%2C661&amp;ssl=1 768w, https:\/\/i0.wp.com\/electro-strasbourg.eu\/blog\/wp-content\/uploads\/2019\/05\/190528-audition-sem2-2-iphone_9669-mod.jpeg?resize=1024%2C882&amp;ssl=1 1024w, https:\/\/i0.wp.com\/electro-strasbourg.eu\/blog\/wp-content\/uploads\/2019\/05\/190528-audition-sem2-2-iphone_9669-mod.jpeg?w=948 948w, https:\/\/i0.wp.com\/electro-strasbourg.eu\/blog\/wp-content\/uploads\/2019\/05\/190528-audition-sem2-2-iphone_9669-mod.jpeg?w=1422 1422w\" width=\"138\" height=\"119\" loading=\"lazy\" data-original-width=\"138\" data-original-height=\"119\" itemprop=\"http:\/\/schema.org\/image\" title=\"190528-audition-sem2-2-iphone_9669-mod\" alt=\"190528-audition-sem2-2-iphone_9669-mod\" style=\"width: 138px; height: 119px;\" \/> <\/a> <\/div> <div class=\"tiled-gallery-item tiled-gallery-item-small\" itemprop=\"associatedMedia\" itemscope itemtype=\"http:\/\/schema.org\/ImageObject\"> <a href=\"https:\/\/electro-strasbourg.eu\/blog\/2019\/05\/auditions-semestre-2-premier-jour\/img_9606\/\" border=\"0\" itemprop=\"url\"> <meta itemprop=\"width\" content=\"138\"> <meta itemprop=\"height\" content=\"103\"> <img decoding=\"async\" class=\"\" data-attachment-id=\"3136\" data-orig-file=\"https:\/\/electro-strasbourg.eu\/blog\/wp-content\/uploads\/2019\/05\/IMG_9606.jpeg\" data-orig-size=\"4032,3024\" data-comments-opened=\"\" data-image-meta=\"{&quot;aperture&quot;:&quot;1.8&quot;,&quot;credit&quot;:&quot;&quot;,&quot;camera&quot;:&quot;iPhone 8&quot;,&quot;caption&quot;:&quot;&quot;,&quot;created_timestamp&quot;:&quot;1558980360&quot;,&quot;copyright&quot;:&quot;&quot;,&quot;focal_length&quot;:&quot;3.99&quot;,&quot;iso&quot;:&quot;1600&quot;,&quot;shutter_speed&quot;:&quot;0.25&quot;,&quot;title&quot;:&quot;&quot;,&quot;orientation&quot;:&quot;1&quot;}\" data-image-title=\"IMG_9606\" data-image-description=\"\" data-medium-file=\"https:\/\/i0.wp.com\/electro-strasbourg.eu\/blog\/wp-content\/uploads\/2019\/05\/IMG_9606.jpeg?fit=300%2C225&#038;ssl=1\" data-large-file=\"https:\/\/i0.wp.com\/electro-strasbourg.eu\/blog\/wp-content\/uploads\/2019\/05\/IMG_9606.jpeg?fit=474%2C356&#038;ssl=1\" src=\"https:\/\/i0.wp.com\/electro-strasbourg.eu\/blog\/wp-content\/uploads\/2019\/05\/IMG_9606.jpeg?w=138&#038;h=103&#038;ssl=1\" srcset=\"https:\/\/i0.wp.com\/electro-strasbourg.eu\/blog\/wp-content\/uploads\/2019\/05\/IMG_9606.jpeg?w=4032&amp;ssl=1 4032w, https:\/\/i0.wp.com\/electro-strasbourg.eu\/blog\/wp-content\/uploads\/2019\/05\/IMG_9606.jpeg?resize=300%2C225&amp;ssl=1 300w, https:\/\/i0.wp.com\/electro-strasbourg.eu\/blog\/wp-content\/uploads\/2019\/05\/IMG_9606.jpeg?resize=768%2C576&amp;ssl=1 768w, https:\/\/i0.wp.com\/electro-strasbourg.eu\/blog\/wp-content\/uploads\/2019\/05\/IMG_9606.jpeg?resize=1024%2C768&amp;ssl=1 1024w, https:\/\/i0.wp.com\/electro-strasbourg.eu\/blog\/wp-content\/uploads\/2019\/05\/IMG_9606.jpeg?w=948 948w, https:\/\/i0.wp.com\/electro-strasbourg.eu\/blog\/wp-content\/uploads\/2019\/05\/IMG_9606.jpeg?w=1422 1422w\" width=\"138\" height=\"103\" loading=\"lazy\" data-original-width=\"138\" data-original-height=\"103\" itemprop=\"http:\/\/schema.org\/image\" title=\"IMG_9606\" alt=\"IMG_9606\" style=\"width: 138px; height: 103px;\" \/> <\/a> <\/div> <\/div> <!-- close group --> <\/div> <!-- close row --> <div class=\"gallery-row\" style=\"width: 474px; height: 126px;\" data-original-width=\"474\" data-original-height=\"126\" > <div class=\"gallery-group images-1\" style=\"width: 474px; height: 126px;\" data-original-width=\"474\" data-original-height=\"126\" > <div class=\"tiled-gallery-item tiled-gallery-item-large\" itemprop=\"associatedMedia\" itemscope itemtype=\"http:\/\/schema.org\/ImageObject\"> <a href=\"https:\/\/electro-strasbourg.eu\/blog\/190528-audition-sem2-2-nik_0162-mod\/\" border=\"0\" itemprop=\"url\"> <meta itemprop=\"width\" content=\"470\"> <meta itemprop=\"height\" content=\"122\"> <img decoding=\"async\" class=\"\" data-attachment-id=\"3223\" data-orig-file=\"https:\/\/electro-strasbourg.eu\/blog\/wp-content\/uploads\/2019\/05\/190528-audition-sem2-2-Nik_0162-mod.jpg\" data-orig-size=\"5219,1350\" data-comments-opened=\"\" data-image-meta=\"{&quot;aperture&quot;:&quot;3.5&quot;,&quot;credit&quot;:&quot;&quot;,&quot;camera&quot;:&quot;NIKON D5200&quot;,&quot;caption&quot;:&quot;&quot;,&quot;created_timestamp&quot;:&quot;1559058487&quot;,&quot;copyright&quot;:&quot;&quot;,&quot;focal_length&quot;:&quot;18&quot;,&quot;iso&quot;:&quot;3200&quot;,&quot;shutter_speed&quot;:&quot;0.04&quot;,&quot;title&quot;:&quot;&quot;,&quot;orientation&quot;:&quot;1&quot;}\" data-image-title=\"190528-audition-sem2-2-Nik_0162-mod\" data-image-description=\"\" data-medium-file=\"https:\/\/i0.wp.com\/electro-strasbourg.eu\/blog\/wp-content\/uploads\/2019\/05\/190528-audition-sem2-2-Nik_0162-mod.jpg?fit=300%2C78&#038;ssl=1\" data-large-file=\"https:\/\/i0.wp.com\/electro-strasbourg.eu\/blog\/wp-content\/uploads\/2019\/05\/190528-audition-sem2-2-Nik_0162-mod.jpg?fit=474%2C123&#038;ssl=1\" src=\"https:\/\/i0.wp.com\/electro-strasbourg.eu\/blog\/wp-content\/uploads\/2019\/05\/190528-audition-sem2-2-Nik_0162-mod.jpg?w=470&#038;h=122&#038;ssl=1\" srcset=\"https:\/\/i0.wp.com\/electro-strasbourg.eu\/blog\/wp-content\/uploads\/2019\/05\/190528-audition-sem2-2-Nik_0162-mod.jpg?w=5219&amp;ssl=1 5219w, https:\/\/i0.wp.com\/electro-strasbourg.eu\/blog\/wp-content\/uploads\/2019\/05\/190528-audition-sem2-2-Nik_0162-mod.jpg?resize=300%2C78&amp;ssl=1 300w, https:\/\/i0.wp.com\/electro-strasbourg.eu\/blog\/wp-content\/uploads\/2019\/05\/190528-audition-sem2-2-Nik_0162-mod.jpg?resize=768%2C199&amp;ssl=1 768w, https:\/\/i0.wp.com\/electro-strasbourg.eu\/blog\/wp-content\/uploads\/2019\/05\/190528-audition-sem2-2-Nik_0162-mod.jpg?resize=1024%2C265&amp;ssl=1 1024w, https:\/\/i0.wp.com\/electro-strasbourg.eu\/blog\/wp-content\/uploads\/2019\/05\/190528-audition-sem2-2-Nik_0162-mod.jpg?w=948 948w, https:\/\/i0.wp.com\/electro-strasbourg.eu\/blog\/wp-content\/uploads\/2019\/05\/190528-audition-sem2-2-Nik_0162-mod.jpg?w=1422 1422w\" width=\"470\" height=\"122\" loading=\"lazy\" data-original-width=\"470\" data-original-height=\"122\" itemprop=\"http:\/\/schema.org\/image\" title=\"190528-audition-sem2-2-Nik_0162-mod\" alt=\"190528-audition-sem2-2-Nik_0162-mod\" style=\"width: 470px; height: 122px;\" \/> <\/a> <\/div> <\/div> <!-- close group --> <\/div> <!-- close row --> <div class=\"gallery-row\" style=\"width: 474px; height: 217px;\" data-original-width=\"474\" data-original-height=\"217\" > <div class=\"gallery-group images-1\" style=\"width: 163px; height: 217px;\" data-original-width=\"163\" data-original-height=\"217\" > <div class=\"tiled-gallery-item tiled-gallery-item-small\" itemprop=\"associatedMedia\" itemscope itemtype=\"http:\/\/schema.org\/ImageObject\"> <a href=\"https:\/\/electro-strasbourg.eu\/blog\/2019\/05\/auditions-semestre-2-premier-jour\/img_9642\/\" border=\"0\" itemprop=\"url\"> <meta itemprop=\"width\" content=\"159\"> <meta itemprop=\"height\" content=\"213\"> <img decoding=\"async\" class=\"\" data-attachment-id=\"3143\" data-orig-file=\"https:\/\/electro-strasbourg.eu\/blog\/wp-content\/uploads\/2019\/05\/IMG_9642.jpeg\" data-orig-size=\"3024,4032\" data-comments-opened=\"\" data-image-meta=\"{&quot;aperture&quot;:&quot;1.8&quot;,&quot;credit&quot;:&quot;&quot;,&quot;camera&quot;:&quot;iPhone 8&quot;,&quot;caption&quot;:&quot;&quot;,&quot;created_timestamp&quot;:&quot;1558983550&quot;,&quot;copyright&quot;:&quot;&quot;,&quot;focal_length&quot;:&quot;3.99&quot;,&quot;iso&quot;:&quot;320&quot;,&quot;shutter_speed&quot;:&quot;0.25&quot;,&quot;title&quot;:&quot;&quot;,&quot;orientation&quot;:&quot;1&quot;}\" data-image-title=\"IMG_9642\" data-image-description=\"\" data-medium-file=\"https:\/\/i0.wp.com\/electro-strasbourg.eu\/blog\/wp-content\/uploads\/2019\/05\/IMG_9642.jpeg?fit=225%2C300&#038;ssl=1\" data-large-file=\"https:\/\/i0.wp.com\/electro-strasbourg.eu\/blog\/wp-content\/uploads\/2019\/05\/IMG_9642.jpeg?fit=474%2C632&#038;ssl=1\" src=\"https:\/\/i0.wp.com\/electro-strasbourg.eu\/blog\/wp-content\/uploads\/2019\/05\/IMG_9642.jpeg?w=159&#038;h=213&#038;ssl=1\" srcset=\"https:\/\/i0.wp.com\/electro-strasbourg.eu\/blog\/wp-content\/uploads\/2019\/05\/IMG_9642.jpeg?w=3024&amp;ssl=1 3024w, https:\/\/i0.wp.com\/electro-strasbourg.eu\/blog\/wp-content\/uploads\/2019\/05\/IMG_9642.jpeg?resize=225%2C300&amp;ssl=1 225w, https:\/\/i0.wp.com\/electro-strasbourg.eu\/blog\/wp-content\/uploads\/2019\/05\/IMG_9642.jpeg?resize=768%2C1024&amp;ssl=1 768w, https:\/\/i0.wp.com\/electro-strasbourg.eu\/blog\/wp-content\/uploads\/2019\/05\/IMG_9642.jpeg?w=948 948w, https:\/\/i0.wp.com\/electro-strasbourg.eu\/blog\/wp-content\/uploads\/2019\/05\/IMG_9642.jpeg?w=1422 1422w\" width=\"159\" height=\"213\" loading=\"lazy\" data-original-width=\"159\" data-original-height=\"213\" itemprop=\"http:\/\/schema.org\/image\" title=\"IMG_9642\" alt=\"IMG_9642\" style=\"width: 159px; height: 213px;\" \/> <\/a> <\/div> <\/div> <!-- close group --> <div class=\"gallery-group images-1\" style=\"width: 311px; height: 217px;\" data-original-width=\"311\" data-original-height=\"217\" > <div class=\"tiled-gallery-item tiled-gallery-item-large\" itemprop=\"associatedMedia\" itemscope itemtype=\"http:\/\/schema.org\/ImageObject\"> <a href=\"https:\/\/electro-strasbourg.eu\/blog\/190528-audition-sem2-2-iphone_9647-mod\/\" border=\"0\" itemprop=\"url\"> <meta itemprop=\"width\" content=\"307\"> <meta itemprop=\"height\" content=\"213\"> <img decoding=\"async\" class=\"\" data-attachment-id=\"3204\" data-orig-file=\"https:\/\/electro-strasbourg.eu\/blog\/wp-content\/uploads\/2019\/05\/190528-audition-sem2-2-iphone_9647-mod.jpeg\" data-orig-size=\"1499,1040\" data-comments-opened=\"\" data-image-meta=\"{&quot;aperture&quot;:&quot;1.8&quot;,&quot;credit&quot;:&quot;&quot;,&quot;camera&quot;:&quot;iPhone 8&quot;,&quot;caption&quot;:&quot;&quot;,&quot;created_timestamp&quot;:&quot;1559059674&quot;,&quot;copyright&quot;:&quot;&quot;,&quot;focal_length&quot;:&quot;3.99&quot;,&quot;iso&quot;:&quot;100&quot;,&quot;shutter_speed&quot;:&quot;0.16666666666667&quot;,&quot;title&quot;:&quot;&quot;,&quot;orientation&quot;:&quot;1&quot;}\" data-image-title=\"190528-audition-sem2-2-iphone_9647-mod\" data-image-description=\"\" data-medium-file=\"https:\/\/i0.wp.com\/electro-strasbourg.eu\/blog\/wp-content\/uploads\/2019\/05\/190528-audition-sem2-2-iphone_9647-mod.jpeg?fit=300%2C208&#038;ssl=1\" data-large-file=\"https:\/\/i0.wp.com\/electro-strasbourg.eu\/blog\/wp-content\/uploads\/2019\/05\/190528-audition-sem2-2-iphone_9647-mod.jpeg?fit=474%2C329&#038;ssl=1\" src=\"https:\/\/i0.wp.com\/electro-strasbourg.eu\/blog\/wp-content\/uploads\/2019\/05\/190528-audition-sem2-2-iphone_9647-mod.jpeg?w=307&#038;h=213&#038;ssl=1\" srcset=\"https:\/\/i0.wp.com\/electro-strasbourg.eu\/blog\/wp-content\/uploads\/2019\/05\/190528-audition-sem2-2-iphone_9647-mod.jpeg?w=1499&amp;ssl=1 1499w, https:\/\/i0.wp.com\/electro-strasbourg.eu\/blog\/wp-content\/uploads\/2019\/05\/190528-audition-sem2-2-iphone_9647-mod.jpeg?resize=300%2C208&amp;ssl=1 300w, https:\/\/i0.wp.com\/electro-strasbourg.eu\/blog\/wp-content\/uploads\/2019\/05\/190528-audition-sem2-2-iphone_9647-mod.jpeg?resize=768%2C533&amp;ssl=1 768w, https:\/\/i0.wp.com\/electro-strasbourg.eu\/blog\/wp-content\/uploads\/2019\/05\/190528-audition-sem2-2-iphone_9647-mod.jpeg?resize=1024%2C710&amp;ssl=1 1024w, https:\/\/i0.wp.com\/electro-strasbourg.eu\/blog\/wp-content\/uploads\/2019\/05\/190528-audition-sem2-2-iphone_9647-mod.jpeg?w=948 948w, https:\/\/i0.wp.com\/electro-strasbourg.eu\/blog\/wp-content\/uploads\/2019\/05\/190528-audition-sem2-2-iphone_9647-mod.jpeg?w=1422 1422w\" width=\"307\" height=\"213\" loading=\"lazy\" data-original-width=\"307\" data-original-height=\"213\" itemprop=\"http:\/\/schema.org\/image\" title=\"190528-audition-sem2-2-iphone_9647-mod\" alt=\"190528-audition-sem2-2-iphone_9647-mod\" style=\"width: 307px; height: 213px;\" \/> <\/a> <\/div> <\/div> <!-- close group --> <\/div> <!-- close row --> <div class=\"gallery-row\" style=\"width: 474px; height: 125px;\" data-original-width=\"474\" data-original-height=\"125\" > <div class=\"gallery-group images-1\" style=\"width: 474px; height: 125px;\" data-original-width=\"474\" data-original-height=\"125\" > <div class=\"tiled-gallery-item tiled-gallery-item-large\" itemprop=\"associatedMedia\" itemscope itemtype=\"http:\/\/schema.org\/ImageObject\"> <a href=\"https:\/\/electro-strasbourg.eu\/blog\/190528-audition-sem2-2-nik_0181-mod\/\" border=\"0\" itemprop=\"url\"> <meta itemprop=\"width\" content=\"470\"> <meta itemprop=\"height\" content=\"121\"> <img decoding=\"async\" class=\"\" data-attachment-id=\"3226\" data-orig-file=\"https:\/\/electro-strasbourg.eu\/blog\/wp-content\/uploads\/2019\/05\/190528-audition-sem2-2-Nik_0181-mod.jpg\" data-orig-size=\"5545,1432\" data-comments-opened=\"\" data-image-meta=\"{&quot;aperture&quot;:&quot;3.8&quot;,&quot;credit&quot;:&quot;&quot;,&quot;camera&quot;:&quot;NIKON D5200&quot;,&quot;caption&quot;:&quot;&quot;,&quot;created_timestamp&quot;:&quot;1559066788&quot;,&quot;copyright&quot;:&quot;&quot;,&quot;focal_length&quot;:&quot;21&quot;,&quot;iso&quot;:&quot;3200&quot;,&quot;shutter_speed&quot;:&quot;0.033333333333333&quot;,&quot;title&quot;:&quot;&quot;,&quot;orientation&quot;:&quot;1&quot;}\" data-image-title=\"190528-audition-sem2-2-Nik_0181-mod\" data-image-description=\"\" data-medium-file=\"https:\/\/i0.wp.com\/electro-strasbourg.eu\/blog\/wp-content\/uploads\/2019\/05\/190528-audition-sem2-2-Nik_0181-mod.jpg?fit=300%2C77&#038;ssl=1\" data-large-file=\"https:\/\/i0.wp.com\/electro-strasbourg.eu\/blog\/wp-content\/uploads\/2019\/05\/190528-audition-sem2-2-Nik_0181-mod.jpg?fit=474%2C122&#038;ssl=1\" src=\"https:\/\/i0.wp.com\/electro-strasbourg.eu\/blog\/wp-content\/uploads\/2019\/05\/190528-audition-sem2-2-Nik_0181-mod.jpg?w=470&#038;h=121&#038;ssl=1\" srcset=\"https:\/\/i0.wp.com\/electro-strasbourg.eu\/blog\/wp-content\/uploads\/2019\/05\/190528-audition-sem2-2-Nik_0181-mod.jpg?w=5545&amp;ssl=1 5545w, https:\/\/i0.wp.com\/electro-strasbourg.eu\/blog\/wp-content\/uploads\/2019\/05\/190528-audition-sem2-2-Nik_0181-mod.jpg?resize=300%2C77&amp;ssl=1 300w, https:\/\/i0.wp.com\/electro-strasbourg.eu\/blog\/wp-content\/uploads\/2019\/05\/190528-audition-sem2-2-Nik_0181-mod.jpg?resize=768%2C198&amp;ssl=1 768w, https:\/\/i0.wp.com\/electro-strasbourg.eu\/blog\/wp-content\/uploads\/2019\/05\/190528-audition-sem2-2-Nik_0181-mod.jpg?resize=1024%2C264&amp;ssl=1 1024w, https:\/\/i0.wp.com\/electro-strasbourg.eu\/blog\/wp-content\/uploads\/2019\/05\/190528-audition-sem2-2-Nik_0181-mod.jpg?w=948 948w, https:\/\/i0.wp.com\/electro-strasbourg.eu\/blog\/wp-content\/uploads\/2019\/05\/190528-audition-sem2-2-Nik_0181-mod.jpg?w=1422 1422w\" width=\"470\" height=\"121\" loading=\"lazy\" data-original-width=\"470\" data-original-height=\"121\" itemprop=\"http:\/\/schema.org\/image\" title=\"190528-audition-sem2-2-Nik_0181-mod\" alt=\"190528-audition-sem2-2-Nik_0181-mod\" style=\"width: 470px; height: 121px;\" \/> <\/a> <\/div> <\/div> <!-- close group --> <\/div> <!-- close row --> <div class=\"gallery-row\" style=\"width: 474px; height: 313px;\" data-original-width=\"474\" data-original-height=\"313\" > <div class=\"gallery-group images-1\" style=\"width: 236px; height: 313px;\" data-original-width=\"236\" data-original-height=\"313\" > <div class=\"tiled-gallery-item tiled-gallery-item-small\" itemprop=\"associatedMedia\" itemscope itemtype=\"http:\/\/schema.org\/ImageObject\"> <a href=\"https:\/\/electro-strasbourg.eu\/blog\/190528-audition-sem2-2-iphone_9717-mod\/\" border=\"0\" itemprop=\"url\"> <meta itemprop=\"width\" content=\"232\"> <meta itemprop=\"height\" content=\"309\"> <img decoding=\"async\" class=\"\" data-attachment-id=\"3199\" data-orig-file=\"https:\/\/electro-strasbourg.eu\/blog\/wp-content\/uploads\/2019\/05\/190528-audition-sem2-2-iphone_9717-mod.jpeg\" data-orig-size=\"3024,4032\" data-comments-opened=\"\" data-image-meta=\"{&quot;aperture&quot;:&quot;1.8&quot;,&quot;credit&quot;:&quot;&quot;,&quot;camera&quot;:&quot;iPhone 8&quot;,&quot;caption&quot;:&quot;&quot;,&quot;created_timestamp&quot;:&quot;1559068113&quot;,&quot;copyright&quot;:&quot;&quot;,&quot;focal_length&quot;:&quot;3.99&quot;,&quot;iso&quot;:&quot;800&quot;,&quot;shutter_speed&quot;:&quot;0.25&quot;,&quot;title&quot;:&quot;&quot;,&quot;orientation&quot;:&quot;1&quot;}\" data-image-title=\"190528-audition-sem2-2-iphone_9717-mod\" data-image-description=\"\" data-medium-file=\"https:\/\/i0.wp.com\/electro-strasbourg.eu\/blog\/wp-content\/uploads\/2019\/05\/190528-audition-sem2-2-iphone_9717-mod.jpeg?fit=225%2C300&#038;ssl=1\" data-large-file=\"https:\/\/i0.wp.com\/electro-strasbourg.eu\/blog\/wp-content\/uploads\/2019\/05\/190528-audition-sem2-2-iphone_9717-mod.jpeg?fit=474%2C632&#038;ssl=1\" src=\"https:\/\/i0.wp.com\/electro-strasbourg.eu\/blog\/wp-content\/uploads\/2019\/05\/190528-audition-sem2-2-iphone_9717-mod.jpeg?w=232&#038;h=309&#038;ssl=1\" srcset=\"https:\/\/i0.wp.com\/electro-strasbourg.eu\/blog\/wp-content\/uploads\/2019\/05\/190528-audition-sem2-2-iphone_9717-mod.jpeg?w=3024&amp;ssl=1 3024w, https:\/\/i0.wp.com\/electro-strasbourg.eu\/blog\/wp-content\/uploads\/2019\/05\/190528-audition-sem2-2-iphone_9717-mod.jpeg?resize=225%2C300&amp;ssl=1 225w, https:\/\/i0.wp.com\/electro-strasbourg.eu\/blog\/wp-content\/uploads\/2019\/05\/190528-audition-sem2-2-iphone_9717-mod.jpeg?resize=768%2C1024&amp;ssl=1 768w, https:\/\/i0.wp.com\/electro-strasbourg.eu\/blog\/wp-content\/uploads\/2019\/05\/190528-audition-sem2-2-iphone_9717-mod.jpeg?w=948 948w, https:\/\/i0.wp.com\/electro-strasbourg.eu\/blog\/wp-content\/uploads\/2019\/05\/190528-audition-sem2-2-iphone_9717-mod.jpeg?w=1422 1422w\" width=\"232\" height=\"309\" loading=\"lazy\" data-original-width=\"232\" data-original-height=\"309\" itemprop=\"http:\/\/schema.org\/image\" title=\"190528-audition-sem2-2-iphone_9717-mod\" alt=\"190528-audition-sem2-2-iphone_9717-mod\" style=\"width: 232px; height: 309px;\" \/> <\/a> <\/div> <\/div> <!-- close group --> <div class=\"gallery-group images-2\" style=\"width: 238px; height: 313px;\" data-original-width=\"238\" data-original-height=\"313\" > <div class=\"tiled-gallery-item tiled-gallery-item-small\" itemprop=\"associatedMedia\" itemscope itemtype=\"http:\/\/schema.org\/ImageObject\"> <a href=\"https:\/\/electro-strasbourg.eu\/blog\/190528-audition-sem2-2-nik_0169-mod\/\" border=\"0\" itemprop=\"url\"> <meta itemprop=\"width\" content=\"234\"> <meta itemprop=\"height\" content=\"156\"> <img decoding=\"async\" class=\"\" data-attachment-id=\"3208\" data-orig-file=\"https:\/\/electro-strasbourg.eu\/blog\/wp-content\/uploads\/2019\/05\/190528-audition-sem2-2-Nik_0169-mod.jpg\" data-orig-size=\"6000,4000\" data-comments-opened=\"\" data-image-meta=\"{&quot;aperture&quot;:&quot;4.5&quot;,&quot;credit&quot;:&quot;&quot;,&quot;camera&quot;:&quot;NIKON D5200&quot;,&quot;caption&quot;:&quot;&quot;,&quot;created_timestamp&quot;:&quot;1559063731&quot;,&quot;copyright&quot;:&quot;&quot;,&quot;focal_length&quot;:&quot;35&quot;,&quot;iso&quot;:&quot;5000&quot;,&quot;shutter_speed&quot;:&quot;0.04&quot;,&quot;title&quot;:&quot;&quot;,&quot;orientation&quot;:&quot;1&quot;}\" data-image-title=\"190528-audition-sem2-2-Nik_0169-mod\" data-image-description=\"\" data-medium-file=\"https:\/\/i0.wp.com\/electro-strasbourg.eu\/blog\/wp-content\/uploads\/2019\/05\/190528-audition-sem2-2-Nik_0169-mod.jpg?fit=300%2C200&#038;ssl=1\" data-large-file=\"https:\/\/i0.wp.com\/electro-strasbourg.eu\/blog\/wp-content\/uploads\/2019\/05\/190528-audition-sem2-2-Nik_0169-mod.jpg?fit=474%2C316&#038;ssl=1\" src=\"https:\/\/i0.wp.com\/electro-strasbourg.eu\/blog\/wp-content\/uploads\/2019\/05\/190528-audition-sem2-2-Nik_0169-mod.jpg?w=234&#038;h=156&#038;ssl=1\" srcset=\"https:\/\/i0.wp.com\/electro-strasbourg.eu\/blog\/wp-content\/uploads\/2019\/05\/190528-audition-sem2-2-Nik_0169-mod.jpg?w=6000&amp;ssl=1 6000w, https:\/\/i0.wp.com\/electro-strasbourg.eu\/blog\/wp-content\/uploads\/2019\/05\/190528-audition-sem2-2-Nik_0169-mod.jpg?resize=300%2C200&amp;ssl=1 300w, https:\/\/i0.wp.com\/electro-strasbourg.eu\/blog\/wp-content\/uploads\/2019\/05\/190528-audition-sem2-2-Nik_0169-mod.jpg?resize=768%2C512&amp;ssl=1 768w, https:\/\/i0.wp.com\/electro-strasbourg.eu\/blog\/wp-content\/uploads\/2019\/05\/190528-audition-sem2-2-Nik_0169-mod.jpg?resize=1024%2C683&amp;ssl=1 1024w, https:\/\/i0.wp.com\/electro-strasbourg.eu\/blog\/wp-content\/uploads\/2019\/05\/190528-audition-sem2-2-Nik_0169-mod.jpg?w=948 948w, https:\/\/i0.wp.com\/electro-strasbourg.eu\/blog\/wp-content\/uploads\/2019\/05\/190528-audition-sem2-2-Nik_0169-mod.jpg?w=1422 1422w\" width=\"234\" height=\"156\" loading=\"lazy\" data-original-width=\"234\" data-original-height=\"156\" itemprop=\"http:\/\/schema.org\/image\" title=\"190528-audition-sem2-2-Nik_0169-mod\" alt=\"190528-audition-sem2-2-Nik_0169-mod\" style=\"width: 234px; height: 156px;\" \/> <\/a> <\/div> <div class=\"tiled-gallery-item tiled-gallery-item-small\" itemprop=\"associatedMedia\" itemscope itemtype=\"http:\/\/schema.org\/ImageObject\"> <a href=\"https:\/\/electro-strasbourg.eu\/blog\/190528-audition-sem2-2-nik_0183-mod\/\" border=\"0\" itemprop=\"url\"> <meta itemprop=\"width\" content=\"234\"> <meta itemprop=\"height\" content=\"149\"> <img decoding=\"async\" class=\"\" data-attachment-id=\"3227\" data-orig-file=\"https:\/\/electro-strasbourg.eu\/blog\/wp-content\/uploads\/2019\/05\/190528-audition-sem2-2-Nik_0183-mod.jpg\" data-orig-size=\"5603,3562\" data-comments-opened=\"\" data-image-meta=\"{&quot;aperture&quot;:&quot;5.6&quot;,&quot;credit&quot;:&quot;&quot;,&quot;camera&quot;:&quot;NIKON D5200&quot;,&quot;caption&quot;:&quot;&quot;,&quot;created_timestamp&quot;:&quot;1559066806&quot;,&quot;copyright&quot;:&quot;&quot;,&quot;focal_length&quot;:&quot;105&quot;,&quot;iso&quot;:&quot;3200&quot;,&quot;shutter_speed&quot;:&quot;0.05&quot;,&quot;title&quot;:&quot;&quot;,&quot;orientation&quot;:&quot;1&quot;}\" data-image-title=\"190528-audition-sem2-2-Nik_0183-mod\" data-image-description=\"\" data-medium-file=\"https:\/\/i0.wp.com\/electro-strasbourg.eu\/blog\/wp-content\/uploads\/2019\/05\/190528-audition-sem2-2-Nik_0183-mod.jpg?fit=300%2C191&#038;ssl=1\" data-large-file=\"https:\/\/i0.wp.com\/electro-strasbourg.eu\/blog\/wp-content\/uploads\/2019\/05\/190528-audition-sem2-2-Nik_0183-mod.jpg?fit=474%2C301&#038;ssl=1\" src=\"https:\/\/i0.wp.com\/electro-strasbourg.eu\/blog\/wp-content\/uploads\/2019\/05\/190528-audition-sem2-2-Nik_0183-mod.jpg?w=234&#038;h=149&#038;ssl=1\" srcset=\"https:\/\/i0.wp.com\/electro-strasbourg.eu\/blog\/wp-content\/uploads\/2019\/05\/190528-audition-sem2-2-Nik_0183-mod.jpg?w=5603&amp;ssl=1 5603w, https:\/\/i0.wp.com\/electro-strasbourg.eu\/blog\/wp-content\/uploads\/2019\/05\/190528-audition-sem2-2-Nik_0183-mod.jpg?resize=300%2C191&amp;ssl=1 300w, https:\/\/i0.wp.com\/electro-strasbourg.eu\/blog\/wp-content\/uploads\/2019\/05\/190528-audition-sem2-2-Nik_0183-mod.jpg?resize=768%2C488&amp;ssl=1 768w, https:\/\/i0.wp.com\/electro-strasbourg.eu\/blog\/wp-content\/uploads\/2019\/05\/190528-audition-sem2-2-Nik_0183-mod.jpg?resize=1024%2C651&amp;ssl=1 1024w, https:\/\/i0.wp.com\/electro-strasbourg.eu\/blog\/wp-content\/uploads\/2019\/05\/190528-audition-sem2-2-Nik_0183-mod.jpg?w=948 948w, https:\/\/i0.wp.com\/electro-strasbourg.eu\/blog\/wp-content\/uploads\/2019\/05\/190528-audition-sem2-2-Nik_0183-mod.jpg?w=1422 1422w\" width=\"234\" height=\"149\" loading=\"lazy\" data-original-width=\"234\" data-original-height=\"149\" itemprop=\"http:\/\/schema.org\/image\" title=\"190528-audition-sem2-2-Nik_0183-mod\" alt=\"190528-audition-sem2-2-Nik_0183-mod\" style=\"width: 234px; height: 149px;\" \/> <\/a> <\/div> <\/div> <!-- close group --> <\/div> <!-- close row --> <div class=\"gallery-row\" style=\"width: 474px; height: 154px;\" data-original-width=\"474\" data-original-height=\"154\" > <div class=\"gallery-group images-1\" style=\"width: 474px; height: 154px;\" data-original-width=\"474\" data-original-height=\"154\" > <div class=\"tiled-gallery-item tiled-gallery-item-large\" itemprop=\"associatedMedia\" itemscope itemtype=\"http:\/\/schema.org\/ImageObject\"> <a href=\"https:\/\/electro-strasbourg.eu\/blog\/190528-audition-sem2-2-nik_0175-mod\/\" border=\"0\" itemprop=\"url\"> <meta itemprop=\"width\" content=\"470\"> <meta itemprop=\"height\" content=\"150\"> <img decoding=\"async\" class=\"\" data-attachment-id=\"3224\" data-orig-file=\"https:\/\/electro-strasbourg.eu\/blog\/wp-content\/uploads\/2019\/05\/190528-audition-sem2-2-Nik_0175-mod.jpg\" data-orig-size=\"5442,1741\" data-comments-opened=\"\" data-image-meta=\"{&quot;aperture&quot;:&quot;4.2&quot;,&quot;credit&quot;:&quot;&quot;,&quot;camera&quot;:&quot;NIKON D5200&quot;,&quot;caption&quot;:&quot;&quot;,&quot;created_timestamp&quot;:&quot;1559066707&quot;,&quot;copyright&quot;:&quot;&quot;,&quot;focal_length&quot;:&quot;34&quot;,&quot;iso&quot;:&quot;3200&quot;,&quot;shutter_speed&quot;:&quot;0.04&quot;,&quot;title&quot;:&quot;&quot;,&quot;orientation&quot;:&quot;1&quot;}\" data-image-title=\"190528-audition-sem2-2-Nik_0175-mod\" data-image-description=\"\" data-medium-file=\"https:\/\/i0.wp.com\/electro-strasbourg.eu\/blog\/wp-content\/uploads\/2019\/05\/190528-audition-sem2-2-Nik_0175-mod.jpg?fit=300%2C96&#038;ssl=1\" data-large-file=\"https:\/\/i0.wp.com\/electro-strasbourg.eu\/blog\/wp-content\/uploads\/2019\/05\/190528-audition-sem2-2-Nik_0175-mod.jpg?fit=474%2C152&#038;ssl=1\" src=\"https:\/\/i0.wp.com\/electro-strasbourg.eu\/blog\/wp-content\/uploads\/2019\/05\/190528-audition-sem2-2-Nik_0175-mod.jpg?w=470&#038;h=150&#038;ssl=1\" srcset=\"https:\/\/i0.wp.com\/electro-strasbourg.eu\/blog\/wp-content\/uploads\/2019\/05\/190528-audition-sem2-2-Nik_0175-mod.jpg?w=5442&amp;ssl=1 5442w, https:\/\/i0.wp.com\/electro-strasbourg.eu\/blog\/wp-content\/uploads\/2019\/05\/190528-audition-sem2-2-Nik_0175-mod.jpg?resize=300%2C96&amp;ssl=1 300w, https:\/\/i0.wp.com\/electro-strasbourg.eu\/blog\/wp-content\/uploads\/2019\/05\/190528-audition-sem2-2-Nik_0175-mod.jpg?resize=768%2C246&amp;ssl=1 768w, https:\/\/i0.wp.com\/electro-strasbourg.eu\/blog\/wp-content\/uploads\/2019\/05\/190528-audition-sem2-2-Nik_0175-mod.jpg?resize=1024%2C328&amp;ssl=1 1024w, https:\/\/i0.wp.com\/electro-strasbourg.eu\/blog\/wp-content\/uploads\/2019\/05\/190528-audition-sem2-2-Nik_0175-mod.jpg?w=948 948w, https:\/\/i0.wp.com\/electro-strasbourg.eu\/blog\/wp-content\/uploads\/2019\/05\/190528-audition-sem2-2-Nik_0175-mod.jpg?w=1422 1422w\" width=\"470\" height=\"150\" loading=\"lazy\" data-original-width=\"470\" data-original-height=\"150\" itemprop=\"http:\/\/schema.org\/image\" title=\"190528-audition-sem2-2-Nik_0175-mod\" alt=\"190528-audition-sem2-2-Nik_0175-mod\" style=\"width: 470px; height: 150px;\" \/> <\/a> <\/div> <\/div> <!-- close group --> <\/div> <!-- close row --> <div class=\"gallery-row\" style=\"width: 474px; height: 300px;\" data-original-width=\"474\" data-original-height=\"300\" > <div class=\"gallery-group images-2\" style=\"width: 248px; height: 300px;\" data-original-width=\"248\" data-original-height=\"300\" > <div class=\"tiled-gallery-item tiled-gallery-item-small\" itemprop=\"associatedMedia\" itemscope itemtype=\"http:\/\/schema.org\/ImageObject\"> <a href=\"https:\/\/electro-strasbourg.eu\/blog\/190528-audition-sem2-2-nik_0145-mod\/\" border=\"0\" itemprop=\"url\"> <meta itemprop=\"width\" content=\"244\"> <meta itemprop=\"height\" content=\"140\"> <img decoding=\"async\" class=\"\" data-attachment-id=\"3219\" data-orig-file=\"https:\/\/electro-strasbourg.eu\/blog\/wp-content\/uploads\/2019\/05\/190528-audition-sem2-2-Nik_0145-mod.jpg\" data-orig-size=\"6000,3442\" data-comments-opened=\"\" data-image-meta=\"{&quot;aperture&quot;:&quot;4&quot;,&quot;credit&quot;:&quot;&quot;,&quot;camera&quot;:&quot;NIKON D5200&quot;,&quot;caption&quot;:&quot;&quot;,&quot;created_timestamp&quot;:&quot;1559058340&quot;,&quot;copyright&quot;:&quot;&quot;,&quot;focal_length&quot;:&quot;28&quot;,&quot;iso&quot;:&quot;3200&quot;,&quot;shutter_speed&quot;:&quot;0.066666666666667&quot;,&quot;title&quot;:&quot;&quot;,&quot;orientation&quot;:&quot;1&quot;}\" data-image-title=\"190528-audition-sem2-2-Nik_0145-mod\" data-image-description=\"\" data-medium-file=\"https:\/\/i0.wp.com\/electro-strasbourg.eu\/blog\/wp-content\/uploads\/2019\/05\/190528-audition-sem2-2-Nik_0145-mod.jpg?fit=300%2C172&#038;ssl=1\" data-large-file=\"https:\/\/i0.wp.com\/electro-strasbourg.eu\/blog\/wp-content\/uploads\/2019\/05\/190528-audition-sem2-2-Nik_0145-mod.jpg?fit=474%2C272&#038;ssl=1\" src=\"https:\/\/i0.wp.com\/electro-strasbourg.eu\/blog\/wp-content\/uploads\/2019\/05\/190528-audition-sem2-2-Nik_0145-mod.jpg?w=244&#038;h=140&#038;ssl=1\" srcset=\"https:\/\/i0.wp.com\/electro-strasbourg.eu\/blog\/wp-content\/uploads\/2019\/05\/190528-audition-sem2-2-Nik_0145-mod.jpg?w=6000&amp;ssl=1 6000w, https:\/\/i0.wp.com\/electro-strasbourg.eu\/blog\/wp-content\/uploads\/2019\/05\/190528-audition-sem2-2-Nik_0145-mod.jpg?resize=300%2C172&amp;ssl=1 300w, https:\/\/i0.wp.com\/electro-strasbourg.eu\/blog\/wp-content\/uploads\/2019\/05\/190528-audition-sem2-2-Nik_0145-mod.jpg?resize=768%2C441&amp;ssl=1 768w, https:\/\/i0.wp.com\/electro-strasbourg.eu\/blog\/wp-content\/uploads\/2019\/05\/190528-audition-sem2-2-Nik_0145-mod.jpg?resize=1024%2C587&amp;ssl=1 1024w, https:\/\/i0.wp.com\/electro-strasbourg.eu\/blog\/wp-content\/uploads\/2019\/05\/190528-audition-sem2-2-Nik_0145-mod.jpg?w=948 948w, https:\/\/i0.wp.com\/electro-strasbourg.eu\/blog\/wp-content\/uploads\/2019\/05\/190528-audition-sem2-2-Nik_0145-mod.jpg?w=1422 1422w\" width=\"244\" height=\"140\" loading=\"lazy\" data-original-width=\"244\" data-original-height=\"140\" itemprop=\"http:\/\/schema.org\/image\" title=\"190528-audition-sem2-2-Nik_0145-mod\" alt=\"190528-audition-sem2-2-Nik_0145-mod\" style=\"width: 244px; height: 140px;\" \/> <\/a> <\/div> <div class=\"tiled-gallery-item tiled-gallery-item-small\" itemprop=\"associatedMedia\" itemscope itemtype=\"http:\/\/schema.org\/ImageObject\"> <a href=\"https:\/\/electro-strasbourg.eu\/blog\/190528-audition-sem2-2-iphone_9649-mod\/\" border=\"0\" itemprop=\"url\"> <meta itemprop=\"width\" content=\"244\"> <meta itemprop=\"height\" content=\"152\"> <img decoding=\"async\" class=\"\" data-attachment-id=\"3205\" data-orig-file=\"https:\/\/electro-strasbourg.eu\/blog\/wp-content\/uploads\/2019\/05\/190528-audition-sem2-2-iphone_9649-mod.jpeg\" data-orig-size=\"4032,2507\" data-comments-opened=\"\" data-image-meta=\"{&quot;aperture&quot;:&quot;1.8&quot;,&quot;credit&quot;:&quot;&quot;,&quot;camera&quot;:&quot;iPhone 8&quot;,&quot;caption&quot;:&quot;&quot;,&quot;created_timestamp&quot;:&quot;1559059681&quot;,&quot;copyright&quot;:&quot;&quot;,&quot;focal_length&quot;:&quot;3.99&quot;,&quot;iso&quot;:&quot;100&quot;,&quot;shutter_speed&quot;:&quot;0.125&quot;,&quot;title&quot;:&quot;&quot;,&quot;orientation&quot;:&quot;1&quot;}\" data-image-title=\"190528-audition-sem2-2-iphone_9649-mod\" data-image-description=\"\" data-medium-file=\"https:\/\/i0.wp.com\/electro-strasbourg.eu\/blog\/wp-content\/uploads\/2019\/05\/190528-audition-sem2-2-iphone_9649-mod.jpeg?fit=300%2C187&#038;ssl=1\" data-large-file=\"https:\/\/i0.wp.com\/electro-strasbourg.eu\/blog\/wp-content\/uploads\/2019\/05\/190528-audition-sem2-2-iphone_9649-mod.jpeg?fit=474%2C295&#038;ssl=1\" src=\"https:\/\/i0.wp.com\/electro-strasbourg.eu\/blog\/wp-content\/uploads\/2019\/05\/190528-audition-sem2-2-iphone_9649-mod.jpeg?w=244&#038;h=152&#038;ssl=1\" srcset=\"https:\/\/i0.wp.com\/electro-strasbourg.eu\/blog\/wp-content\/uploads\/2019\/05\/190528-audition-sem2-2-iphone_9649-mod.jpeg?w=4032&amp;ssl=1 4032w, https:\/\/i0.wp.com\/electro-strasbourg.eu\/blog\/wp-content\/uploads\/2019\/05\/190528-audition-sem2-2-iphone_9649-mod.jpeg?resize=300%2C187&amp;ssl=1 300w, https:\/\/i0.wp.com\/electro-strasbourg.eu\/blog\/wp-content\/uploads\/2019\/05\/190528-audition-sem2-2-iphone_9649-mod.jpeg?resize=768%2C478&amp;ssl=1 768w, https:\/\/i0.wp.com\/electro-strasbourg.eu\/blog\/wp-content\/uploads\/2019\/05\/190528-audition-sem2-2-iphone_9649-mod.jpeg?resize=1024%2C637&amp;ssl=1 1024w, https:\/\/i0.wp.com\/electro-strasbourg.eu\/blog\/wp-content\/uploads\/2019\/05\/190528-audition-sem2-2-iphone_9649-mod.jpeg?w=948 948w, https:\/\/i0.wp.com\/electro-strasbourg.eu\/blog\/wp-content\/uploads\/2019\/05\/190528-audition-sem2-2-iphone_9649-mod.jpeg?w=1422 1422w\" width=\"244\" height=\"152\" loading=\"lazy\" data-original-width=\"244\" data-original-height=\"152\" itemprop=\"http:\/\/schema.org\/image\" title=\"190528-audition-sem2-2-iphone_9649-mod\" alt=\"190528-audition-sem2-2-iphone_9649-mod\" style=\"width: 244px; height: 152px;\" \/> <\/a> <\/div> <\/div> <!-- close group --> <div class=\"gallery-group images-1\" style=\"width: 226px; height: 300px;\" data-original-width=\"226\" data-original-height=\"300\" > <div class=\"tiled-gallery-item tiled-gallery-item-small\" itemprop=\"associatedMedia\" itemscope itemtype=\"http:\/\/schema.org\/ImageObject\"> <a href=\"https:\/\/electro-strasbourg.eu\/blog\/190528-audition-sem2-2-iphone_9721-mod\/\" border=\"0\" itemprop=\"url\"> <meta itemprop=\"width\" content=\"222\"> <meta itemprop=\"height\" content=\"296\"> <img decoding=\"async\" class=\"\" data-attachment-id=\"3200\" data-orig-file=\"https:\/\/electro-strasbourg.eu\/blog\/wp-content\/uploads\/2019\/05\/190528-audition-sem2-2-iphone_9721-mod.jpeg\" data-orig-size=\"3024,4032\" data-comments-opened=\"\" data-image-meta=\"{&quot;aperture&quot;:&quot;1.8&quot;,&quot;credit&quot;:&quot;&quot;,&quot;camera&quot;:&quot;iPhone 8&quot;,&quot;caption&quot;:&quot;&quot;,&quot;created_timestamp&quot;:&quot;1559068448&quot;,&quot;copyright&quot;:&quot;&quot;,&quot;focal_length&quot;:&quot;3.99&quot;,&quot;iso&quot;:&quot;250&quot;,&quot;shutter_speed&quot;:&quot;0.25&quot;,&quot;title&quot;:&quot;&quot;,&quot;orientation&quot;:&quot;1&quot;}\" data-image-title=\"190528-audition-sem2-2-iphone_9721-mod\" data-image-description=\"\" data-medium-file=\"https:\/\/i0.wp.com\/electro-strasbourg.eu\/blog\/wp-content\/uploads\/2019\/05\/190528-audition-sem2-2-iphone_9721-mod.jpeg?fit=225%2C300&#038;ssl=1\" data-large-file=\"https:\/\/i0.wp.com\/electro-strasbourg.eu\/blog\/wp-content\/uploads\/2019\/05\/190528-audition-sem2-2-iphone_9721-mod.jpeg?fit=474%2C632&#038;ssl=1\" src=\"https:\/\/i0.wp.com\/electro-strasbourg.eu\/blog\/wp-content\/uploads\/2019\/05\/190528-audition-sem2-2-iphone_9721-mod.jpeg?w=222&#038;h=296&#038;ssl=1\" srcset=\"https:\/\/i0.wp.com\/electro-strasbourg.eu\/blog\/wp-content\/uploads\/2019\/05\/190528-audition-sem2-2-iphone_9721-mod.jpeg?w=3024&amp;ssl=1 3024w, https:\/\/i0.wp.com\/electro-strasbourg.eu\/blog\/wp-content\/uploads\/2019\/05\/190528-audition-sem2-2-iphone_9721-mod.jpeg?resize=225%2C300&amp;ssl=1 225w, https:\/\/i0.wp.com\/electro-strasbourg.eu\/blog\/wp-content\/uploads\/2019\/05\/190528-audition-sem2-2-iphone_9721-mod.jpeg?resize=768%2C1024&amp;ssl=1 768w, https:\/\/i0.wp.com\/electro-strasbourg.eu\/blog\/wp-content\/uploads\/2019\/05\/190528-audition-sem2-2-iphone_9721-mod.jpeg?w=948 948w, https:\/\/i0.wp.com\/electro-strasbourg.eu\/blog\/wp-content\/uploads\/2019\/05\/190528-audition-sem2-2-iphone_9721-mod.jpeg?w=1422 1422w\" width=\"222\" height=\"296\" loading=\"lazy\" data-original-width=\"222\" data-original-height=\"296\" itemprop=\"http:\/\/schema.org\/image\" title=\"190528-audition-sem2-2-iphone_9721-mod\" alt=\"190528-audition-sem2-2-iphone_9721-mod\" style=\"width: 222px; height: 296px;\" \/> <\/a> <\/div> <\/div> <!-- close group --> <\/div> <!-- close row --> <div class=\"gallery-row\" style=\"width: 474px; height: 107px;\" data-original-width=\"474\" data-original-height=\"107\" > <div class=\"gallery-group images-1\" style=\"width: 141px; height: 107px;\" data-original-width=\"141\" data-original-height=\"107\" > <div class=\"tiled-gallery-item tiled-gallery-item-small\" itemprop=\"associatedMedia\" itemscope itemtype=\"http:\/\/schema.org\/ImageObject\"> <a href=\"https:\/\/electro-strasbourg.eu\/blog\/190528-audition-sem2-2-iphone_9737\/\" border=\"0\" itemprop=\"url\"> <meta itemprop=\"width\" content=\"137\"> <meta itemprop=\"height\" content=\"103\"> <img decoding=\"async\" class=\"\" data-attachment-id=\"3212\" data-orig-file=\"https:\/\/electro-strasbourg.eu\/blog\/wp-content\/uploads\/2019\/05\/190528-audition-sem2-2-iphone_9737.jpeg\" data-orig-size=\"4032,3024\" data-comments-opened=\"\" data-image-meta=\"{&quot;aperture&quot;:&quot;1.8&quot;,&quot;credit&quot;:&quot;&quot;,&quot;camera&quot;:&quot;iPhone 8&quot;,&quot;caption&quot;:&quot;&quot;,&quot;created_timestamp&quot;:&quot;1559069938&quot;,&quot;copyright&quot;:&quot;&quot;,&quot;focal_length&quot;:&quot;3.99&quot;,&quot;iso&quot;:&quot;32&quot;,&quot;shutter_speed&quot;:&quot;0.033333333333333&quot;,&quot;title&quot;:&quot;&quot;,&quot;orientation&quot;:&quot;1&quot;}\" data-image-title=\"190528-audition-sem2-2-iphone_9737\" data-image-description=\"\" data-medium-file=\"https:\/\/i0.wp.com\/electro-strasbourg.eu\/blog\/wp-content\/uploads\/2019\/05\/190528-audition-sem2-2-iphone_9737.jpeg?fit=300%2C225&#038;ssl=1\" data-large-file=\"https:\/\/i0.wp.com\/electro-strasbourg.eu\/blog\/wp-content\/uploads\/2019\/05\/190528-audition-sem2-2-iphone_9737.jpeg?fit=474%2C356&#038;ssl=1\" src=\"https:\/\/i0.wp.com\/electro-strasbourg.eu\/blog\/wp-content\/uploads\/2019\/05\/190528-audition-sem2-2-iphone_9737.jpeg?w=137&#038;h=103&#038;ssl=1\" srcset=\"https:\/\/i0.wp.com\/electro-strasbourg.eu\/blog\/wp-content\/uploads\/2019\/05\/190528-audition-sem2-2-iphone_9737.jpeg?w=4032&amp;ssl=1 4032w, https:\/\/i0.wp.com\/electro-strasbourg.eu\/blog\/wp-content\/uploads\/2019\/05\/190528-audition-sem2-2-iphone_9737.jpeg?resize=300%2C225&amp;ssl=1 300w, https:\/\/i0.wp.com\/electro-strasbourg.eu\/blog\/wp-content\/uploads\/2019\/05\/190528-audition-sem2-2-iphone_9737.jpeg?resize=768%2C576&amp;ssl=1 768w, https:\/\/i0.wp.com\/electro-strasbourg.eu\/blog\/wp-content\/uploads\/2019\/05\/190528-audition-sem2-2-iphone_9737.jpeg?resize=1024%2C768&amp;ssl=1 1024w, https:\/\/i0.wp.com\/electro-strasbourg.eu\/blog\/wp-content\/uploads\/2019\/05\/190528-audition-sem2-2-iphone_9737.jpeg?w=948 948w, https:\/\/i0.wp.com\/electro-strasbourg.eu\/blog\/wp-content\/uploads\/2019\/05\/190528-audition-sem2-2-iphone_9737.jpeg?w=1422 1422w\" width=\"137\" height=\"103\" loading=\"lazy\" data-original-width=\"137\" data-original-height=\"103\" itemprop=\"http:\/\/schema.org\/image\" title=\"190528-audition-sem2-2-iphone_9737\" alt=\"190528-audition-sem2-2-iphone_9737\" style=\"width: 137px; height: 103px;\" \/> <\/a> <\/div> <\/div> <!-- close group --> <div class=\"gallery-group images-1\" style=\"width: 192px; height: 107px;\" data-original-width=\"192\" data-original-height=\"107\" > <div class=\"tiled-gallery-item tiled-gallery-item-small\" itemprop=\"associatedMedia\" itemscope itemtype=\"http:\/\/schema.org\/ImageObject\"> <a href=\"https:\/\/electro-strasbourg.eu\/blog\/190528-audition-sem2-2-nik_0246-mod\/\" border=\"0\" itemprop=\"url\"> <meta itemprop=\"width\" content=\"188\"> <meta itemprop=\"height\" content=\"103\"> <img decoding=\"async\" class=\"\" data-attachment-id=\"3217\" data-orig-file=\"https:\/\/electro-strasbourg.eu\/blog\/wp-content\/uploads\/2019\/05\/190528-audition-sem2-2-Nik_0246-mod.jpg\" data-orig-size=\"5660,3099\" data-comments-opened=\"\" data-image-meta=\"{&quot;aperture&quot;:&quot;5.6&quot;,&quot;credit&quot;:&quot;&quot;,&quot;camera&quot;:&quot;NIKON D5200&quot;,&quot;caption&quot;:&quot;&quot;,&quot;created_timestamp&quot;:&quot;1559074235&quot;,&quot;copyright&quot;:&quot;&quot;,&quot;focal_length&quot;:&quot;105&quot;,&quot;iso&quot;:&quot;3200&quot;,&quot;shutter_speed&quot;:&quot;0.05&quot;,&quot;title&quot;:&quot;&quot;,&quot;orientation&quot;:&quot;1&quot;}\" data-image-title=\"190528-audition-sem2-2-Nik_0246-mod\" data-image-description=\"\" data-medium-file=\"https:\/\/i0.wp.com\/electro-strasbourg.eu\/blog\/wp-content\/uploads\/2019\/05\/190528-audition-sem2-2-Nik_0246-mod.jpg?fit=300%2C164&#038;ssl=1\" data-large-file=\"https:\/\/i0.wp.com\/electro-strasbourg.eu\/blog\/wp-content\/uploads\/2019\/05\/190528-audition-sem2-2-Nik_0246-mod.jpg?fit=474%2C260&#038;ssl=1\" src=\"https:\/\/i0.wp.com\/electro-strasbourg.eu\/blog\/wp-content\/uploads\/2019\/05\/190528-audition-sem2-2-Nik_0246-mod.jpg?w=188&#038;h=103&#038;ssl=1\" srcset=\"https:\/\/i0.wp.com\/electro-strasbourg.eu\/blog\/wp-content\/uploads\/2019\/05\/190528-audition-sem2-2-Nik_0246-mod.jpg?w=5660&amp;ssl=1 5660w, https:\/\/i0.wp.com\/electro-strasbourg.eu\/blog\/wp-content\/uploads\/2019\/05\/190528-audition-sem2-2-Nik_0246-mod.jpg?resize=300%2C164&amp;ssl=1 300w, https:\/\/i0.wp.com\/electro-strasbourg.eu\/blog\/wp-content\/uploads\/2019\/05\/190528-audition-sem2-2-Nik_0246-mod.jpg?resize=768%2C421&amp;ssl=1 768w, https:\/\/i0.wp.com\/electro-strasbourg.eu\/blog\/wp-content\/uploads\/2019\/05\/190528-audition-sem2-2-Nik_0246-mod.jpg?resize=1024%2C561&amp;ssl=1 1024w, https:\/\/i0.wp.com\/electro-strasbourg.eu\/blog\/wp-content\/uploads\/2019\/05\/190528-audition-sem2-2-Nik_0246-mod.jpg?resize=672%2C372&amp;ssl=1 672w, https:\/\/i0.wp.com\/electro-strasbourg.eu\/blog\/wp-content\/uploads\/2019\/05\/190528-audition-sem2-2-Nik_0246-mod.jpg?resize=1038%2C576&amp;ssl=1 1038w, https:\/\/i0.wp.com\/electro-strasbourg.eu\/blog\/wp-content\/uploads\/2019\/05\/190528-audition-sem2-2-Nik_0246-mod.jpg?w=948 948w, https:\/\/i0.wp.com\/electro-strasbourg.eu\/blog\/wp-content\/uploads\/2019\/05\/190528-audition-sem2-2-Nik_0246-mod.jpg?w=1422 1422w\" width=\"188\" height=\"103\" loading=\"lazy\" data-original-width=\"188\" data-original-height=\"103\" itemprop=\"http:\/\/schema.org\/image\" title=\"190528-audition-sem2-2-Nik_0246-mod\" alt=\"190528-audition-sem2-2-Nik_0246-mod\" style=\"width: 188px; height: 103px;\" \/> <\/a> <\/div> <\/div> <!-- close group --> <div class=\"gallery-group images-1\" style=\"width: 141px; height: 107px;\" data-original-width=\"141\" data-original-height=\"107\" > <div class=\"tiled-gallery-item tiled-gallery-item-small\" itemprop=\"associatedMedia\" itemscope itemtype=\"http:\/\/schema.org\/ImageObject\"> <a href=\"https:\/\/electro-strasbourg.eu\/blog\/190528-audition-sem2-2-iphone_9690\/\" border=\"0\" itemprop=\"url\"> <meta itemprop=\"width\" content=\"137\"> <meta itemprop=\"height\" content=\"103\"> <img decoding=\"async\" class=\"\" data-attachment-id=\"3218\" data-orig-file=\"https:\/\/electro-strasbourg.eu\/blog\/wp-content\/uploads\/2019\/05\/190528-audition-sem2-2-iphone_9690.jpeg\" data-orig-size=\"4032,3024\" data-comments-opened=\"\" data-image-meta=\"{&quot;aperture&quot;:&quot;1.8&quot;,&quot;credit&quot;:&quot;&quot;,&quot;camera&quot;:&quot;iPhone 8&quot;,&quot;caption&quot;:&quot;&quot;,&quot;created_timestamp&quot;:&quot;1559062168&quot;,&quot;copyright&quot;:&quot;&quot;,&quot;focal_length&quot;:&quot;3.99&quot;,&quot;iso&quot;:&quot;100&quot;,&quot;shutter_speed&quot;:&quot;0.090909090909091&quot;,&quot;title&quot;:&quot;&quot;,&quot;orientation&quot;:&quot;1&quot;}\" data-image-title=\"190528-audition-sem2-2-iphone_9690\" data-image-description=\"\" data-medium-file=\"https:\/\/i0.wp.com\/electro-strasbourg.eu\/blog\/wp-content\/uploads\/2019\/05\/190528-audition-sem2-2-iphone_9690.jpeg?fit=300%2C225&#038;ssl=1\" data-large-file=\"https:\/\/i0.wp.com\/electro-strasbourg.eu\/blog\/wp-content\/uploads\/2019\/05\/190528-audition-sem2-2-iphone_9690.jpeg?fit=474%2C356&#038;ssl=1\" src=\"https:\/\/i0.wp.com\/electro-strasbourg.eu\/blog\/wp-content\/uploads\/2019\/05\/190528-audition-sem2-2-iphone_9690.jpeg?w=137&#038;h=103&#038;ssl=1\" srcset=\"https:\/\/i0.wp.com\/electro-strasbourg.eu\/blog\/wp-content\/uploads\/2019\/05\/190528-audition-sem2-2-iphone_9690.jpeg?w=4032&amp;ssl=1 4032w, https:\/\/i0.wp.com\/electro-strasbourg.eu\/blog\/wp-content\/uploads\/2019\/05\/190528-audition-sem2-2-iphone_9690.jpeg?resize=300%2C225&amp;ssl=1 300w, https:\/\/i0.wp.com\/electro-strasbourg.eu\/blog\/wp-content\/uploads\/2019\/05\/190528-audition-sem2-2-iphone_9690.jpeg?resize=768%2C576&amp;ssl=1 768w, https:\/\/i0.wp.com\/electro-strasbourg.eu\/blog\/wp-content\/uploads\/2019\/05\/190528-audition-sem2-2-iphone_9690.jpeg?resize=1024%2C768&amp;ssl=1 1024w, https:\/\/i0.wp.com\/electro-strasbourg.eu\/blog\/wp-content\/uploads\/2019\/05\/190528-audition-sem2-2-iphone_9690.jpeg?w=948 948w, https:\/\/i0.wp.com\/electro-strasbourg.eu\/blog\/wp-content\/uploads\/2019\/05\/190528-audition-sem2-2-iphone_9690.jpeg?w=1422 1422w\" width=\"137\" height=\"103\" loading=\"lazy\" data-original-width=\"137\" data-original-height=\"103\" itemprop=\"http:\/\/schema.org\/image\" title=\"190528-audition-sem2-2-iphone_9690\" alt=\"190528-audition-sem2-2-iphone_9690\" style=\"width: 137px; height: 103px;\" \/> <\/a> <\/div> <\/div> <!-- close group --> <\/div> <!-- close row --> <div class=\"gallery-row\" style=\"width: 474px; height: 219px;\" data-original-width=\"474\" data-original-height=\"219\" > <div class=\"gallery-group images-1\" style=\"width: 327px; height: 219px;\" data-original-width=\"327\" data-original-height=\"219\" > <div class=\"tiled-gallery-item tiled-gallery-item-large\" itemprop=\"associatedMedia\" itemscope itemtype=\"http:\/\/schema.org\/ImageObject\"> <a href=\"https:\/\/electro-strasbourg.eu\/blog\/190528-audition-sem2-2-nik_0159-mod\/\" border=\"0\" itemprop=\"url\"> <meta itemprop=\"width\" content=\"323\"> <meta itemprop=\"height\" content=\"215\"> <img decoding=\"async\" class=\"\" data-attachment-id=\"3222\" data-orig-file=\"https:\/\/electro-strasbourg.eu\/blog\/wp-content\/uploads\/2019\/05\/190528-audition-sem2-2-Nik_0159-mod.jpg\" data-orig-size=\"6000,4000\" data-comments-opened=\"\" data-image-meta=\"{&quot;aperture&quot;:&quot;4.2&quot;,&quot;credit&quot;:&quot;&quot;,&quot;camera&quot;:&quot;NIKON D5200&quot;,&quot;caption&quot;:&quot;&quot;,&quot;created_timestamp&quot;:&quot;1559058463&quot;,&quot;copyright&quot;:&quot;&quot;,&quot;focal_length&quot;:&quot;34&quot;,&quot;iso&quot;:&quot;2500&quot;,&quot;shutter_speed&quot;:&quot;0.033333333333333&quot;,&quot;title&quot;:&quot;&quot;,&quot;orientation&quot;:&quot;1&quot;}\" data-image-title=\"190528-audition-sem2-2-Nik_0159-mod\" data-image-description=\"\" data-medium-file=\"https:\/\/i0.wp.com\/electro-strasbourg.eu\/blog\/wp-content\/uploads\/2019\/05\/190528-audition-sem2-2-Nik_0159-mod.jpg?fit=300%2C200&#038;ssl=1\" data-large-file=\"https:\/\/i0.wp.com\/electro-strasbourg.eu\/blog\/wp-content\/uploads\/2019\/05\/190528-audition-sem2-2-Nik_0159-mod.jpg?fit=474%2C316&#038;ssl=1\" src=\"https:\/\/i0.wp.com\/electro-strasbourg.eu\/blog\/wp-content\/uploads\/2019\/05\/190528-audition-sem2-2-Nik_0159-mod.jpg?w=323&#038;h=215&#038;ssl=1\" srcset=\"https:\/\/i0.wp.com\/electro-strasbourg.eu\/blog\/wp-content\/uploads\/2019\/05\/190528-audition-sem2-2-Nik_0159-mod.jpg?w=6000&amp;ssl=1 6000w, https:\/\/i0.wp.com\/electro-strasbourg.eu\/blog\/wp-content\/uploads\/2019\/05\/190528-audition-sem2-2-Nik_0159-mod.jpg?resize=300%2C200&amp;ssl=1 300w, https:\/\/i0.wp.com\/electro-strasbourg.eu\/blog\/wp-content\/uploads\/2019\/05\/190528-audition-sem2-2-Nik_0159-mod.jpg?resize=768%2C512&amp;ssl=1 768w, https:\/\/i0.wp.com\/electro-strasbourg.eu\/blog\/wp-content\/uploads\/2019\/05\/190528-audition-sem2-2-Nik_0159-mod.jpg?resize=1024%2C683&amp;ssl=1 1024w, https:\/\/i0.wp.com\/electro-strasbourg.eu\/blog\/wp-content\/uploads\/2019\/05\/190528-audition-sem2-2-Nik_0159-mod.jpg?w=948 948w, https:\/\/i0.wp.com\/electro-strasbourg.eu\/blog\/wp-content\/uploads\/2019\/05\/190528-audition-sem2-2-Nik_0159-mod.jpg?w=1422 1422w\" width=\"323\" height=\"215\" loading=\"lazy\" data-original-width=\"323\" data-original-height=\"215\" itemprop=\"http:\/\/schema.org\/image\" title=\"190528-audition-sem2-2-Nik_0159-mod\" alt=\"190528-audition-sem2-2-Nik_0159-mod\" style=\"width: 323px; height: 215px;\" \/> <\/a> <\/div> <\/div> <!-- close group --> <div class=\"gallery-group images-1\" style=\"width: 147px; height: 219px;\" data-original-width=\"147\" data-original-height=\"219\" > <div class=\"tiled-gallery-item tiled-gallery-item-small\" itemprop=\"associatedMedia\" itemscope itemtype=\"http:\/\/schema.org\/ImageObject\"> <a href=\"https:\/\/electro-strasbourg.eu\/blog\/2019\/05\/auditions-semestre-2-premier-jour\/dsc_0136\/\" border=\"0\" itemprop=\"url\"> <meta itemprop=\"width\" content=\"143\"> <meta itemprop=\"height\" content=\"215\"> <img decoding=\"async\" class=\"\" data-attachment-id=\"3135\" data-orig-file=\"https:\/\/electro-strasbourg.eu\/blog\/wp-content\/uploads\/2019\/05\/DSC_0136-e1558997144531.jpg\" data-orig-size=\"4000,6000\" data-comments-opened=\"\" data-image-meta=\"{&quot;aperture&quot;:&quot;5.6&quot;,&quot;credit&quot;:&quot;&quot;,&quot;camera&quot;:&quot;NIKON D5200&quot;,&quot;caption&quot;:&quot;&quot;,&quot;created_timestamp&quot;:&quot;1558986820&quot;,&quot;copyright&quot;:&quot;&quot;,&quot;focal_length&quot;:&quot;105&quot;,&quot;iso&quot;:&quot;3200&quot;,&quot;shutter_speed&quot;:&quot;0.076923076923077&quot;,&quot;title&quot;:&quot;&quot;,&quot;orientation&quot;:&quot;8&quot;}\" data-image-title=\"DSC_0136\" data-image-description=\"\" data-medium-file=\"https:\/\/i0.wp.com\/electro-strasbourg.eu\/blog\/wp-content\/uploads\/2019\/05\/DSC_0136-e1558997144531.jpg?fit=200%2C300&#038;ssl=1\" data-large-file=\"https:\/\/i0.wp.com\/electro-strasbourg.eu\/blog\/wp-content\/uploads\/2019\/05\/DSC_0136-e1558997144531.jpg?fit=474%2C711&#038;ssl=1\" src=\"https:\/\/i0.wp.com\/electro-strasbourg.eu\/blog\/wp-content\/uploads\/2019\/05\/DSC_0136-e1558997144531.jpg?w=143&#038;h=215&#038;ssl=1\" srcset=\"https:\/\/i0.wp.com\/electro-strasbourg.eu\/blog\/wp-content\/uploads\/2019\/05\/DSC_0136-e1558997144531.jpg?w=4000&amp;ssl=1 4000w, https:\/\/i0.wp.com\/electro-strasbourg.eu\/blog\/wp-content\/uploads\/2019\/05\/DSC_0136-e1558997144531.jpg?resize=200%2C300&amp;ssl=1 200w, https:\/\/i0.wp.com\/electro-strasbourg.eu\/blog\/wp-content\/uploads\/2019\/05\/DSC_0136-e1558997144531.jpg?resize=768%2C1152&amp;ssl=1 768w, https:\/\/i0.wp.com\/electro-strasbourg.eu\/blog\/wp-content\/uploads\/2019\/05\/DSC_0136-e1558997144531.jpg?resize=683%2C1024&amp;ssl=1 683w, https:\/\/i0.wp.com\/electro-strasbourg.eu\/blog\/wp-content\/uploads\/2019\/05\/DSC_0136-e1558997144531.jpg?w=948 948w, https:\/\/i0.wp.com\/electro-strasbourg.eu\/blog\/wp-content\/uploads\/2019\/05\/DSC_0136-e1558997144531.jpg?w=1422 1422w\" width=\"143\" height=\"215\" loading=\"lazy\" data-original-width=\"143\" data-original-height=\"215\" itemprop=\"http:\/\/schema.org\/image\" title=\"DSC_0136\" alt=\"DSC_0136\" style=\"width: 143px; height: 215px;\" \/> <\/a> <\/div> <\/div> <!-- close group --> <\/div> <!-- close row --> <div class=\"gallery-row\" style=\"width: 474px; height: 203px;\" data-original-width=\"474\" data-original-height=\"203\" > <div class=\"gallery-group images-1\" style=\"width: 189px; height: 203px;\" data-original-width=\"189\" data-original-height=\"203\" > <div class=\"tiled-gallery-item tiled-gallery-item-small\" itemprop=\"associatedMedia\" itemscope itemtype=\"http:\/\/schema.org\/ImageObject\"> <a href=\"https:\/\/electro-strasbourg.eu\/blog\/190528-audition-sem2-2-iphone_9654-mod\/\" border=\"0\" itemprop=\"url\"> <meta itemprop=\"width\" content=\"185\"> <meta itemprop=\"height\" content=\"199\"> <img decoding=\"async\" class=\"\" data-attachment-id=\"3206\" data-orig-file=\"https:\/\/electro-strasbourg.eu\/blog\/wp-content\/uploads\/2019\/05\/190528-audition-sem2-2-iphone_9654-mod.jpeg\" data-orig-size=\"3024,3253\" data-comments-opened=\"\" data-image-meta=\"{&quot;aperture&quot;:&quot;1.8&quot;,&quot;credit&quot;:&quot;&quot;,&quot;camera&quot;:&quot;iPhone 8&quot;,&quot;caption&quot;:&quot;&quot;,&quot;created_timestamp&quot;:&quot;1559059697&quot;,&quot;copyright&quot;:&quot;&quot;,&quot;focal_length&quot;:&quot;3.99&quot;,&quot;iso&quot;:&quot;500&quot;,&quot;shutter_speed&quot;:&quot;0.25&quot;,&quot;title&quot;:&quot;&quot;,&quot;orientation&quot;:&quot;1&quot;}\" data-image-title=\"190528-audition-sem2-2-iphone_9654-mod\" data-image-description=\"\" data-medium-file=\"https:\/\/i0.wp.com\/electro-strasbourg.eu\/blog\/wp-content\/uploads\/2019\/05\/190528-audition-sem2-2-iphone_9654-mod.jpeg?fit=279%2C300&#038;ssl=1\" data-large-file=\"https:\/\/i0.wp.com\/electro-strasbourg.eu\/blog\/wp-content\/uploads\/2019\/05\/190528-audition-sem2-2-iphone_9654-mod.jpeg?fit=474%2C510&#038;ssl=1\" src=\"https:\/\/i0.wp.com\/electro-strasbourg.eu\/blog\/wp-content\/uploads\/2019\/05\/190528-audition-sem2-2-iphone_9654-mod.jpeg?w=185&#038;h=199&#038;ssl=1\" srcset=\"https:\/\/i0.wp.com\/electro-strasbourg.eu\/blog\/wp-content\/uploads\/2019\/05\/190528-audition-sem2-2-iphone_9654-mod.jpeg?w=3024&amp;ssl=1 3024w, https:\/\/i0.wp.com\/electro-strasbourg.eu\/blog\/wp-content\/uploads\/2019\/05\/190528-audition-sem2-2-iphone_9654-mod.jpeg?resize=279%2C300&amp;ssl=1 279w, https:\/\/i0.wp.com\/electro-strasbourg.eu\/blog\/wp-content\/uploads\/2019\/05\/190528-audition-sem2-2-iphone_9654-mod.jpeg?resize=768%2C826&amp;ssl=1 768w, https:\/\/i0.wp.com\/electro-strasbourg.eu\/blog\/wp-content\/uploads\/2019\/05\/190528-audition-sem2-2-iphone_9654-mod.jpeg?resize=952%2C1024&amp;ssl=1 952w, https:\/\/i0.wp.com\/electro-strasbourg.eu\/blog\/wp-content\/uploads\/2019\/05\/190528-audition-sem2-2-iphone_9654-mod.jpeg?w=1422 1422w\" width=\"185\" height=\"199\" loading=\"lazy\" data-original-width=\"185\" data-original-height=\"199\" itemprop=\"http:\/\/schema.org\/image\" title=\"190528-audition-sem2-2-iphone_9654-mod\" alt=\"190528-audition-sem2-2-iphone_9654-mod\" style=\"width: 185px; height: 199px;\" \/> <\/a> <\/div> <\/div> <!-- close group --> <div class=\"gallery-group images-1\" style=\"width: 285px; height: 203px;\" data-original-width=\"285\" data-original-height=\"203\" > <div class=\"tiled-gallery-item tiled-gallery-item-large\" itemprop=\"associatedMedia\" itemscope itemtype=\"http:\/\/schema.org\/ImageObject\"> <a href=\"https:\/\/electro-strasbourg.eu\/blog\/190528-audition-sem2-2-nik_0209-mod\/\" border=\"0\" itemprop=\"url\"> <meta itemprop=\"width\" content=\"281\"> <meta itemprop=\"height\" content=\"199\"> <img decoding=\"async\" class=\"\" data-attachment-id=\"3231\" data-orig-file=\"https:\/\/electro-strasbourg.eu\/blog\/wp-content\/uploads\/2019\/05\/190528-audition-sem2-2-Nik_0209-mod.jpg\" data-orig-size=\"5670,4000\" data-comments-opened=\"\" data-image-meta=\"{&quot;aperture&quot;:&quot;4.2&quot;,&quot;credit&quot;:&quot;&quot;,&quot;camera&quot;:&quot;NIKON D5200&quot;,&quot;caption&quot;:&quot;&quot;,&quot;created_timestamp&quot;:&quot;1559069965&quot;,&quot;copyright&quot;:&quot;&quot;,&quot;focal_length&quot;:&quot;30&quot;,&quot;iso&quot;:&quot;3200&quot;,&quot;shutter_speed&quot;:&quot;0.125&quot;,&quot;title&quot;:&quot;&quot;,&quot;orientation&quot;:&quot;1&quot;}\" data-image-title=\"190528-audition-sem2-2-Nik_0209-mod\" data-image-description=\"\" data-medium-file=\"https:\/\/i0.wp.com\/electro-strasbourg.eu\/blog\/wp-content\/uploads\/2019\/05\/190528-audition-sem2-2-Nik_0209-mod.jpg?fit=300%2C212&#038;ssl=1\" data-large-file=\"https:\/\/i0.wp.com\/electro-strasbourg.eu\/blog\/wp-content\/uploads\/2019\/05\/190528-audition-sem2-2-Nik_0209-mod.jpg?fit=474%2C334&#038;ssl=1\" src=\"https:\/\/i0.wp.com\/electro-strasbourg.eu\/blog\/wp-content\/uploads\/2019\/05\/190528-audition-sem2-2-Nik_0209-mod.jpg?w=281&#038;h=199&#038;ssl=1\" srcset=\"https:\/\/i0.wp.com\/electro-strasbourg.eu\/blog\/wp-content\/uploads\/2019\/05\/190528-audition-sem2-2-Nik_0209-mod.jpg?w=5670&amp;ssl=1 5670w, https:\/\/i0.wp.com\/electro-strasbourg.eu\/blog\/wp-content\/uploads\/2019\/05\/190528-audition-sem2-2-Nik_0209-mod.jpg?resize=300%2C212&amp;ssl=1 300w, https:\/\/i0.wp.com\/electro-strasbourg.eu\/blog\/wp-content\/uploads\/2019\/05\/190528-audition-sem2-2-Nik_0209-mod.jpg?resize=768%2C542&amp;ssl=1 768w, https:\/\/i0.wp.com\/electro-strasbourg.eu\/blog\/wp-content\/uploads\/2019\/05\/190528-audition-sem2-2-Nik_0209-mod.jpg?resize=1024%2C722&amp;ssl=1 1024w, https:\/\/i0.wp.com\/electro-strasbourg.eu\/blog\/wp-content\/uploads\/2019\/05\/190528-audition-sem2-2-Nik_0209-mod.jpg?w=948 948w, https:\/\/i0.wp.com\/electro-strasbourg.eu\/blog\/wp-content\/uploads\/2019\/05\/190528-audition-sem2-2-Nik_0209-mod.jpg?w=1422 1422w\" width=\"281\" height=\"199\" loading=\"lazy\" data-original-width=\"281\" data-original-height=\"199\" itemprop=\"http:\/\/schema.org\/image\" title=\"190528-audition-sem2-2-Nik_0209-mod\" alt=\"190528-audition-sem2-2-Nik_0209-mod\" style=\"width: 281px; height: 199px;\" \/> <\/a> <\/div> <\/div> <!-- close group --> <\/div> <!-- close row --> <div class=\"gallery-row\" style=\"width: 474px; height: 631px;\" data-original-width=\"474\" data-original-height=\"631\" > <div class=\"gallery-group images-1\" style=\"width: 474px; height: 631px;\" data-original-width=\"474\" data-original-height=\"631\" > <div class=\"tiled-gallery-item tiled-gallery-item-large\" itemprop=\"associatedMedia\" itemscope itemtype=\"http:\/\/schema.org\/ImageObject\"> <a href=\"https:\/\/electro-strasbourg.eu\/blog\/190528-audition-sem2-2-iphone_9725-mod\/\" border=\"0\" itemprop=\"url\"> <meta itemprop=\"width\" content=\"470\"> <meta itemprop=\"height\" content=\"627\"> <img decoding=\"async\" class=\"\" data-attachment-id=\"3201\" data-orig-file=\"https:\/\/electro-strasbourg.eu\/blog\/wp-content\/uploads\/2019\/05\/190528-audition-sem2-2-iphone_9725-mod.jpeg\" data-orig-size=\"3024,4032\" data-comments-opened=\"\" data-image-meta=\"{&quot;aperture&quot;:&quot;1.8&quot;,&quot;credit&quot;:&quot;&quot;,&quot;camera&quot;:&quot;iPhone 8&quot;,&quot;caption&quot;:&quot;&quot;,&quot;created_timestamp&quot;:&quot;1559068721&quot;,&quot;copyright&quot;:&quot;&quot;,&quot;focal_length&quot;:&quot;3.99&quot;,&quot;iso&quot;:&quot;640&quot;,&quot;shutter_speed&quot;:&quot;0.25&quot;,&quot;title&quot;:&quot;&quot;,&quot;orientation&quot;:&quot;1&quot;}\" data-image-title=\"190528-audition-sem2-2-iphone_9725-mod\" data-image-description=\"\" data-medium-file=\"https:\/\/i0.wp.com\/electro-strasbourg.eu\/blog\/wp-content\/uploads\/2019\/05\/190528-audition-sem2-2-iphone_9725-mod.jpeg?fit=225%2C300&#038;ssl=1\" data-large-file=\"https:\/\/i0.wp.com\/electro-strasbourg.eu\/blog\/wp-content\/uploads\/2019\/05\/190528-audition-sem2-2-iphone_9725-mod.jpeg?fit=474%2C632&#038;ssl=1\" src=\"https:\/\/i0.wp.com\/electro-strasbourg.eu\/blog\/wp-content\/uploads\/2019\/05\/190528-audition-sem2-2-iphone_9725-mod.jpeg?w=470&#038;h=627&#038;ssl=1\" srcset=\"https:\/\/i0.wp.com\/electro-strasbourg.eu\/blog\/wp-content\/uploads\/2019\/05\/190528-audition-sem2-2-iphone_9725-mod.jpeg?w=3024&amp;ssl=1 3024w, https:\/\/i0.wp.com\/electro-strasbourg.eu\/blog\/wp-content\/uploads\/2019\/05\/190528-audition-sem2-2-iphone_9725-mod.jpeg?resize=225%2C300&amp;ssl=1 225w, https:\/\/i0.wp.com\/electro-strasbourg.eu\/blog\/wp-content\/uploads\/2019\/05\/190528-audition-sem2-2-iphone_9725-mod.jpeg?resize=768%2C1024&amp;ssl=1 768w, https:\/\/i0.wp.com\/electro-strasbourg.eu\/blog\/wp-content\/uploads\/2019\/05\/190528-audition-sem2-2-iphone_9725-mod.jpeg?w=948 948w, https:\/\/i0.wp.com\/electro-strasbourg.eu\/blog\/wp-content\/uploads\/2019\/05\/190528-audition-sem2-2-iphone_9725-mod.jpeg?w=1422 1422w\" width=\"470\" height=\"627\" loading=\"lazy\" data-original-width=\"470\" data-original-height=\"627\" itemprop=\"http:\/\/schema.org\/image\" title=\"190528-audition-sem2-2-iphone_9725-mod\" alt=\"190528-audition-sem2-2-iphone_9725-mod\" style=\"width: 470px; height: 627px;\" \/> <\/a> <\/div> <\/div> <!-- close group --> <\/div> <!-- close row --> <\/div>\n","protected":false},"excerpt":{"rendered":"<p>Les auditions du 27-28 mai 2019 fin du semestre\u00a02 Audition 1 le 27 mai \u00e0 18h programme 1 : Programme_2019_ audition1_semestre2 Audition 2 &amp; 3 le 28 mai \u00e0 16h et \u00e0 18h programmes 2&amp;3 : Programme_2019_ audition2_3_semestre2<\/p>\n","protected":false},"author":1,"featured_media":0,"parent":584,"menu_order":0,"comment_status":"closed","ping_status":"closed","template":"","meta":{"jetpack_post_was_ever_published":false,"footnotes":""},"class_list":["post-3236","page","type-page","status-publish","hentry"],"jetpack_shortlink":"https:\/\/wp.me\/P3WkX1-Qc","jetpack_sharing_enabled":true,"_links":{"self":[{"href":"https:\/\/electro-strasbourg.eu\/blog\/wp-json\/wp\/v2\/pages\/3236","targetHints":{"allow":["GET"]}}],"collection":[{"href":"https:\/\/electro-strasbourg.eu\/blog\/wp-json\/wp\/v2\/pages"}],"about":[{"href":"https:\/\/electro-strasbourg.eu\/blog\/wp-json\/wp\/v2\/types\/page"}],"author":[{"embeddable":true,"href":"https:\/\/electro-strasbourg.eu\/blog\/wp-json\/wp\/v2\/users\/1"}],"replies":[{"embeddable":true,"href":"https:\/\/electro-strasbourg.eu\/blog\/wp-json\/wp\/v2\/comments?post=3236"}],"version-history":[{"count":3,"href":"https:\/\/electro-strasbourg.eu\/blog\/wp-json\/wp\/v2\/pages\/3236\/revisions"}],"predecessor-version":[{"id":3615,"href":"https:\/\/electro-strasbourg.eu\/blog\/wp-json\/wp\/v2\/pages\/3236\/revisions\/3615"}],"up":[{"embeddable":true,"href":"https:\/\/electro-strasbourg.eu\/blog\/wp-json\/wp\/v2\/pages\/584"}],"wp:attachment":[{"href":"https:\/\/electro-strasbourg.eu\/blog\/wp-json\/wp\/v2\/media?parent=3236"}],"curies":[{"name":"wp","href":"https:\/\/api.w.org\/{rel}","templated":true}]}}