{"id":3473,"date":"2020-01-19T20:42:57","date_gmt":"2020-01-19T19:42:57","guid":{"rendered":"http:\/\/electro-strasbourg.eu\/blog\/?post_type=jetpack-portfolio&#038;p=3473"},"modified":"2020-01-21T17:39:45","modified_gmt":"2020-01-21T16:39:45","slug":"conference-concert-garth-paine","status":"publish","type":"jetpack-portfolio","link":"https:\/\/electro-strasbourg.eu\/blog\/portfolio\/conference-concert-garth-paine\/","title":{"rendered":"Conference-Concert Garth Paine"},"content":{"rendered":"<p>Compositeur Garth Paine, de passage \u00e0 Strasbourg, a donn\u00e9 une conf\u00e9rence sur ses travaux actuels avec un mini concert au studio&#8230;<\/p>\n<p>16 mars 2018<\/p>\n<p>textes propos\u00e9s :<\/p>\n<p><b>Talk:<\/b><\/p>\n<p>Future Perfect and EcoRift are VR works by Garth Paine.\u00a0 In this talk Paine will discuss the experience of Place within VR and his development of ambisonic tools for Unity 3D.\u00a0 He will outline his current collaboration with IRCAM\/ZKM on a new 360 immersive VR concert work, Future Perfect, which will use personal smart phones to provide a VR image space supported by HOA Ambisonic and WFS soundfields. The Ambisonic audio will provide a detailed ambient whist the WFS will permit sounds to follow and be passed between individuals.\u00a0 Smart phone tracking will facilitate sound exchange and vector lines to be drawn between individuals.<\/p>\n<p>EcoRift focuses on bringing the national parks of SW American into hospitals, schools and homes of people across the globe. Democratizing access whilst also augmenting social impact of these magnificent environments through applications in wellbeing, post surgery recovery and education.<\/p>\n<p>Both works will be presented. The talk will finish with a small performance utilizing your smartphone &#8211; so please bring it along&#8230;<\/p>\n<p><b>Bio:<\/b><\/p>\n<p><a href=\"https:\/\/i0.wp.com\/electro-strasbourg.eu\/blog\/wp-content\/uploads\/2020\/01\/GarthBW.jpeg\"><img data-recalc-dims=\"1\" loading=\"lazy\" decoding=\"async\" data-attachment-id=\"3474\" data-permalink=\"https:\/\/electro-strasbourg.eu\/blog\/portfolio\/conference-concert-garth-paine\/garthbw-2\/\" data-orig-file=\"https:\/\/i0.wp.com\/electro-strasbourg.eu\/blog\/wp-content\/uploads\/2020\/01\/GarthBW.jpeg?fit=960%2C1014&amp;ssl=1\" data-orig-size=\"960,1014\" data-comments-opened=\"0\" data-image-meta=\"{&quot;aperture&quot;:&quot;5&quot;,&quot;credit&quot;:&quot;GARTH PAINE&quot;,&quot;camera&quot;:&quot;NIKON D600&quot;,&quot;caption&quot;:&quot;&quot;,&quot;created_timestamp&quot;:&quot;1461610949&quot;,&quot;copyright&quot;:&quot;&quot;,&quot;focal_length&quot;:&quot;19&quot;,&quot;iso&quot;:&quot;1250&quot;,&quot;shutter_speed&quot;:&quot;0.066666666666667&quot;,&quot;title&quot;:&quot;&quot;,&quot;orientation&quot;:&quot;1&quot;}\" data-image-title=\"GarthBW\" data-image-description=\"\" data-image-caption=\"\" data-medium-file=\"https:\/\/i0.wp.com\/electro-strasbourg.eu\/blog\/wp-content\/uploads\/2020\/01\/GarthBW.jpeg?fit=284%2C300&amp;ssl=1\" data-large-file=\"https:\/\/i0.wp.com\/electro-strasbourg.eu\/blog\/wp-content\/uploads\/2020\/01\/GarthBW.jpeg?fit=474%2C501&amp;ssl=1\" class=\"alignnone wp-image-3474\" src=\"https:\/\/i0.wp.com\/electro-strasbourg.eu\/blog\/wp-content\/uploads\/2020\/01\/GarthBW.jpeg?resize=200%2C211\" alt=\"\" width=\"200\" height=\"211\" srcset=\"https:\/\/i0.wp.com\/electro-strasbourg.eu\/blog\/wp-content\/uploads\/2020\/01\/GarthBW.jpeg?w=960&amp;ssl=1 960w, https:\/\/i0.wp.com\/electro-strasbourg.eu\/blog\/wp-content\/uploads\/2020\/01\/GarthBW.jpeg?resize=284%2C300&amp;ssl=1 284w, https:\/\/i0.wp.com\/electro-strasbourg.eu\/blog\/wp-content\/uploads\/2020\/01\/GarthBW.jpeg?resize=768%2C811&amp;ssl=1 768w\" sizes=\"auto, (max-width: 200px) 100vw, 200px\" \/><\/a><\/p>\n<p>Garth Paine is a composer,\u00a0performer and scholar. He has created interactive responsive environments where the inhabitant generates the sonic landscape through their\u00a0presence and behavior and composed many music scores for dance works, generated through realtime video tracking and bio-sensing. He was awarded a Green Room Award for Outstanding Creativity, for Escape Velocity (Company in Space) and was a \ufb01nalist for the Best new Musical\u00a0Score for Dance, 2014. His work has been shown across the globe. Recent performances in Australia, USA, Korea and Europe have presented works for percussion and live electronic processing, resonating metal instruments, motion tracked dance and Tibetan singing bowl robots.\u00a0The\u00a0breadth of his practice is expressed through an enquiry into sound as material.<\/p>\n<p>Garth established and directed the Virtual, Interactive, Performance Research environment (VIPRe) and is internationally regarded as an innovator in interactivity for experimental music and performance. His\u00a0scholarships ranges from leading the Taxonomy of Interfaces for Electronic Music performance (TIEM) project with partners McGill and the EMF, producing an online database of NIME practices, to papers on interaction and somatics. He presented the Keynote at NIME2016 which outlined a\u00a0framework for digital music instrument design. Dr. Paine is a\u00a0Professor of Digital Sound and Interactive Media at the School of Arts Media and Engineering and Digital Culture program at Arizona State University<\/p>\n<p><a href=\"https:\/\/i0.wp.com\/electro-strasbourg.eu\/blog\/wp-content\/uploads\/2020\/01\/04-AME-Oscillations-Garth-Pain.jpeg\"><img data-recalc-dims=\"1\" loading=\"lazy\" decoding=\"async\" data-attachment-id=\"3475\" data-permalink=\"https:\/\/electro-strasbourg.eu\/blog\/portfolio\/conference-concert-garth-paine\/04-ame-oscillations-garth-pain-2\/\" data-orig-file=\"https:\/\/i0.wp.com\/electro-strasbourg.eu\/blog\/wp-content\/uploads\/2020\/01\/04-AME-Oscillations-Garth-Pain.jpeg?fit=1280%2C854&amp;ssl=1\" data-orig-size=\"1280,854\" data-comments-opened=\"0\" data-image-meta=\"{&quot;aperture&quot;:&quot;5.6&quot;,&quot;credit&quot;:&quot;&quot;,&quot;camera&quot;:&quot;NIKON D800&quot;,&quot;caption&quot;:&quot;&quot;,&quot;created_timestamp&quot;:&quot;1394134892&quot;,&quot;copyright&quot;:&quot;&quot;,&quot;focal_length&quot;:&quot;45&quot;,&quot;iso&quot;:&quot;320&quot;,&quot;shutter_speed&quot;:&quot;0.25&quot;,&quot;title&quot;:&quot;&quot;,&quot;orientation&quot;:&quot;1&quot;}\" data-image-title=\"04-AME-Oscillations Garth Pain\" data-image-description=\"\" data-image-caption=\"\" data-medium-file=\"https:\/\/i0.wp.com\/electro-strasbourg.eu\/blog\/wp-content\/uploads\/2020\/01\/04-AME-Oscillations-Garth-Pain.jpeg?fit=300%2C200&amp;ssl=1\" data-large-file=\"https:\/\/i0.wp.com\/electro-strasbourg.eu\/blog\/wp-content\/uploads\/2020\/01\/04-AME-Oscillations-Garth-Pain.jpeg?fit=474%2C316&amp;ssl=1\" class=\"alignnone wp-image-3475\" src=\"https:\/\/i0.wp.com\/electro-strasbourg.eu\/blog\/wp-content\/uploads\/2020\/01\/04-AME-Oscillations-Garth-Pain.jpeg?resize=300%2C200\" alt=\"\" width=\"300\" height=\"200\" srcset=\"https:\/\/i0.wp.com\/electro-strasbourg.eu\/blog\/wp-content\/uploads\/2020\/01\/04-AME-Oscillations-Garth-Pain.jpeg?w=1280&amp;ssl=1 1280w, https:\/\/i0.wp.com\/electro-strasbourg.eu\/blog\/wp-content\/uploads\/2020\/01\/04-AME-Oscillations-Garth-Pain.jpeg?resize=300%2C200&amp;ssl=1 300w, https:\/\/i0.wp.com\/electro-strasbourg.eu\/blog\/wp-content\/uploads\/2020\/01\/04-AME-Oscillations-Garth-Pain.jpeg?resize=1024%2C683&amp;ssl=1 1024w, https:\/\/i0.wp.com\/electro-strasbourg.eu\/blog\/wp-content\/uploads\/2020\/01\/04-AME-Oscillations-Garth-Pain.jpeg?resize=768%2C512&amp;ssl=1 768w, https:\/\/i0.wp.com\/electro-strasbourg.eu\/blog\/wp-content\/uploads\/2020\/01\/04-AME-Oscillations-Garth-Pain.jpeg?w=948 948w\" sizes=\"auto, (max-width: 300px) 100vw, 300px\" \/><\/a><\/p>\n<hr \/>\n<p>vid\u00e9o :<\/p>\n<p><span class=\"embed-youtube\" style=\"text-align:center; display: block;\"><iframe loading=\"lazy\" class=\"youtube-player\" width=\"474\" height=\"267\" src=\"https:\/\/www.youtube.com\/embed\/niTJ5vtswN8?version=3&#038;rel=1&#038;showsearch=0&#038;showinfo=1&#038;iv_load_policy=1&#038;fs=1&#038;hl=fr-FR&#038;autohide=2&#038;wmode=transparent\" allowfullscreen=\"true\" style=\"border:0;\" sandbox=\"allow-scripts allow-same-origin allow-popups allow-presentation allow-popups-to-escape-sandbox\"><\/iframe><\/span><\/p>\n<hr \/>\n<p>photos :<\/p>\n<div class=\"tiled-gallery type-rectangular tiled-gallery-unresized\" data-original-width=\"474\" data-carousel-extra='{&quot;blog_id&quot;:1,&quot;permalink&quot;:&quot;https:\\\/\\\/electro-strasbourg.eu\\\/blog\\\/portfolio\\\/conference-concert-garth-paine\\\/&quot;,&quot;likes_blog_id&quot;:58232571}' itemscope itemtype=\"http:\/\/schema.org\/ImageGallery\" > <div class=\"gallery-row\" style=\"width: 474px; height: 238px;\" data-original-width=\"474\" data-original-height=\"238\" > <div class=\"gallery-group images-1\" style=\"width: 316px; height: 238px;\" data-original-width=\"316\" data-original-height=\"238\" > <div class=\"tiled-gallery-item tiled-gallery-item-large\" itemprop=\"associatedMedia\" itemscope itemtype=\"http:\/\/schema.org\/ImageObject\"> <a href=\"https:\/\/electro-strasbourg.eu\/blog\/portfolio\/conference-concert-garth-paine\/img_2131\/\" border=\"0\" itemprop=\"url\"> <meta itemprop=\"width\" content=\"312\"> <meta itemprop=\"height\" content=\"234\"> <img decoding=\"async\" class=\"\" data-attachment-id=\"3476\" data-orig-file=\"https:\/\/electro-strasbourg.eu\/blog\/wp-content\/uploads\/2020\/01\/IMG_2131-scaled.jpg\" data-orig-size=\"2560,1920\" data-comments-opened=\"\" data-image-meta=\"{&quot;aperture&quot;:&quot;1.8&quot;,&quot;credit&quot;:&quot;&quot;,&quot;camera&quot;:&quot;iPhone 8&quot;,&quot;caption&quot;:&quot;&quot;,&quot;created_timestamp&quot;:&quot;1521209579&quot;,&quot;copyright&quot;:&quot;&quot;,&quot;focal_length&quot;:&quot;3.99&quot;,&quot;iso&quot;:&quot;40&quot;,&quot;shutter_speed&quot;:&quot;0.0625&quot;,&quot;title&quot;:&quot;&quot;,&quot;orientation&quot;:&quot;1&quot;}\" data-image-title=\"IMG_2131\" data-image-description=\"\" data-medium-file=\"https:\/\/i0.wp.com\/electro-strasbourg.eu\/blog\/wp-content\/uploads\/2020\/01\/IMG_2131-scaled.jpg?fit=300%2C225&#038;ssl=1\" data-large-file=\"https:\/\/i0.wp.com\/electro-strasbourg.eu\/blog\/wp-content\/uploads\/2020\/01\/IMG_2131-scaled.jpg?fit=474%2C356&#038;ssl=1\" src=\"https:\/\/i0.wp.com\/electro-strasbourg.eu\/blog\/wp-content\/uploads\/2020\/01\/IMG_2131-scaled.jpg?w=312&#038;h=234&#038;ssl=1\" srcset=\"https:\/\/i0.wp.com\/electro-strasbourg.eu\/blog\/wp-content\/uploads\/2020\/01\/IMG_2131-scaled.jpg?w=2560&amp;ssl=1 2560w, https:\/\/i0.wp.com\/electro-strasbourg.eu\/blog\/wp-content\/uploads\/2020\/01\/IMG_2131-scaled.jpg?resize=300%2C225&amp;ssl=1 300w, https:\/\/i0.wp.com\/electro-strasbourg.eu\/blog\/wp-content\/uploads\/2020\/01\/IMG_2131-scaled.jpg?resize=1024%2C768&amp;ssl=1 1024w, https:\/\/i0.wp.com\/electro-strasbourg.eu\/blog\/wp-content\/uploads\/2020\/01\/IMG_2131-scaled.jpg?resize=768%2C576&amp;ssl=1 768w, https:\/\/i0.wp.com\/electro-strasbourg.eu\/blog\/wp-content\/uploads\/2020\/01\/IMG_2131-scaled.jpg?resize=1536%2C1152&amp;ssl=1 1536w, https:\/\/i0.wp.com\/electro-strasbourg.eu\/blog\/wp-content\/uploads\/2020\/01\/IMG_2131-scaled.jpg?resize=2048%2C1536&amp;ssl=1 2048w, https:\/\/i0.wp.com\/electro-strasbourg.eu\/blog\/wp-content\/uploads\/2020\/01\/IMG_2131-scaled.jpg?w=948 948w, https:\/\/i0.wp.com\/electro-strasbourg.eu\/blog\/wp-content\/uploads\/2020\/01\/IMG_2131-scaled.jpg?w=1422 1422w\" width=\"312\" height=\"234\" loading=\"lazy\" data-original-width=\"312\" data-original-height=\"234\" itemprop=\"http:\/\/schema.org\/image\" title=\"IMG_2131\" alt=\"IMG_2131\" style=\"width: 312px; height: 234px;\" \/> <\/a> <\/div> <\/div> <!-- close group --> <div class=\"gallery-group images-2\" style=\"width: 158px; height: 238px;\" data-original-width=\"158\" data-original-height=\"238\" > <div class=\"tiled-gallery-item tiled-gallery-item-small\" itemprop=\"associatedMedia\" itemscope itemtype=\"http:\/\/schema.org\/ImageObject\"> <a href=\"https:\/\/electro-strasbourg.eu\/blog\/portfolio\/conference-concert-garth-paine\/img_2133\/\" border=\"0\" itemprop=\"url\"> <meta itemprop=\"width\" content=\"154\"> <meta itemprop=\"height\" content=\"115\"> <img decoding=\"async\" class=\"\" data-attachment-id=\"3477\" data-orig-file=\"https:\/\/electro-strasbourg.eu\/blog\/wp-content\/uploads\/2020\/01\/IMG_2133-scaled.jpg\" data-orig-size=\"2560,1920\" data-comments-opened=\"\" data-image-meta=\"{&quot;aperture&quot;:&quot;1.8&quot;,&quot;credit&quot;:&quot;&quot;,&quot;camera&quot;:&quot;iPhone 8&quot;,&quot;caption&quot;:&quot;&quot;,&quot;created_timestamp&quot;:&quot;1521209606&quot;,&quot;copyright&quot;:&quot;&quot;,&quot;focal_length&quot;:&quot;3.99&quot;,&quot;iso&quot;:&quot;40&quot;,&quot;shutter_speed&quot;:&quot;0.058823529411765&quot;,&quot;title&quot;:&quot;&quot;,&quot;orientation&quot;:&quot;1&quot;}\" data-image-title=\"IMG_2133\" data-image-description=\"\" data-medium-file=\"https:\/\/i0.wp.com\/electro-strasbourg.eu\/blog\/wp-content\/uploads\/2020\/01\/IMG_2133-scaled.jpg?fit=300%2C225&#038;ssl=1\" data-large-file=\"https:\/\/i0.wp.com\/electro-strasbourg.eu\/blog\/wp-content\/uploads\/2020\/01\/IMG_2133-scaled.jpg?fit=474%2C356&#038;ssl=1\" src=\"https:\/\/i0.wp.com\/electro-strasbourg.eu\/blog\/wp-content\/uploads\/2020\/01\/IMG_2133-scaled.jpg?w=154&#038;h=115&#038;ssl=1\" srcset=\"https:\/\/i0.wp.com\/electro-strasbourg.eu\/blog\/wp-content\/uploads\/2020\/01\/IMG_2133-scaled.jpg?w=2560&amp;ssl=1 2560w, https:\/\/i0.wp.com\/electro-strasbourg.eu\/blog\/wp-content\/uploads\/2020\/01\/IMG_2133-scaled.jpg?resize=300%2C225&amp;ssl=1 300w, https:\/\/i0.wp.com\/electro-strasbourg.eu\/blog\/wp-content\/uploads\/2020\/01\/IMG_2133-scaled.jpg?resize=1024%2C768&amp;ssl=1 1024w, https:\/\/i0.wp.com\/electro-strasbourg.eu\/blog\/wp-content\/uploads\/2020\/01\/IMG_2133-scaled.jpg?resize=768%2C576&amp;ssl=1 768w, https:\/\/i0.wp.com\/electro-strasbourg.eu\/blog\/wp-content\/uploads\/2020\/01\/IMG_2133-scaled.jpg?resize=1536%2C1152&amp;ssl=1 1536w, https:\/\/i0.wp.com\/electro-strasbourg.eu\/blog\/wp-content\/uploads\/2020\/01\/IMG_2133-scaled.jpg?resize=2048%2C1536&amp;ssl=1 2048w, https:\/\/i0.wp.com\/electro-strasbourg.eu\/blog\/wp-content\/uploads\/2020\/01\/IMG_2133-scaled.jpg?w=948 948w, https:\/\/i0.wp.com\/electro-strasbourg.eu\/blog\/wp-content\/uploads\/2020\/01\/IMG_2133-scaled.jpg?w=1422 1422w\" width=\"154\" height=\"115\" loading=\"lazy\" data-original-width=\"154\" data-original-height=\"115\" itemprop=\"http:\/\/schema.org\/image\" title=\"IMG_2133\" alt=\"IMG_2133\" style=\"width: 154px; height: 115px;\" \/> <\/a> <\/div> <div class=\"tiled-gallery-item tiled-gallery-item-small\" itemprop=\"associatedMedia\" itemscope itemtype=\"http:\/\/schema.org\/ImageObject\"> <a href=\"https:\/\/electro-strasbourg.eu\/blog\/portfolio\/conference-concert-garth-paine\/img_2134\/\" border=\"0\" itemprop=\"url\"> <meta itemprop=\"width\" content=\"154\"> <meta itemprop=\"height\" content=\"115\"> <img decoding=\"async\" class=\"\" data-attachment-id=\"3478\" data-orig-file=\"https:\/\/electro-strasbourg.eu\/blog\/wp-content\/uploads\/2020\/01\/IMG_2134-scaled.jpg\" data-orig-size=\"2560,1920\" data-comments-opened=\"\" data-image-meta=\"{&quot;aperture&quot;:&quot;1.8&quot;,&quot;credit&quot;:&quot;&quot;,&quot;camera&quot;:&quot;iPhone 8&quot;,&quot;caption&quot;:&quot;&quot;,&quot;created_timestamp&quot;:&quot;1521209696&quot;,&quot;copyright&quot;:&quot;&quot;,&quot;focal_length&quot;:&quot;3.99&quot;,&quot;iso&quot;:&quot;40&quot;,&quot;shutter_speed&quot;:&quot;0.055555555555556&quot;,&quot;title&quot;:&quot;&quot;,&quot;orientation&quot;:&quot;1&quot;}\" data-image-title=\"IMG_2134\" data-image-description=\"\" data-medium-file=\"https:\/\/i0.wp.com\/electro-strasbourg.eu\/blog\/wp-content\/uploads\/2020\/01\/IMG_2134-scaled.jpg?fit=300%2C225&#038;ssl=1\" data-large-file=\"https:\/\/i0.wp.com\/electro-strasbourg.eu\/blog\/wp-content\/uploads\/2020\/01\/IMG_2134-scaled.jpg?fit=474%2C356&#038;ssl=1\" src=\"https:\/\/i0.wp.com\/electro-strasbourg.eu\/blog\/wp-content\/uploads\/2020\/01\/IMG_2134-scaled.jpg?w=154&#038;h=115&#038;ssl=1\" srcset=\"https:\/\/i0.wp.com\/electro-strasbourg.eu\/blog\/wp-content\/uploads\/2020\/01\/IMG_2134-scaled.jpg?w=2560&amp;ssl=1 2560w, https:\/\/i0.wp.com\/electro-strasbourg.eu\/blog\/wp-content\/uploads\/2020\/01\/IMG_2134-scaled.jpg?resize=300%2C225&amp;ssl=1 300w, https:\/\/i0.wp.com\/electro-strasbourg.eu\/blog\/wp-content\/uploads\/2020\/01\/IMG_2134-scaled.jpg?resize=1024%2C768&amp;ssl=1 1024w, https:\/\/i0.wp.com\/electro-strasbourg.eu\/blog\/wp-content\/uploads\/2020\/01\/IMG_2134-scaled.jpg?resize=768%2C576&amp;ssl=1 768w, https:\/\/i0.wp.com\/electro-strasbourg.eu\/blog\/wp-content\/uploads\/2020\/01\/IMG_2134-scaled.jpg?resize=1536%2C1152&amp;ssl=1 1536w, https:\/\/i0.wp.com\/electro-strasbourg.eu\/blog\/wp-content\/uploads\/2020\/01\/IMG_2134-scaled.jpg?resize=2048%2C1536&amp;ssl=1 2048w, https:\/\/i0.wp.com\/electro-strasbourg.eu\/blog\/wp-content\/uploads\/2020\/01\/IMG_2134-scaled.jpg?w=948 948w, https:\/\/i0.wp.com\/electro-strasbourg.eu\/blog\/wp-content\/uploads\/2020\/01\/IMG_2134-scaled.jpg?w=1422 1422w\" width=\"154\" height=\"115\" loading=\"lazy\" data-original-width=\"154\" data-original-height=\"115\" itemprop=\"http:\/\/schema.org\/image\" title=\"IMG_2134\" alt=\"IMG_2134\" style=\"width: 154px; height: 115px;\" \/> <\/a> <\/div> <\/div> <!-- close group --> <\/div> <!-- close row --> <div class=\"gallery-row\" style=\"width: 474px; height: 179px;\" data-original-width=\"474\" data-original-height=\"179\" > <div class=\"gallery-group images-1\" style=\"width: 237px; height: 179px;\" data-original-width=\"237\" data-original-height=\"179\" > <div class=\"tiled-gallery-item tiled-gallery-item-small\" itemprop=\"associatedMedia\" itemscope itemtype=\"http:\/\/schema.org\/ImageObject\"> <a href=\"https:\/\/electro-strasbourg.eu\/blog\/portfolio\/conference-concert-garth-paine\/img_2135\/\" border=\"0\" itemprop=\"url\"> <meta itemprop=\"width\" content=\"233\"> <meta itemprop=\"height\" content=\"175\"> <img decoding=\"async\" class=\"\" data-attachment-id=\"3479\" data-orig-file=\"https:\/\/electro-strasbourg.eu\/blog\/wp-content\/uploads\/2020\/01\/IMG_2135-scaled.jpg\" data-orig-size=\"2560,1920\" data-comments-opened=\"\" data-image-meta=\"{&quot;aperture&quot;:&quot;1.8&quot;,&quot;credit&quot;:&quot;&quot;,&quot;camera&quot;:&quot;iPhone 8&quot;,&quot;caption&quot;:&quot;&quot;,&quot;created_timestamp&quot;:&quot;1521209731&quot;,&quot;copyright&quot;:&quot;&quot;,&quot;focal_length&quot;:&quot;3.99&quot;,&quot;iso&quot;:&quot;40&quot;,&quot;shutter_speed&quot;:&quot;0.041666666666667&quot;,&quot;title&quot;:&quot;&quot;,&quot;orientation&quot;:&quot;1&quot;}\" data-image-title=\"IMG_2135\" data-image-description=\"\" data-medium-file=\"https:\/\/i0.wp.com\/electro-strasbourg.eu\/blog\/wp-content\/uploads\/2020\/01\/IMG_2135-scaled.jpg?fit=300%2C225&#038;ssl=1\" data-large-file=\"https:\/\/i0.wp.com\/electro-strasbourg.eu\/blog\/wp-content\/uploads\/2020\/01\/IMG_2135-scaled.jpg?fit=474%2C356&#038;ssl=1\" src=\"https:\/\/i0.wp.com\/electro-strasbourg.eu\/blog\/wp-content\/uploads\/2020\/01\/IMG_2135-scaled.jpg?w=233&#038;h=175&#038;ssl=1\" srcset=\"https:\/\/i0.wp.com\/electro-strasbourg.eu\/blog\/wp-content\/uploads\/2020\/01\/IMG_2135-scaled.jpg?w=2560&amp;ssl=1 2560w, https:\/\/i0.wp.com\/electro-strasbourg.eu\/blog\/wp-content\/uploads\/2020\/01\/IMG_2135-scaled.jpg?resize=300%2C225&amp;ssl=1 300w, https:\/\/i0.wp.com\/electro-strasbourg.eu\/blog\/wp-content\/uploads\/2020\/01\/IMG_2135-scaled.jpg?resize=1024%2C768&amp;ssl=1 1024w, https:\/\/i0.wp.com\/electro-strasbourg.eu\/blog\/wp-content\/uploads\/2020\/01\/IMG_2135-scaled.jpg?resize=768%2C576&amp;ssl=1 768w, https:\/\/i0.wp.com\/electro-strasbourg.eu\/blog\/wp-content\/uploads\/2020\/01\/IMG_2135-scaled.jpg?resize=1536%2C1152&amp;ssl=1 1536w, https:\/\/i0.wp.com\/electro-strasbourg.eu\/blog\/wp-content\/uploads\/2020\/01\/IMG_2135-scaled.jpg?resize=2048%2C1536&amp;ssl=1 2048w, https:\/\/i0.wp.com\/electro-strasbourg.eu\/blog\/wp-content\/uploads\/2020\/01\/IMG_2135-scaled.jpg?w=948 948w, https:\/\/i0.wp.com\/electro-strasbourg.eu\/blog\/wp-content\/uploads\/2020\/01\/IMG_2135-scaled.jpg?w=1422 1422w\" width=\"233\" height=\"175\" loading=\"lazy\" data-original-width=\"233\" data-original-height=\"175\" itemprop=\"http:\/\/schema.org\/image\" title=\"IMG_2135\" alt=\"IMG_2135\" style=\"width: 233px; height: 175px;\" \/> <\/a> <\/div> <\/div> <!-- close group --> <div class=\"gallery-group images-1\" style=\"width: 237px; height: 179px;\" data-original-width=\"237\" data-original-height=\"179\" > <div class=\"tiled-gallery-item tiled-gallery-item-small\" itemprop=\"associatedMedia\" itemscope itemtype=\"http:\/\/schema.org\/ImageObject\"> <a href=\"https:\/\/electro-strasbourg.eu\/blog\/portfolio\/conference-concert-garth-paine\/img_2136\/\" border=\"0\" itemprop=\"url\"> <meta itemprop=\"width\" content=\"233\"> <meta itemprop=\"height\" content=\"175\"> <img decoding=\"async\" class=\"\" data-attachment-id=\"3480\" data-orig-file=\"https:\/\/electro-strasbourg.eu\/blog\/wp-content\/uploads\/2020\/01\/IMG_2136-scaled.jpg\" data-orig-size=\"2560,1920\" data-comments-opened=\"\" data-image-meta=\"{&quot;aperture&quot;:&quot;1.8&quot;,&quot;credit&quot;:&quot;&quot;,&quot;camera&quot;:&quot;iPhone 8&quot;,&quot;caption&quot;:&quot;&quot;,&quot;created_timestamp&quot;:&quot;1521210327&quot;,&quot;copyright&quot;:&quot;&quot;,&quot;focal_length&quot;:&quot;3.99&quot;,&quot;iso&quot;:&quot;40&quot;,&quot;shutter_speed&quot;:&quot;0.05&quot;,&quot;title&quot;:&quot;&quot;,&quot;orientation&quot;:&quot;1&quot;}\" data-image-title=\"IMG_2136\" data-image-description=\"\" data-medium-file=\"https:\/\/i0.wp.com\/electro-strasbourg.eu\/blog\/wp-content\/uploads\/2020\/01\/IMG_2136-scaled.jpg?fit=300%2C225&#038;ssl=1\" data-large-file=\"https:\/\/i0.wp.com\/electro-strasbourg.eu\/blog\/wp-content\/uploads\/2020\/01\/IMG_2136-scaled.jpg?fit=474%2C356&#038;ssl=1\" src=\"https:\/\/i0.wp.com\/electro-strasbourg.eu\/blog\/wp-content\/uploads\/2020\/01\/IMG_2136-scaled.jpg?w=233&#038;h=175&#038;ssl=1\" srcset=\"https:\/\/i0.wp.com\/electro-strasbourg.eu\/blog\/wp-content\/uploads\/2020\/01\/IMG_2136-scaled.jpg?w=2560&amp;ssl=1 2560w, https:\/\/i0.wp.com\/electro-strasbourg.eu\/blog\/wp-content\/uploads\/2020\/01\/IMG_2136-scaled.jpg?resize=300%2C225&amp;ssl=1 300w, https:\/\/i0.wp.com\/electro-strasbourg.eu\/blog\/wp-content\/uploads\/2020\/01\/IMG_2136-scaled.jpg?resize=1024%2C768&amp;ssl=1 1024w, https:\/\/i0.wp.com\/electro-strasbourg.eu\/blog\/wp-content\/uploads\/2020\/01\/IMG_2136-scaled.jpg?resize=768%2C576&amp;ssl=1 768w, https:\/\/i0.wp.com\/electro-strasbourg.eu\/blog\/wp-content\/uploads\/2020\/01\/IMG_2136-scaled.jpg?resize=1536%2C1152&amp;ssl=1 1536w, https:\/\/i0.wp.com\/electro-strasbourg.eu\/blog\/wp-content\/uploads\/2020\/01\/IMG_2136-scaled.jpg?resize=2048%2C1536&amp;ssl=1 2048w, https:\/\/i0.wp.com\/electro-strasbourg.eu\/blog\/wp-content\/uploads\/2020\/01\/IMG_2136-scaled.jpg?w=948 948w, https:\/\/i0.wp.com\/electro-strasbourg.eu\/blog\/wp-content\/uploads\/2020\/01\/IMG_2136-scaled.jpg?w=1422 1422w\" width=\"233\" height=\"175\" loading=\"lazy\" data-original-width=\"233\" data-original-height=\"175\" itemprop=\"http:\/\/schema.org\/image\" title=\"IMG_2136\" alt=\"IMG_2136\" style=\"width: 233px; height: 175px;\" \/> <\/a> <\/div> <\/div> <!-- close group --> <\/div> <!-- close row --> <div class=\"gallery-row\" style=\"width: 474px; height: 185px;\" data-original-width=\"474\" data-original-height=\"185\" > <div class=\"gallery-group images-1\" style=\"width: 474px; height: 185px;\" data-original-width=\"474\" data-original-height=\"185\" > <div class=\"tiled-gallery-item tiled-gallery-item-large\" itemprop=\"associatedMedia\" itemscope itemtype=\"http:\/\/schema.org\/ImageObject\"> <a href=\"https:\/\/electro-strasbourg.eu\/blog\/portfolio\/conference-concert-garth-paine\/img_2137\/\" border=\"0\" itemprop=\"url\"> <meta itemprop=\"width\" content=\"470\"> <meta itemprop=\"height\" content=\"181\"> <img decoding=\"async\" class=\"\" data-attachment-id=\"3481\" data-orig-file=\"https:\/\/electro-strasbourg.eu\/blog\/wp-content\/uploads\/2020\/01\/IMG_2137-scaled.jpg\" data-orig-size=\"2560,987\" data-comments-opened=\"\" data-image-meta=\"{&quot;aperture&quot;:&quot;1.8&quot;,&quot;credit&quot;:&quot;&quot;,&quot;camera&quot;:&quot;iPhone 8&quot;,&quot;caption&quot;:&quot;&quot;,&quot;created_timestamp&quot;:&quot;1521210363&quot;,&quot;copyright&quot;:&quot;&quot;,&quot;focal_length&quot;:&quot;3.99&quot;,&quot;iso&quot;:&quot;320&quot;,&quot;shutter_speed&quot;:&quot;0.0083333333333333&quot;,&quot;title&quot;:&quot;&quot;,&quot;orientation&quot;:&quot;1&quot;}\" data-image-title=\"IMG_2137\" data-image-description=\"\" data-medium-file=\"https:\/\/i0.wp.com\/electro-strasbourg.eu\/blog\/wp-content\/uploads\/2020\/01\/IMG_2137-scaled.jpg?fit=300%2C116&#038;ssl=1\" data-large-file=\"https:\/\/i0.wp.com\/electro-strasbourg.eu\/blog\/wp-content\/uploads\/2020\/01\/IMG_2137-scaled.jpg?fit=474%2C183&#038;ssl=1\" src=\"https:\/\/i0.wp.com\/electro-strasbourg.eu\/blog\/wp-content\/uploads\/2020\/01\/IMG_2137-scaled.jpg?w=470&#038;h=181&#038;ssl=1\" srcset=\"https:\/\/i0.wp.com\/electro-strasbourg.eu\/blog\/wp-content\/uploads\/2020\/01\/IMG_2137-scaled.jpg?w=2560&amp;ssl=1 2560w, https:\/\/i0.wp.com\/electro-strasbourg.eu\/blog\/wp-content\/uploads\/2020\/01\/IMG_2137-scaled.jpg?resize=300%2C116&amp;ssl=1 300w, https:\/\/i0.wp.com\/electro-strasbourg.eu\/blog\/wp-content\/uploads\/2020\/01\/IMG_2137-scaled.jpg?resize=1024%2C395&amp;ssl=1 1024w, https:\/\/i0.wp.com\/electro-strasbourg.eu\/blog\/wp-content\/uploads\/2020\/01\/IMG_2137-scaled.jpg?resize=768%2C296&amp;ssl=1 768w, https:\/\/i0.wp.com\/electro-strasbourg.eu\/blog\/wp-content\/uploads\/2020\/01\/IMG_2137-scaled.jpg?resize=1536%2C592&amp;ssl=1 1536w, https:\/\/i0.wp.com\/electro-strasbourg.eu\/blog\/wp-content\/uploads\/2020\/01\/IMG_2137-scaled.jpg?resize=2048%2C790&amp;ssl=1 2048w, https:\/\/i0.wp.com\/electro-strasbourg.eu\/blog\/wp-content\/uploads\/2020\/01\/IMG_2137-scaled.jpg?w=948 948w, https:\/\/i0.wp.com\/electro-strasbourg.eu\/blog\/wp-content\/uploads\/2020\/01\/IMG_2137-scaled.jpg?w=1422 1422w\" width=\"470\" height=\"181\" loading=\"lazy\" data-original-width=\"470\" data-original-height=\"181\" itemprop=\"http:\/\/schema.org\/image\" title=\"IMG_2137\" alt=\"IMG_2137\" style=\"width: 470px; height: 181px;\" \/> <\/a> <\/div> <\/div> <!-- close group --> <\/div> <!-- close row --> <div class=\"gallery-row\" style=\"width: 474px; height: 120px;\" data-original-width=\"474\" data-original-height=\"120\" > <div class=\"gallery-group images-1\" style=\"width: 158px; height: 120px;\" data-original-width=\"158\" data-original-height=\"120\" > <div class=\"tiled-gallery-item tiled-gallery-item-small\" itemprop=\"associatedMedia\" itemscope itemtype=\"http:\/\/schema.org\/ImageObject\"> <a href=\"https:\/\/electro-strasbourg.eu\/blog\/portfolio\/conference-concert-garth-paine\/img_2140\/\" border=\"0\" itemprop=\"url\"> <meta itemprop=\"width\" content=\"154\"> <meta itemprop=\"height\" content=\"116\"> <img decoding=\"async\" class=\"\" data-attachment-id=\"3482\" data-orig-file=\"https:\/\/electro-strasbourg.eu\/blog\/wp-content\/uploads\/2020\/01\/IMG_2140-scaled.jpg\" data-orig-size=\"2560,1920\" data-comments-opened=\"\" data-image-meta=\"{&quot;aperture&quot;:&quot;1.8&quot;,&quot;credit&quot;:&quot;&quot;,&quot;camera&quot;:&quot;iPhone 8&quot;,&quot;caption&quot;:&quot;&quot;,&quot;created_timestamp&quot;:&quot;1521211153&quot;,&quot;copyright&quot;:&quot;&quot;,&quot;focal_length&quot;:&quot;3.99&quot;,&quot;iso&quot;:&quot;64&quot;,&quot;shutter_speed&quot;:&quot;0.066666666666667&quot;,&quot;title&quot;:&quot;&quot;,&quot;orientation&quot;:&quot;1&quot;}\" data-image-title=\"IMG_2140\" data-image-description=\"\" data-medium-file=\"https:\/\/i0.wp.com\/electro-strasbourg.eu\/blog\/wp-content\/uploads\/2020\/01\/IMG_2140-scaled.jpg?fit=300%2C225&#038;ssl=1\" data-large-file=\"https:\/\/i0.wp.com\/electro-strasbourg.eu\/blog\/wp-content\/uploads\/2020\/01\/IMG_2140-scaled.jpg?fit=474%2C356&#038;ssl=1\" src=\"https:\/\/i0.wp.com\/electro-strasbourg.eu\/blog\/wp-content\/uploads\/2020\/01\/IMG_2140-scaled.jpg?w=154&#038;h=116&#038;ssl=1\" srcset=\"https:\/\/i0.wp.com\/electro-strasbourg.eu\/blog\/wp-content\/uploads\/2020\/01\/IMG_2140-scaled.jpg?w=2560&amp;ssl=1 2560w, https:\/\/i0.wp.com\/electro-strasbourg.eu\/blog\/wp-content\/uploads\/2020\/01\/IMG_2140-scaled.jpg?resize=300%2C225&amp;ssl=1 300w, https:\/\/i0.wp.com\/electro-strasbourg.eu\/blog\/wp-content\/uploads\/2020\/01\/IMG_2140-scaled.jpg?resize=1024%2C768&amp;ssl=1 1024w, https:\/\/i0.wp.com\/electro-strasbourg.eu\/blog\/wp-content\/uploads\/2020\/01\/IMG_2140-scaled.jpg?resize=768%2C576&amp;ssl=1 768w, https:\/\/i0.wp.com\/electro-strasbourg.eu\/blog\/wp-content\/uploads\/2020\/01\/IMG_2140-scaled.jpg?resize=1536%2C1152&amp;ssl=1 1536w, https:\/\/i0.wp.com\/electro-strasbourg.eu\/blog\/wp-content\/uploads\/2020\/01\/IMG_2140-scaled.jpg?resize=2048%2C1536&amp;ssl=1 2048w, https:\/\/i0.wp.com\/electro-strasbourg.eu\/blog\/wp-content\/uploads\/2020\/01\/IMG_2140-scaled.jpg?w=948 948w, https:\/\/i0.wp.com\/electro-strasbourg.eu\/blog\/wp-content\/uploads\/2020\/01\/IMG_2140-scaled.jpg?w=1422 1422w\" width=\"154\" height=\"116\" loading=\"lazy\" data-original-width=\"154\" data-original-height=\"116\" itemprop=\"http:\/\/schema.org\/image\" title=\"IMG_2140\" alt=\"IMG_2140\" style=\"width: 154px; height: 116px;\" \/> <\/a> <\/div> <\/div> <!-- close group --> <div class=\"gallery-group images-1\" style=\"width: 158px; height: 120px;\" data-original-width=\"158\" data-original-height=\"120\" > <div class=\"tiled-gallery-item tiled-gallery-item-small\" itemprop=\"associatedMedia\" itemscope itemtype=\"http:\/\/schema.org\/ImageObject\"> <a href=\"https:\/\/electro-strasbourg.eu\/blog\/portfolio\/conference-concert-garth-paine\/img_2142\/\" border=\"0\" itemprop=\"url\"> <meta itemprop=\"width\" content=\"154\"> <meta itemprop=\"height\" content=\"116\"> <img decoding=\"async\" class=\"\" data-attachment-id=\"3483\" data-orig-file=\"https:\/\/electro-strasbourg.eu\/blog\/wp-content\/uploads\/2020\/01\/IMG_2142-scaled.jpg\" data-orig-size=\"2560,1920\" data-comments-opened=\"\" data-image-meta=\"{&quot;aperture&quot;:&quot;1.8&quot;,&quot;credit&quot;:&quot;&quot;,&quot;camera&quot;:&quot;iPhone 8&quot;,&quot;caption&quot;:&quot;&quot;,&quot;created_timestamp&quot;:&quot;1521211856&quot;,&quot;copyright&quot;:&quot;&quot;,&quot;focal_length&quot;:&quot;3.99&quot;,&quot;iso&quot;:&quot;64&quot;,&quot;shutter_speed&quot;:&quot;0.0625&quot;,&quot;title&quot;:&quot;&quot;,&quot;orientation&quot;:&quot;1&quot;}\" data-image-title=\"IMG_2142\" data-image-description=\"\" data-medium-file=\"https:\/\/i0.wp.com\/electro-strasbourg.eu\/blog\/wp-content\/uploads\/2020\/01\/IMG_2142-scaled.jpg?fit=300%2C225&#038;ssl=1\" data-large-file=\"https:\/\/i0.wp.com\/electro-strasbourg.eu\/blog\/wp-content\/uploads\/2020\/01\/IMG_2142-scaled.jpg?fit=474%2C356&#038;ssl=1\" src=\"https:\/\/i0.wp.com\/electro-strasbourg.eu\/blog\/wp-content\/uploads\/2020\/01\/IMG_2142-scaled.jpg?w=154&#038;h=116&#038;ssl=1\" srcset=\"https:\/\/i0.wp.com\/electro-strasbourg.eu\/blog\/wp-content\/uploads\/2020\/01\/IMG_2142-scaled.jpg?w=2560&amp;ssl=1 2560w, https:\/\/i0.wp.com\/electro-strasbourg.eu\/blog\/wp-content\/uploads\/2020\/01\/IMG_2142-scaled.jpg?resize=300%2C225&amp;ssl=1 300w, https:\/\/i0.wp.com\/electro-strasbourg.eu\/blog\/wp-content\/uploads\/2020\/01\/IMG_2142-scaled.jpg?resize=1024%2C768&amp;ssl=1 1024w, https:\/\/i0.wp.com\/electro-strasbourg.eu\/blog\/wp-content\/uploads\/2020\/01\/IMG_2142-scaled.jpg?resize=768%2C576&amp;ssl=1 768w, https:\/\/i0.wp.com\/electro-strasbourg.eu\/blog\/wp-content\/uploads\/2020\/01\/IMG_2142-scaled.jpg?resize=1536%2C1152&amp;ssl=1 1536w, https:\/\/i0.wp.com\/electro-strasbourg.eu\/blog\/wp-content\/uploads\/2020\/01\/IMG_2142-scaled.jpg?resize=2048%2C1536&amp;ssl=1 2048w, https:\/\/i0.wp.com\/electro-strasbourg.eu\/blog\/wp-content\/uploads\/2020\/01\/IMG_2142-scaled.jpg?w=948 948w, https:\/\/i0.wp.com\/electro-strasbourg.eu\/blog\/wp-content\/uploads\/2020\/01\/IMG_2142-scaled.jpg?w=1422 1422w\" width=\"154\" height=\"116\" loading=\"lazy\" data-original-width=\"154\" data-original-height=\"116\" itemprop=\"http:\/\/schema.org\/image\" title=\"IMG_2142\" alt=\"IMG_2142\" style=\"width: 154px; height: 116px;\" \/> <\/a> <\/div> <\/div> <!-- close group --> <div class=\"gallery-group images-1\" style=\"width: 158px; height: 120px;\" data-original-width=\"158\" data-original-height=\"120\" > <div class=\"tiled-gallery-item tiled-gallery-item-small\" itemprop=\"associatedMedia\" itemscope itemtype=\"http:\/\/schema.org\/ImageObject\"> <a href=\"https:\/\/electro-strasbourg.eu\/blog\/portfolio\/conference-concert-garth-paine\/img_2146\/\" border=\"0\" itemprop=\"url\"> <meta itemprop=\"width\" content=\"154\"> <meta itemprop=\"height\" content=\"116\"> <img decoding=\"async\" class=\"\" data-attachment-id=\"3484\" data-orig-file=\"https:\/\/electro-strasbourg.eu\/blog\/wp-content\/uploads\/2020\/01\/IMG_2146-scaled.jpg\" data-orig-size=\"2560,1920\" data-comments-opened=\"\" data-image-meta=\"{&quot;aperture&quot;:&quot;1.8&quot;,&quot;credit&quot;:&quot;&quot;,&quot;camera&quot;:&quot;iPhone 8&quot;,&quot;caption&quot;:&quot;&quot;,&quot;created_timestamp&quot;:&quot;1521212659&quot;,&quot;copyright&quot;:&quot;&quot;,&quot;focal_length&quot;:&quot;3.99&quot;,&quot;iso&quot;:&quot;40&quot;,&quot;shutter_speed&quot;:&quot;0.033333333333333&quot;,&quot;title&quot;:&quot;&quot;,&quot;orientation&quot;:&quot;1&quot;}\" data-image-title=\"IMG_2146\" data-image-description=\"\" data-medium-file=\"https:\/\/i0.wp.com\/electro-strasbourg.eu\/blog\/wp-content\/uploads\/2020\/01\/IMG_2146-scaled.jpg?fit=300%2C225&#038;ssl=1\" data-large-file=\"https:\/\/i0.wp.com\/electro-strasbourg.eu\/blog\/wp-content\/uploads\/2020\/01\/IMG_2146-scaled.jpg?fit=474%2C356&#038;ssl=1\" src=\"https:\/\/i0.wp.com\/electro-strasbourg.eu\/blog\/wp-content\/uploads\/2020\/01\/IMG_2146-scaled.jpg?w=154&#038;h=116&#038;ssl=1\" srcset=\"https:\/\/i0.wp.com\/electro-strasbourg.eu\/blog\/wp-content\/uploads\/2020\/01\/IMG_2146-scaled.jpg?w=2560&amp;ssl=1 2560w, https:\/\/i0.wp.com\/electro-strasbourg.eu\/blog\/wp-content\/uploads\/2020\/01\/IMG_2146-scaled.jpg?resize=300%2C225&amp;ssl=1 300w, https:\/\/i0.wp.com\/electro-strasbourg.eu\/blog\/wp-content\/uploads\/2020\/01\/IMG_2146-scaled.jpg?resize=1024%2C768&amp;ssl=1 1024w, https:\/\/i0.wp.com\/electro-strasbourg.eu\/blog\/wp-content\/uploads\/2020\/01\/IMG_2146-scaled.jpg?resize=768%2C576&amp;ssl=1 768w, https:\/\/i0.wp.com\/electro-strasbourg.eu\/blog\/wp-content\/uploads\/2020\/01\/IMG_2146-scaled.jpg?resize=1536%2C1152&amp;ssl=1 1536w, https:\/\/i0.wp.com\/electro-strasbourg.eu\/blog\/wp-content\/uploads\/2020\/01\/IMG_2146-scaled.jpg?resize=2048%2C1536&amp;ssl=1 2048w, https:\/\/i0.wp.com\/electro-strasbourg.eu\/blog\/wp-content\/uploads\/2020\/01\/IMG_2146-scaled.jpg?w=948 948w, https:\/\/i0.wp.com\/electro-strasbourg.eu\/blog\/wp-content\/uploads\/2020\/01\/IMG_2146-scaled.jpg?w=1422 1422w\" width=\"154\" height=\"116\" loading=\"lazy\" data-original-width=\"154\" data-original-height=\"116\" itemprop=\"http:\/\/schema.org\/image\" title=\"IMG_2146\" alt=\"IMG_2146\" style=\"width: 154px; height: 116px;\" \/> <\/a> <\/div> <\/div> <!-- close group --> <\/div> <!-- close row --> <div class=\"gallery-row\" style=\"width: 474px; height: 238px;\" data-original-width=\"474\" data-original-height=\"238\" > <div class=\"gallery-group images-1\" style=\"width: 316px; height: 238px;\" data-original-width=\"316\" data-original-height=\"238\" > <div class=\"tiled-gallery-item tiled-gallery-item-large\" itemprop=\"associatedMedia\" itemscope itemtype=\"http:\/\/schema.org\/ImageObject\"> <a href=\"https:\/\/electro-strasbourg.eu\/blog\/portfolio\/conference-concert-garth-paine\/img_2147\/\" border=\"0\" itemprop=\"url\"> <meta itemprop=\"width\" content=\"312\"> <meta itemprop=\"height\" content=\"234\"> <img decoding=\"async\" class=\"\" data-attachment-id=\"3485\" data-orig-file=\"https:\/\/electro-strasbourg.eu\/blog\/wp-content\/uploads\/2020\/01\/IMG_2147-scaled.jpg\" data-orig-size=\"2560,1920\" data-comments-opened=\"\" data-image-meta=\"{&quot;aperture&quot;:&quot;1.8&quot;,&quot;credit&quot;:&quot;&quot;,&quot;camera&quot;:&quot;iPhone 8&quot;,&quot;caption&quot;:&quot;&quot;,&quot;created_timestamp&quot;:&quot;1521213146&quot;,&quot;copyright&quot;:&quot;&quot;,&quot;focal_length&quot;:&quot;3.99&quot;,&quot;iso&quot;:&quot;25&quot;,&quot;shutter_speed&quot;:&quot;0.025&quot;,&quot;title&quot;:&quot;&quot;,&quot;orientation&quot;:&quot;1&quot;}\" data-image-title=\"IMG_2147\" data-image-description=\"\" data-medium-file=\"https:\/\/i0.wp.com\/electro-strasbourg.eu\/blog\/wp-content\/uploads\/2020\/01\/IMG_2147-scaled.jpg?fit=300%2C225&#038;ssl=1\" data-large-file=\"https:\/\/i0.wp.com\/electro-strasbourg.eu\/blog\/wp-content\/uploads\/2020\/01\/IMG_2147-scaled.jpg?fit=474%2C356&#038;ssl=1\" src=\"https:\/\/i0.wp.com\/electro-strasbourg.eu\/blog\/wp-content\/uploads\/2020\/01\/IMG_2147-scaled.jpg?w=312&#038;h=234&#038;ssl=1\" srcset=\"https:\/\/i0.wp.com\/electro-strasbourg.eu\/blog\/wp-content\/uploads\/2020\/01\/IMG_2147-scaled.jpg?w=2560&amp;ssl=1 2560w, https:\/\/i0.wp.com\/electro-strasbourg.eu\/blog\/wp-content\/uploads\/2020\/01\/IMG_2147-scaled.jpg?resize=300%2C225&amp;ssl=1 300w, https:\/\/i0.wp.com\/electro-strasbourg.eu\/blog\/wp-content\/uploads\/2020\/01\/IMG_2147-scaled.jpg?resize=1024%2C768&amp;ssl=1 1024w, https:\/\/i0.wp.com\/electro-strasbourg.eu\/blog\/wp-content\/uploads\/2020\/01\/IMG_2147-scaled.jpg?resize=768%2C576&amp;ssl=1 768w, https:\/\/i0.wp.com\/electro-strasbourg.eu\/blog\/wp-content\/uploads\/2020\/01\/IMG_2147-scaled.jpg?resize=1536%2C1152&amp;ssl=1 1536w, https:\/\/i0.wp.com\/electro-strasbourg.eu\/blog\/wp-content\/uploads\/2020\/01\/IMG_2147-scaled.jpg?resize=2048%2C1536&amp;ssl=1 2048w, https:\/\/i0.wp.com\/electro-strasbourg.eu\/blog\/wp-content\/uploads\/2020\/01\/IMG_2147-scaled.jpg?w=948 948w, https:\/\/i0.wp.com\/electro-strasbourg.eu\/blog\/wp-content\/uploads\/2020\/01\/IMG_2147-scaled.jpg?w=1422 1422w\" width=\"312\" height=\"234\" loading=\"lazy\" data-original-width=\"312\" data-original-height=\"234\" itemprop=\"http:\/\/schema.org\/image\" title=\"IMG_2147\" alt=\"IMG_2147\" style=\"width: 312px; height: 234px;\" \/> <\/a> <\/div> <\/div> <!-- close group --> <div class=\"gallery-group images-2\" style=\"width: 158px; height: 238px;\" data-original-width=\"158\" data-original-height=\"238\" > <div class=\"tiled-gallery-item tiled-gallery-item-small\" itemprop=\"associatedMedia\" itemscope itemtype=\"http:\/\/schema.org\/ImageObject\"> <a href=\"https:\/\/electro-strasbourg.eu\/blog\/portfolio\/conference-concert-garth-paine\/img_2148\/\" border=\"0\" itemprop=\"url\"> <meta itemprop=\"width\" content=\"154\"> <meta itemprop=\"height\" content=\"115\"> <img decoding=\"async\" class=\"\" data-attachment-id=\"3486\" data-orig-file=\"https:\/\/electro-strasbourg.eu\/blog\/wp-content\/uploads\/2020\/01\/IMG_2148-scaled.jpg\" data-orig-size=\"2560,1920\" data-comments-opened=\"\" data-image-meta=\"{&quot;aperture&quot;:&quot;1.8&quot;,&quot;credit&quot;:&quot;&quot;,&quot;camera&quot;:&quot;iPhone 8&quot;,&quot;caption&quot;:&quot;&quot;,&quot;created_timestamp&quot;:&quot;1521213467&quot;,&quot;copyright&quot;:&quot;&quot;,&quot;focal_length&quot;:&quot;3.99&quot;,&quot;iso&quot;:&quot;100&quot;,&quot;shutter_speed&quot;:&quot;0.076923076923077&quot;,&quot;title&quot;:&quot;&quot;,&quot;orientation&quot;:&quot;1&quot;}\" data-image-title=\"IMG_2148\" data-image-description=\"\" data-medium-file=\"https:\/\/i0.wp.com\/electro-strasbourg.eu\/blog\/wp-content\/uploads\/2020\/01\/IMG_2148-scaled.jpg?fit=300%2C225&#038;ssl=1\" data-large-file=\"https:\/\/i0.wp.com\/electro-strasbourg.eu\/blog\/wp-content\/uploads\/2020\/01\/IMG_2148-scaled.jpg?fit=474%2C356&#038;ssl=1\" src=\"https:\/\/i0.wp.com\/electro-strasbourg.eu\/blog\/wp-content\/uploads\/2020\/01\/IMG_2148-scaled.jpg?w=154&#038;h=115&#038;ssl=1\" srcset=\"https:\/\/i0.wp.com\/electro-strasbourg.eu\/blog\/wp-content\/uploads\/2020\/01\/IMG_2148-scaled.jpg?w=2560&amp;ssl=1 2560w, https:\/\/i0.wp.com\/electro-strasbourg.eu\/blog\/wp-content\/uploads\/2020\/01\/IMG_2148-scaled.jpg?resize=300%2C225&amp;ssl=1 300w, https:\/\/i0.wp.com\/electro-strasbourg.eu\/blog\/wp-content\/uploads\/2020\/01\/IMG_2148-scaled.jpg?resize=1024%2C768&amp;ssl=1 1024w, https:\/\/i0.wp.com\/electro-strasbourg.eu\/blog\/wp-content\/uploads\/2020\/01\/IMG_2148-scaled.jpg?resize=768%2C576&amp;ssl=1 768w, https:\/\/i0.wp.com\/electro-strasbourg.eu\/blog\/wp-content\/uploads\/2020\/01\/IMG_2148-scaled.jpg?resize=1536%2C1152&amp;ssl=1 1536w, https:\/\/i0.wp.com\/electro-strasbourg.eu\/blog\/wp-content\/uploads\/2020\/01\/IMG_2148-scaled.jpg?resize=2048%2C1536&amp;ssl=1 2048w, https:\/\/i0.wp.com\/electro-strasbourg.eu\/blog\/wp-content\/uploads\/2020\/01\/IMG_2148-scaled.jpg?w=948 948w, https:\/\/i0.wp.com\/electro-strasbourg.eu\/blog\/wp-content\/uploads\/2020\/01\/IMG_2148-scaled.jpg?w=1422 1422w\" width=\"154\" height=\"115\" loading=\"lazy\" data-original-width=\"154\" data-original-height=\"115\" itemprop=\"http:\/\/schema.org\/image\" title=\"IMG_2148\" alt=\"IMG_2148\" style=\"width: 154px; height: 115px;\" \/> <\/a> <\/div> <div class=\"tiled-gallery-item tiled-gallery-item-small\" itemprop=\"associatedMedia\" itemscope itemtype=\"http:\/\/schema.org\/ImageObject\"> <a href=\"https:\/\/electro-strasbourg.eu\/blog\/portfolio\/conference-concert-garth-paine\/img_2150\/\" border=\"0\" itemprop=\"url\"> <meta itemprop=\"width\" content=\"154\"> <meta itemprop=\"height\" content=\"115\"> <img decoding=\"async\" class=\"\" data-attachment-id=\"3487\" data-orig-file=\"https:\/\/electro-strasbourg.eu\/blog\/wp-content\/uploads\/2020\/01\/IMG_2150-scaled.jpg\" data-orig-size=\"2560,1920\" data-comments-opened=\"\" data-image-meta=\"{&quot;aperture&quot;:&quot;1.8&quot;,&quot;credit&quot;:&quot;&quot;,&quot;camera&quot;:&quot;iPhone 8&quot;,&quot;caption&quot;:&quot;&quot;,&quot;created_timestamp&quot;:&quot;1521213754&quot;,&quot;copyright&quot;:&quot;&quot;,&quot;focal_length&quot;:&quot;3.99&quot;,&quot;iso&quot;:&quot;40&quot;,&quot;shutter_speed&quot;:&quot;0.066666666666667&quot;,&quot;title&quot;:&quot;&quot;,&quot;orientation&quot;:&quot;1&quot;}\" data-image-title=\"IMG_2150\" data-image-description=\"\" data-medium-file=\"https:\/\/i0.wp.com\/electro-strasbourg.eu\/blog\/wp-content\/uploads\/2020\/01\/IMG_2150-scaled.jpg?fit=300%2C225&#038;ssl=1\" data-large-file=\"https:\/\/i0.wp.com\/electro-strasbourg.eu\/blog\/wp-content\/uploads\/2020\/01\/IMG_2150-scaled.jpg?fit=474%2C356&#038;ssl=1\" src=\"https:\/\/i0.wp.com\/electro-strasbourg.eu\/blog\/wp-content\/uploads\/2020\/01\/IMG_2150-scaled.jpg?w=154&#038;h=115&#038;ssl=1\" srcset=\"https:\/\/i0.wp.com\/electro-strasbourg.eu\/blog\/wp-content\/uploads\/2020\/01\/IMG_2150-scaled.jpg?w=2560&amp;ssl=1 2560w, https:\/\/i0.wp.com\/electro-strasbourg.eu\/blog\/wp-content\/uploads\/2020\/01\/IMG_2150-scaled.jpg?resize=300%2C225&amp;ssl=1 300w, https:\/\/i0.wp.com\/electro-strasbourg.eu\/blog\/wp-content\/uploads\/2020\/01\/IMG_2150-scaled.jpg?resize=1024%2C768&amp;ssl=1 1024w, https:\/\/i0.wp.com\/electro-strasbourg.eu\/blog\/wp-content\/uploads\/2020\/01\/IMG_2150-scaled.jpg?resize=768%2C576&amp;ssl=1 768w, https:\/\/i0.wp.com\/electro-strasbourg.eu\/blog\/wp-content\/uploads\/2020\/01\/IMG_2150-scaled.jpg?resize=1536%2C1152&amp;ssl=1 1536w, https:\/\/i0.wp.com\/electro-strasbourg.eu\/blog\/wp-content\/uploads\/2020\/01\/IMG_2150-scaled.jpg?resize=2048%2C1536&amp;ssl=1 2048w, https:\/\/i0.wp.com\/electro-strasbourg.eu\/blog\/wp-content\/uploads\/2020\/01\/IMG_2150-scaled.jpg?w=948 948w, https:\/\/i0.wp.com\/electro-strasbourg.eu\/blog\/wp-content\/uploads\/2020\/01\/IMG_2150-scaled.jpg?w=1422 1422w\" width=\"154\" height=\"115\" loading=\"lazy\" data-original-width=\"154\" data-original-height=\"115\" itemprop=\"http:\/\/schema.org\/image\" title=\"IMG_2150\" alt=\"IMG_2150\" style=\"width: 154px; height: 115px;\" \/> <\/a> <\/div> <\/div> <!-- close group --> <\/div> <!-- close row --> <div class=\"gallery-row\" style=\"width: 474px; height: 179px;\" data-original-width=\"474\" data-original-height=\"179\" > <div class=\"gallery-group images-1\" style=\"width: 237px; height: 179px;\" data-original-width=\"237\" data-original-height=\"179\" > <div class=\"tiled-gallery-item tiled-gallery-item-small\" itemprop=\"associatedMedia\" itemscope itemtype=\"http:\/\/schema.org\/ImageObject\"> <a href=\"https:\/\/electro-strasbourg.eu\/blog\/portfolio\/conference-concert-garth-paine\/img_2151\/\" border=\"0\" itemprop=\"url\"> <meta itemprop=\"width\" content=\"233\"> <meta itemprop=\"height\" content=\"175\"> <img decoding=\"async\" class=\"\" data-attachment-id=\"3488\" data-orig-file=\"https:\/\/electro-strasbourg.eu\/blog\/wp-content\/uploads\/2020\/01\/IMG_2151-scaled.jpg\" data-orig-size=\"2560,1920\" data-comments-opened=\"\" data-image-meta=\"{&quot;aperture&quot;:&quot;1.8&quot;,&quot;credit&quot;:&quot;&quot;,&quot;camera&quot;:&quot;iPhone 8&quot;,&quot;caption&quot;:&quot;&quot;,&quot;created_timestamp&quot;:&quot;1521214163&quot;,&quot;copyright&quot;:&quot;&quot;,&quot;focal_length&quot;:&quot;3.99&quot;,&quot;iso&quot;:&quot;80&quot;,&quot;shutter_speed&quot;:&quot;0.066666666666667&quot;,&quot;title&quot;:&quot;&quot;,&quot;orientation&quot;:&quot;1&quot;}\" data-image-title=\"IMG_2151\" data-image-description=\"\" data-medium-file=\"https:\/\/i0.wp.com\/electro-strasbourg.eu\/blog\/wp-content\/uploads\/2020\/01\/IMG_2151-scaled.jpg?fit=300%2C225&#038;ssl=1\" data-large-file=\"https:\/\/i0.wp.com\/electro-strasbourg.eu\/blog\/wp-content\/uploads\/2020\/01\/IMG_2151-scaled.jpg?fit=474%2C356&#038;ssl=1\" src=\"https:\/\/i0.wp.com\/electro-strasbourg.eu\/blog\/wp-content\/uploads\/2020\/01\/IMG_2151-scaled.jpg?w=233&#038;h=175&#038;ssl=1\" srcset=\"https:\/\/i0.wp.com\/electro-strasbourg.eu\/blog\/wp-content\/uploads\/2020\/01\/IMG_2151-scaled.jpg?w=2560&amp;ssl=1 2560w, https:\/\/i0.wp.com\/electro-strasbourg.eu\/blog\/wp-content\/uploads\/2020\/01\/IMG_2151-scaled.jpg?resize=300%2C225&amp;ssl=1 300w, https:\/\/i0.wp.com\/electro-strasbourg.eu\/blog\/wp-content\/uploads\/2020\/01\/IMG_2151-scaled.jpg?resize=1024%2C768&amp;ssl=1 1024w, https:\/\/i0.wp.com\/electro-strasbourg.eu\/blog\/wp-content\/uploads\/2020\/01\/IMG_2151-scaled.jpg?resize=768%2C576&amp;ssl=1 768w, https:\/\/i0.wp.com\/electro-strasbourg.eu\/blog\/wp-content\/uploads\/2020\/01\/IMG_2151-scaled.jpg?resize=1536%2C1152&amp;ssl=1 1536w, https:\/\/i0.wp.com\/electro-strasbourg.eu\/blog\/wp-content\/uploads\/2020\/01\/IMG_2151-scaled.jpg?resize=2048%2C1536&amp;ssl=1 2048w, https:\/\/i0.wp.com\/electro-strasbourg.eu\/blog\/wp-content\/uploads\/2020\/01\/IMG_2151-scaled.jpg?w=948 948w, https:\/\/i0.wp.com\/electro-strasbourg.eu\/blog\/wp-content\/uploads\/2020\/01\/IMG_2151-scaled.jpg?w=1422 1422w\" width=\"233\" height=\"175\" loading=\"lazy\" data-original-width=\"233\" data-original-height=\"175\" itemprop=\"http:\/\/schema.org\/image\" title=\"IMG_2151\" alt=\"IMG_2151\" style=\"width: 233px; height: 175px;\" \/> <\/a> <\/div> <\/div> <!-- close group --> <div class=\"gallery-group images-1\" style=\"width: 237px; height: 179px;\" data-original-width=\"237\" data-original-height=\"179\" > <div class=\"tiled-gallery-item tiled-gallery-item-small\" itemprop=\"associatedMedia\" itemscope itemtype=\"http:\/\/schema.org\/ImageObject\"> <a href=\"https:\/\/electro-strasbourg.eu\/blog\/portfolio\/conference-concert-garth-paine\/img_2152\/\" border=\"0\" itemprop=\"url\"> <meta itemprop=\"width\" content=\"233\"> <meta itemprop=\"height\" content=\"175\"> <img decoding=\"async\" class=\"\" data-attachment-id=\"3489\" data-orig-file=\"https:\/\/electro-strasbourg.eu\/blog\/wp-content\/uploads\/2020\/01\/IMG_2152-scaled.jpg\" data-orig-size=\"2560,1920\" data-comments-opened=\"\" data-image-meta=\"{&quot;aperture&quot;:&quot;1.8&quot;,&quot;credit&quot;:&quot;&quot;,&quot;camera&quot;:&quot;iPhone 8&quot;,&quot;caption&quot;:&quot;&quot;,&quot;created_timestamp&quot;:&quot;1521218058&quot;,&quot;copyright&quot;:&quot;&quot;,&quot;focal_length&quot;:&quot;3.99&quot;,&quot;iso&quot;:&quot;50&quot;,&quot;shutter_speed&quot;:&quot;0.058823529411765&quot;,&quot;title&quot;:&quot;&quot;,&quot;orientation&quot;:&quot;1&quot;}\" data-image-title=\"IMG_2152\" data-image-description=\"\" data-medium-file=\"https:\/\/i0.wp.com\/electro-strasbourg.eu\/blog\/wp-content\/uploads\/2020\/01\/IMG_2152-scaled.jpg?fit=300%2C225&#038;ssl=1\" data-large-file=\"https:\/\/i0.wp.com\/electro-strasbourg.eu\/blog\/wp-content\/uploads\/2020\/01\/IMG_2152-scaled.jpg?fit=474%2C356&#038;ssl=1\" src=\"https:\/\/i0.wp.com\/electro-strasbourg.eu\/blog\/wp-content\/uploads\/2020\/01\/IMG_2152-scaled.jpg?w=233&#038;h=175&#038;ssl=1\" srcset=\"https:\/\/i0.wp.com\/electro-strasbourg.eu\/blog\/wp-content\/uploads\/2020\/01\/IMG_2152-scaled.jpg?w=2560&amp;ssl=1 2560w, https:\/\/i0.wp.com\/electro-strasbourg.eu\/blog\/wp-content\/uploads\/2020\/01\/IMG_2152-scaled.jpg?resize=300%2C225&amp;ssl=1 300w, https:\/\/i0.wp.com\/electro-strasbourg.eu\/blog\/wp-content\/uploads\/2020\/01\/IMG_2152-scaled.jpg?resize=1024%2C768&amp;ssl=1 1024w, https:\/\/i0.wp.com\/electro-strasbourg.eu\/blog\/wp-content\/uploads\/2020\/01\/IMG_2152-scaled.jpg?resize=768%2C576&amp;ssl=1 768w, https:\/\/i0.wp.com\/electro-strasbourg.eu\/blog\/wp-content\/uploads\/2020\/01\/IMG_2152-scaled.jpg?resize=1536%2C1152&amp;ssl=1 1536w, https:\/\/i0.wp.com\/electro-strasbourg.eu\/blog\/wp-content\/uploads\/2020\/01\/IMG_2152-scaled.jpg?resize=2048%2C1536&amp;ssl=1 2048w, https:\/\/i0.wp.com\/electro-strasbourg.eu\/blog\/wp-content\/uploads\/2020\/01\/IMG_2152-scaled.jpg?w=948 948w, https:\/\/i0.wp.com\/electro-strasbourg.eu\/blog\/wp-content\/uploads\/2020\/01\/IMG_2152-scaled.jpg?w=1422 1422w\" width=\"233\" height=\"175\" loading=\"lazy\" data-original-width=\"233\" data-original-height=\"175\" itemprop=\"http:\/\/schema.org\/image\" title=\"IMG_2152\" alt=\"IMG_2152\" style=\"width: 233px; height: 175px;\" \/> <\/a> <\/div> <\/div> <!-- close group --> <\/div> <!-- close row --> <div class=\"gallery-row\" style=\"width: 474px; height: 72px;\" data-original-width=\"474\" data-original-height=\"72\" > <div class=\"gallery-group images-1\" style=\"width: 240px; height: 72px;\" data-original-width=\"240\" data-original-height=\"72\" > <div class=\"tiled-gallery-item tiled-gallery-item-small\" itemprop=\"associatedMedia\" itemscope itemtype=\"http:\/\/schema.org\/ImageObject\"> <a href=\"https:\/\/electro-strasbourg.eu\/blog\/portfolio\/conference-concert-garth-paine\/img_2153\/\" border=\"0\" itemprop=\"url\"> <meta itemprop=\"width\" content=\"236\"> <meta itemprop=\"height\" content=\"68\"> <img decoding=\"async\" class=\"\" data-attachment-id=\"3490\" data-orig-file=\"https:\/\/electro-strasbourg.eu\/blog\/wp-content\/uploads\/2020\/01\/IMG_2153-scaled.jpg\" data-orig-size=\"2560,735\" data-comments-opened=\"\" data-image-meta=\"{&quot;aperture&quot;:&quot;1.8&quot;,&quot;credit&quot;:&quot;&quot;,&quot;camera&quot;:&quot;iPhone 8&quot;,&quot;caption&quot;:&quot;&quot;,&quot;created_timestamp&quot;:&quot;1521218069&quot;,&quot;copyright&quot;:&quot;&quot;,&quot;focal_length&quot;:&quot;3.99&quot;,&quot;iso&quot;:&quot;160&quot;,&quot;shutter_speed&quot;:&quot;0.01&quot;,&quot;title&quot;:&quot;&quot;,&quot;orientation&quot;:&quot;1&quot;}\" data-image-title=\"IMG_2153\" data-image-description=\"\" data-medium-file=\"https:\/\/i0.wp.com\/electro-strasbourg.eu\/blog\/wp-content\/uploads\/2020\/01\/IMG_2153-scaled.jpg?fit=300%2C86&#038;ssl=1\" data-large-file=\"https:\/\/i0.wp.com\/electro-strasbourg.eu\/blog\/wp-content\/uploads\/2020\/01\/IMG_2153-scaled.jpg?fit=474%2C136&#038;ssl=1\" src=\"https:\/\/i0.wp.com\/electro-strasbourg.eu\/blog\/wp-content\/uploads\/2020\/01\/IMG_2153-scaled.jpg?w=236&#038;h=68&#038;ssl=1\" srcset=\"https:\/\/i0.wp.com\/electro-strasbourg.eu\/blog\/wp-content\/uploads\/2020\/01\/IMG_2153-scaled.jpg?w=2560&amp;ssl=1 2560w, https:\/\/i0.wp.com\/electro-strasbourg.eu\/blog\/wp-content\/uploads\/2020\/01\/IMG_2153-scaled.jpg?resize=300%2C86&amp;ssl=1 300w, https:\/\/i0.wp.com\/electro-strasbourg.eu\/blog\/wp-content\/uploads\/2020\/01\/IMG_2153-scaled.jpg?resize=1024%2C294&amp;ssl=1 1024w, https:\/\/i0.wp.com\/electro-strasbourg.eu\/blog\/wp-content\/uploads\/2020\/01\/IMG_2153-scaled.jpg?resize=768%2C220&amp;ssl=1 768w, https:\/\/i0.wp.com\/electro-strasbourg.eu\/blog\/wp-content\/uploads\/2020\/01\/IMG_2153-scaled.jpg?resize=1536%2C441&amp;ssl=1 1536w, https:\/\/i0.wp.com\/electro-strasbourg.eu\/blog\/wp-content\/uploads\/2020\/01\/IMG_2153-scaled.jpg?resize=2048%2C588&amp;ssl=1 2048w, https:\/\/i0.wp.com\/electro-strasbourg.eu\/blog\/wp-content\/uploads\/2020\/01\/IMG_2153-scaled.jpg?w=948 948w, https:\/\/i0.wp.com\/electro-strasbourg.eu\/blog\/wp-content\/uploads\/2020\/01\/IMG_2153-scaled.jpg?w=1422 1422w\" width=\"236\" height=\"68\" loading=\"lazy\" data-original-width=\"236\" data-original-height=\"68\" itemprop=\"http:\/\/schema.org\/image\" title=\"IMG_2153\" alt=\"IMG_2153\" style=\"width: 236px; height: 68px;\" \/> <\/a> <\/div> <\/div> <!-- close group --> <div class=\"gallery-group images-1\" style=\"width: 234px; height: 72px;\" data-original-width=\"234\" data-original-height=\"72\" > <div class=\"tiled-gallery-item tiled-gallery-item-small\" itemprop=\"associatedMedia\" itemscope itemtype=\"http:\/\/schema.org\/ImageObject\"> <a href=\"https:\/\/electro-strasbourg.eu\/blog\/portfolio\/conference-concert-garth-paine\/img_2155\/\" border=\"0\" itemprop=\"url\"> <meta itemprop=\"width\" content=\"230\"> <meta itemprop=\"height\" content=\"68\"> <img decoding=\"async\" class=\"\" data-attachment-id=\"3491\" data-orig-file=\"https:\/\/electro-strasbourg.eu\/blog\/wp-content\/uploads\/2020\/01\/IMG_2155-scaled.jpg\" data-orig-size=\"2560,757\" data-comments-opened=\"\" data-image-meta=\"{&quot;aperture&quot;:&quot;1.8&quot;,&quot;credit&quot;:&quot;&quot;,&quot;camera&quot;:&quot;iPhone 8&quot;,&quot;caption&quot;:&quot;&quot;,&quot;created_timestamp&quot;:&quot;1521218199&quot;,&quot;copyright&quot;:&quot;&quot;,&quot;focal_length&quot;:&quot;3.99&quot;,&quot;iso&quot;:&quot;125&quot;,&quot;shutter_speed&quot;:&quot;0.01&quot;,&quot;title&quot;:&quot;&quot;,&quot;orientation&quot;:&quot;1&quot;}\" data-image-title=\"IMG_2155\" data-image-description=\"\" data-medium-file=\"https:\/\/i0.wp.com\/electro-strasbourg.eu\/blog\/wp-content\/uploads\/2020\/01\/IMG_2155-scaled.jpg?fit=300%2C89&#038;ssl=1\" data-large-file=\"https:\/\/i0.wp.com\/electro-strasbourg.eu\/blog\/wp-content\/uploads\/2020\/01\/IMG_2155-scaled.jpg?fit=474%2C140&#038;ssl=1\" src=\"https:\/\/i0.wp.com\/electro-strasbourg.eu\/blog\/wp-content\/uploads\/2020\/01\/IMG_2155-scaled.jpg?w=230&#038;h=68&#038;ssl=1\" srcset=\"https:\/\/i0.wp.com\/electro-strasbourg.eu\/blog\/wp-content\/uploads\/2020\/01\/IMG_2155-scaled.jpg?w=2560&amp;ssl=1 2560w, https:\/\/i0.wp.com\/electro-strasbourg.eu\/blog\/wp-content\/uploads\/2020\/01\/IMG_2155-scaled.jpg?resize=300%2C89&amp;ssl=1 300w, https:\/\/i0.wp.com\/electro-strasbourg.eu\/blog\/wp-content\/uploads\/2020\/01\/IMG_2155-scaled.jpg?resize=1024%2C303&amp;ssl=1 1024w, https:\/\/i0.wp.com\/electro-strasbourg.eu\/blog\/wp-content\/uploads\/2020\/01\/IMG_2155-scaled.jpg?resize=768%2C227&amp;ssl=1 768w, https:\/\/i0.wp.com\/electro-strasbourg.eu\/blog\/wp-content\/uploads\/2020\/01\/IMG_2155-scaled.jpg?resize=1536%2C454&amp;ssl=1 1536w, https:\/\/i0.wp.com\/electro-strasbourg.eu\/blog\/wp-content\/uploads\/2020\/01\/IMG_2155-scaled.jpg?resize=2048%2C606&amp;ssl=1 2048w, https:\/\/i0.wp.com\/electro-strasbourg.eu\/blog\/wp-content\/uploads\/2020\/01\/IMG_2155-scaled.jpg?w=948 948w, https:\/\/i0.wp.com\/electro-strasbourg.eu\/blog\/wp-content\/uploads\/2020\/01\/IMG_2155-scaled.jpg?w=1422 1422w\" width=\"230\" height=\"68\" loading=\"lazy\" data-original-width=\"230\" data-original-height=\"68\" itemprop=\"http:\/\/schema.org\/image\" title=\"IMG_2155\" alt=\"IMG_2155\" style=\"width: 230px; height: 68px;\" \/> <\/a> <\/div> <\/div> <!-- close group --> <\/div> <!-- close row --> <\/div>\n<p>&nbsp;<\/p>\n","protected":false},"excerpt":{"rendered":"<p>Compositeur Garth Paine, de passage \u00e0 Strasbourg, a donn\u00e9 une conf\u00e9rence sur ses travaux actuels avec un mini concert au studio&#8230; 16 mars 2018 textes propos\u00e9s : Talk: Future Perfect and EcoRift are VR works by Garth Paine.\u00a0 In this talk Paine will discuss the experience of Place within VR and his development of ambisonic &hellip; <a href=\"https:\/\/electro-strasbourg.eu\/blog\/portfolio\/conference-concert-garth-paine\/\" class=\"more-link\">Continuer la lecture de <span class=\"screen-reader-text\">Conference-Concert Garth Paine<\/span>  <span class=\"meta-nav\">&rarr;<\/span><\/a><\/p>\n","protected":false},"author":1,"featured_media":3492,"comment_status":"closed","ping_status":"closed","template":"","format":"standard","meta":{"jetpack_post_was_ever_published":false,"footnotes":"","jetpack_publicize_message":"","jetpack_publicize_feature_enabled":true,"jetpack_social_post_already_shared":true,"jetpack_social_options":{"image_generator_settings":{"template":"highway","default_image_id":0,"font":"","enabled":false},"version":2}},"jetpack-portfolio-type":[152,167],"jetpack-portfolio-tag":[146,37,35],"class_list":["post-3473","jetpack-portfolio","type-jetpack-portfolio","status-publish","format-standard","has-post-thumbnail","hentry","jetpack-portfolio-type-concert","jetpack-portfolio-type-conference","jetpack-portfolio-tag-electroacoustique","jetpack-portfolio-tag-interaction","jetpack-portfolio-tag-mixte"],"jetpack_publicize_connections":[],"jetpack_sharing_enabled":true,"_links":{"self":[{"href":"https:\/\/electro-strasbourg.eu\/blog\/wp-json\/wp\/v2\/jetpack-portfolio\/3473","targetHints":{"allow":["GET"]}}],"collection":[{"href":"https:\/\/electro-strasbourg.eu\/blog\/wp-json\/wp\/v2\/jetpack-portfolio"}],"about":[{"href":"https:\/\/electro-strasbourg.eu\/blog\/wp-json\/wp\/v2\/types\/jetpack-portfolio"}],"author":[{"embeddable":true,"href":"https:\/\/electro-strasbourg.eu\/blog\/wp-json\/wp\/v2\/users\/1"}],"replies":[{"embeddable":true,"href":"https:\/\/electro-strasbourg.eu\/blog\/wp-json\/wp\/v2\/comments?post=3473"}],"version-history":[{"count":5,"href":"https:\/\/electro-strasbourg.eu\/blog\/wp-json\/wp\/v2\/jetpack-portfolio\/3473\/revisions"}],"predecessor-version":[{"id":3542,"href":"https:\/\/electro-strasbourg.eu\/blog\/wp-json\/wp\/v2\/jetpack-portfolio\/3473\/revisions\/3542"}],"wp:featuredmedia":[{"embeddable":true,"href":"https:\/\/electro-strasbourg.eu\/blog\/wp-json\/wp\/v2\/media\/3492"}],"wp:attachment":[{"href":"https:\/\/electro-strasbourg.eu\/blog\/wp-json\/wp\/v2\/media?parent=3473"}],"wp:term":[{"taxonomy":"jetpack-portfolio-type","embeddable":true,"href":"https:\/\/electro-strasbourg.eu\/blog\/wp-json\/wp\/v2\/jetpack-portfolio-type?post=3473"},{"taxonomy":"jetpack-portfolio-tag","embeddable":true,"href":"https:\/\/electro-strasbourg.eu\/blog\/wp-json\/wp\/v2\/jetpack-portfolio-tag?post=3473"}],"curies":[{"name":"wp","href":"https:\/\/api.w.org\/{rel}","templated":true}]}}